{"id":51,"date":"2025-05-07T03:04:44","date_gmt":"2025-05-07T01:04:44","guid":{"rendered":"https:\/\/www.wig-ev.de\/?page_id=51"},"modified":"2025-05-08T03:46:31","modified_gmt":"2025-05-08T01:46:31","slug":"datenschutzerklaerung","status":"publish","type":"page","link":"https:\/\/www.wig-ev.de\/?page_id=51","title":{"rendered":"Datenschutzerkl\u00e4rung"},"content":{"rendered":"\t\t<div data-elementor-type=\"wp-page\" data-elementor-id=\"51\" class=\"elementor elementor-51\" data-elementor-post-type=\"page\">\n\t\t\t\t<div class=\"elementor-element elementor-element-a788370 e-flex e-con-boxed e-con e-parent\" data-id=\"a788370\" data-element_type=\"container\" data-e-type=\"container\">\n\t\t\t\t\t<div class=\"e-con-inner\">\n\t\t<header class=\"elementor-element elementor-element-0aedc3f e-con-full e-flex e-con e-child\" data-id=\"0aedc3f\" data-element_type=\"container\" data-e-type=\"container\">\n\t\t<div class=\"elementor-element elementor-element-d8729cc e-con-full e-flex e-con e-child\" data-id=\"d8729cc\" data-element_type=\"container\" data-e-type=\"container\">\n\t\t\t\t<div class=\"elementor-element elementor-element-c5301b7 elementor-widget elementor-widget-heading\" data-id=\"c5301b7\" data-element_type=\"widget\" data-e-type=\"widget\" data-widget_type=\"heading.default\">\n\t\t\t\t<div class=\"elementor-widget-container\">\n\t\t\t\t\t<h3 class=\"elementor-heading-title elementor-size-default\">DATENSCHUTZERKL\u00c4RUNG<\/h3>\t\t\t\t<\/div>\n\t\t\t\t<\/div>\n\t\t\t\t<div class=\"elementor-element elementor-element-46ba515 elementor-widget elementor-widget-text-editor\" data-id=\"46ba515\" data-element_type=\"widget\" data-e-type=\"widget\" data-widget_type=\"text-editor.default\">\n\t\t\t\t<div class=\"elementor-widget-container\">\n\t\t\t\t\t\t\t\t\t<h3 class=\"\" data-start=\"441\" data-end=\"469\">1. Allgemeine Hinweise<\/h3><p class=\"\" data-start=\"470\" data-end=\"736\">Der Schutz Ihrer pers\u00f6nlichen Daten ist uns ein besonderes Anliegen. Wir, die <strong data-start=\"548\" data-end=\"591\">W\u00f6rrstadter Interessengemeinschaft e.V.<\/strong>, behandeln Ihre personenbezogenen Daten vertraulich und entsprechend der gesetzlichen Datenschutzvorschriften sowie dieser Datenschutzerkl\u00e4rung.<\/p><p class=\"\" data-start=\"738\" data-end=\"879\">Diese Datenschutzerkl\u00e4rung kl\u00e4rt Sie \u00fcber die Art, den Umfang und den Zweck der Verarbeitung personenbezogener Daten auf unserer Website auf.<\/p><p class=\"\" data-start=\"881\" data-end=\"1054\"><strong data-start=\"881\" data-end=\"949\">Verantwortlich f\u00fcr die Datenverarbeitung auf dieser Website ist:<\/strong><br data-start=\"949\" data-end=\"952\" \/>W\u00f6rrstadter Interessengemeinschaft e.V.<br data-start=\"991\" data-end=\"994\" \/>Am Pf\u00e4nden 1, 55286 W\u00f6rrstadt<br data-start=\"1015\" data-end=\"1018\" \/>+49 171 2661137<br data-start=\"1033\" data-end=\"1036\" \/>info@wig-ev.de<\/p><hr class=\"\" data-start=\"1056\" data-end=\"1059\" \/><h3 class=\"\" data-start=\"1061\" data-end=\"1157\">2. Erhebung und Speicherung personenbezogener Daten sowie Art und Zweck von deren Verwendung<\/h3><h4 class=\"\" data-start=\"1159\" data-end=\"1192\">a) Beim Besuch der Website<\/h4><p class=\"\" data-start=\"1193\" data-end=\"1470\">Beim Aufrufen unserer Website werden durch den auf Ihrem Endger\u00e4t zum Einsatz kommenden Browser automatisch Informationen an den Server unserer Website gesendet. Diese Informationen werden tempor\u00e4r in einem sog. Logfile gespeichert. Folgende Informationen werden dabei erfasst:<\/p><ul data-start=\"1472\" data-end=\"1712\"><li class=\"\" data-start=\"1472\" data-end=\"1511\"><p class=\"\" data-start=\"1474\" data-end=\"1511\">IP-Adresse des anfragenden Rechners<\/p><\/li><li class=\"\" data-start=\"1512\" data-end=\"1546\"><p class=\"\" data-start=\"1514\" data-end=\"1546\">Datum und Uhrzeit des Zugriffs<\/p><\/li><li class=\"\" data-start=\"1547\" data-end=\"1585\"><p class=\"\" data-start=\"1549\" data-end=\"1585\">Name und URL der abgerufenen Datei<\/p><\/li><li class=\"\" data-start=\"1586\" data-end=\"1645\"><p class=\"\" data-start=\"1588\" data-end=\"1645\">Website, von der aus der Zugriff erfolgt (Referrer-URL)<\/p><\/li><li class=\"\" data-start=\"1646\" data-end=\"1712\"><p class=\"\" data-start=\"1648\" data-end=\"1712\">Verwendeter Browser und ggf. das Betriebssystem Ihres Rechners<\/p><\/li><\/ul><p class=\"\" data-start=\"1714\" data-end=\"1938\">Diese Daten sind nicht bestimmten Personen zuordenbar. Eine Zusammenf\u00fchrung dieser Daten mit anderen Datenquellen wird nicht vorgenommen. Die Speicherung erfolgt aus Sicherheitsgr\u00fcnden, um z.\u202fB. Missbrauchsf\u00e4lle aufzukl\u00e4ren.<\/p><p class=\"\" data-start=\"1940\" data-end=\"2008\">Rechtsgrundlage: Art. 6 Abs. 1 lit. f DSGVO (berechtigtes Interesse)<\/p><hr class=\"\" data-start=\"2010\" data-end=\"2013\" \/><h4 class=\"\" data-start=\"2015\" data-end=\"2040\">b) Kontaktformular<\/h4><p class=\"\" data-start=\"2041\" data-end=\"2279\">Wenn Sie uns per Kontaktformular Anfragen zukommen lassen, werden Ihre Angaben aus dem Formular inklusive der von Ihnen dort angegebenen Kontaktdaten zwecks Bearbeitung der Anfrage und f\u00fcr den Fall von Anschlussfragen bei uns gespeichert.<\/p><p class=\"\" data-start=\"2281\" data-end=\"2328\"><strong data-start=\"2281\" data-end=\"2328\">Folgende Daten k\u00f6nnen dabei erhoben werden:<\/strong><\/p><ul data-start=\"2330\" data-end=\"2412\"><li class=\"\" data-start=\"2330\" data-end=\"2338\"><p class=\"\" data-start=\"2332\" data-end=\"2338\">Name<\/p><\/li><li class=\"\" data-start=\"2339\" data-end=\"2357\"><p class=\"\" data-start=\"2341\" data-end=\"2357\">E-Mail-Adresse<\/p><\/li><li class=\"\" data-start=\"2358\" data-end=\"2393\"><p class=\"\" data-start=\"2360\" data-end=\"2393\">Telefonnummer (falls angegeben)<\/p><\/li><li class=\"\" data-start=\"2394\" data-end=\"2412\"><p class=\"\" data-start=\"2396\" data-end=\"2412\">Ihre Nachricht<\/p><\/li><\/ul><p class=\"\" data-start=\"2414\" data-end=\"2472\">Diese Daten geben wir nicht ohne Ihre Einwilligung weiter.<\/p><p class=\"\" data-start=\"2474\" data-end=\"2576\">Rechtsgrundlage: Art. 6 Abs. 1 lit. b DSGVO (Erf\u00fcllung eines Vertrags oder vorvertraglicher Ma\u00dfnahmen)<\/p><hr class=\"\" data-start=\"2578\" data-end=\"2581\" \/><h3 class=\"\" data-start=\"2583\" data-end=\"2619\">3. Verwendung von Google Fonts<\/h3><p class=\"\" data-start=\"2620\" data-end=\"2820\">Unsere Website nutzt zur einheitlichen Darstellung von Schriftarten sogenannte <strong data-start=\"2699\" data-end=\"2715\">Google Fonts<\/strong>, die von <strong data-start=\"2725\" data-end=\"2739\">Google LLC<\/strong>, 1600 Amphitheatre Parkway, Mountain View, CA 94043, USA, bereitgestellt werden.<\/p><p class=\"\" data-start=\"2822\" data-end=\"3074\">Beim Aufruf der Seite l\u00e4dt Ihr Browser die ben\u00f6tigten Web Fonts direkt von Google, wodurch Ihre IP-Adresse an Google \u00fcbermittelt werden kann. Dabei wird Ihre IP-Adresse in der Regel an einen Server von Google in den USA \u00fcbertragen und dort gespeichert.<\/p><p class=\"\" data-start=\"3076\" data-end=\"3311\">Weitere Informationen zu Google Fonts finden Sie unter:<br data-start=\"3131\" data-end=\"3134\" \/><a class=\"\" href=\"https:\/\/fonts.google.com\/\" target=\"_new\" rel=\"noopener\" data-start=\"3134\" data-end=\"3188\">https:\/\/fonts.google.com\/<\/a><br data-start=\"3188\" data-end=\"3191\" \/>und in der Datenschutzerkl\u00e4rung von Google:<br data-start=\"3234\" data-end=\"3237\" \/><a class=\"cursor-pointer\" target=\"_new\" rel=\"noopener\" data-start=\"3237\" data-end=\"3311\">https:\/\/policies.google.com\/privacy<\/a><\/p><p class=\"\" data-start=\"3313\" data-end=\"3416\">Rechtsgrundlage: Art. 6 Abs. 1 lit. f DSGVO (berechtigtes Interesse an einer ansprechenden Darstellung)<\/p><hr class=\"\" data-start=\"3418\" data-end=\"3421\" \/><h3 class=\"\" data-start=\"3423\" data-end=\"3465\">4. Ihre Rechte als betroffene Person<\/h3><p class=\"\" data-start=\"3466\" data-end=\"3486\">Sie haben das Recht:<\/p><ul data-start=\"3488\" data-end=\"3967\"><li class=\"\" data-start=\"3488\" data-end=\"3581\"><p class=\"\" data-start=\"3490\" data-end=\"3581\">gem\u00e4\u00df Art. 15 DSGVO Auskunft \u00fcber Ihre verarbeiteten personenbezogenen Daten zu verlangen<\/p><\/li><li class=\"\" data-start=\"3582\" data-end=\"3653\"><p class=\"\" data-start=\"3584\" data-end=\"3653\">gem\u00e4\u00df Art. 16 DSGVO die Berichtigung unrichtiger Daten zu verlangen<\/p><\/li><li class=\"\" data-start=\"3654\" data-end=\"3737\"><p class=\"\" data-start=\"3656\" data-end=\"3737\">gem\u00e4\u00df Art. 17 DSGVO die L\u00f6schung Ihrer bei uns gespeicherten Daten zu verlangen<\/p><\/li><li class=\"\" data-start=\"3738\" data-end=\"3809\"><p class=\"\" data-start=\"3740\" data-end=\"3809\">gem\u00e4\u00df Art. 18 DSGVO die Einschr\u00e4nkung der Verarbeitung zu verlangen<\/p><\/li><li class=\"\" data-start=\"3810\" data-end=\"3897\"><p class=\"\" data-start=\"3812\" data-end=\"3897\">gem\u00e4\u00df Art. 20 DSGVO Ihre Daten in einem strukturierten, g\u00e4ngigen Format zu erhalten<\/p><\/li><li class=\"\" data-start=\"3898\" data-end=\"3967\"><p class=\"\" data-start=\"3900\" data-end=\"3967\">gem\u00e4\u00df Art. 77 DSGVO sich bei einer Aufsichtsbeh\u00f6rde zu beschweren<\/p><\/li><\/ul><hr class=\"\" data-start=\"3969\" data-end=\"3972\" \/><h3 class=\"\" data-start=\"3974\" data-end=\"4000\">5. Widerspruchsrecht<\/h3><p class=\"\" data-start=\"4001\" data-end=\"4199\">Sofern Ihre personenbezogenen Daten auf Grundlage von berechtigten Interessen gem\u00e4\u00df Art. 6 Abs. 1 lit. f DSGVO verarbeitet werden, haben Sie das Recht, Widerspruch gegen die Verarbeitung einzulegen.<\/p><hr class=\"\" data-start=\"4201\" data-end=\"4204\" \/><h3 class=\"\" data-start=\"4206\" data-end=\"4230\">6. Datensicherheit<\/h3><p class=\"\" data-start=\"4231\" data-end=\"4430\">Wir verwenden innerhalb des Website-Besuchs das verbreitete SSL-Verfahren (Secure Socket Layer) in Verbindung mit der jeweils h\u00f6chsten Verschl\u00fcsselungsstufe, die von Ihrem Browser unterst\u00fctzt wird.<\/p><hr class=\"\" data-start=\"4432\" data-end=\"4435\" \/><h3 class=\"\" data-start=\"4437\" data-end=\"4497\">7. Aktualit\u00e4t und \u00c4nderung dieser Datenschutzerkl\u00e4rung<\/h3><p class=\"\" data-start=\"4498\" data-end=\"4750\">Diese Datenschutzerkl\u00e4rung ist aktuell g\u00fcltig und hat den Stand <strong data-start=\"4562\" data-end=\"4574\">Mai 2025<\/strong>.<br data-start=\"4575\" data-end=\"4578\" \/>Durch die Weiterentwicklung unserer Website oder aufgrund ge\u00e4nderter gesetzlicher bzw. beh\u00f6rdlicher Vorgaben kann es notwendig werden, diese Datenschutzerkl\u00e4rung zu \u00e4ndern.<\/p>\t\t\t\t\t\t\t\t<\/div>\n\t\t\t\t<\/div>\n\t\t\t\t<\/div>\n\t\t\t\t<\/header>\n\t\t\t\t\t<\/div>\n\t\t\t\t<\/div>\n\t\t\t\t<\/div>\n\t\t","protected":false},"excerpt":{"rendered":"<p>DATENSCHUTZERKL\u00c4RUNG 1. Allgemeine Hinweise Der Schutz Ihrer pers\u00f6nlichen Daten ist uns ein besonderes Anliegen. Wir, die W\u00f6rrstadter Interessengemeinschaft e.V., behandeln Ihre personenbezogenen Daten vertraulich und entsprechend der gesetzlichen Datenschutzvorschriften sowie [&hellip;]<\/p>\n","protected":false},"author":1,"featured_media":0,"parent":0,"menu_order":0,"comment_status":"closed","ping_status":"closed","template":"","meta":{"footnotes":""},"class_list":["post-51","page","type-page","status-publish","hentry"],"yoast_head":"<!-- This site is optimized with the Yoast SEO plugin v26.1.1 - https:\/\/yoast.com\/wordpress\/plugins\/seo\/ -->\n<title>Datenschutzerkl\u00e4rung - W\u00d6RRST\u00c4DTER INTERESSENGEMEINSCHAFT EV<\/title>\n<meta name=\"robots\" content=\"index, follow, max-snippet:-1, max-image-preview:large, max-video-preview:-1\" \/>\n<link rel=\"canonical\" href=\"https:\/\/www.wig-ev.de\/?page_id=51\" \/>\n<meta property=\"og:locale\" content=\"de_DE\" \/>\n<meta property=\"og:type\" content=\"article\" \/>\n<meta property=\"og:title\" content=\"Datenschutzerkl\u00e4rung - W\u00d6RRST\u00c4DTER INTERESSENGEMEINSCHAFT EV\" \/>\n<meta property=\"og:description\" content=\"DATENSCHUTZERKL\u00c4RUNG 1. Allgemeine Hinweise Der Schutz Ihrer pers\u00f6nlichen Daten ist uns ein besonderes Anliegen. Wir, die W\u00f6rrstadter Interessengemeinschaft e.V., behandeln Ihre personenbezogenen Daten vertraulich und entsprechend der gesetzlichen Datenschutzvorschriften sowie [&hellip;]\" \/>\n<meta property=\"og:url\" content=\"https:\/\/www.wig-ev.de\/?page_id=51\" \/>\n<meta property=\"og:site_name\" content=\"W\u00d6RRST\u00c4DTER INTERESSENGEMEINSCHAFT EV\" \/>\n<meta property=\"article:publisher\" content=\"https:\/\/www.facebook.com\/profile.php?id=61557119310772\" \/>\n<meta property=\"article:modified_time\" content=\"2025-05-08T01:46:31+00:00\" \/>\n<meta property=\"og:image\" content=\"https:\/\/www.wig-ev.de\/wp-content\/uploads\/2025\/05\/header_logo.webp\" \/>\n\t<meta property=\"og:image:width\" content=\"185\" \/>\n\t<meta property=\"og:image:height\" content=\"150\" \/>\n\t<meta property=\"og:image:type\" content=\"image\/webp\" \/>\n<meta name=\"twitter:card\" content=\"summary_large_image\" \/>\n<meta name=\"twitter:label1\" content=\"Gesch\u00e4tzte Lesezeit\" \/>\n\t<meta name=\"twitter:data1\" content=\"3\u00a0Minuten\" \/>\n<script type=\"application\/ld+json\" class=\"yoast-schema-graph\">{\"@context\":\"https:\/\/schema.org\",\"@graph\":[{\"@type\":\"WebPage\",\"@id\":\"https:\/\/www.wig-ev.de\/?page_id=51\",\"url\":\"https:\/\/www.wig-ev.de\/?page_id=51\",\"name\":\"Datenschutzerkl\u00e4rung - W\u00d6RRST\u00c4DTER INTERESSENGEMEINSCHAFT EV\",\"isPartOf\":{\"@id\":\"https:\/\/www.wig-ev.de\/#website\"},\"datePublished\":\"2025-05-07T01:04:44+00:00\",\"dateModified\":\"2025-05-08T01:46:31+00:00\",\"breadcrumb\":{\"@id\":\"https:\/\/www.wig-ev.de\/?page_id=51#breadcrumb\"},\"inLanguage\":\"de\",\"potentialAction\":[{\"@type\":\"ReadAction\",\"target\":[\"https:\/\/www.wig-ev.de\/?page_id=51\"]}]},{\"@type\":\"BreadcrumbList\",\"@id\":\"https:\/\/www.wig-ev.de\/?page_id=51#breadcrumb\",\"itemListElement\":[{\"@type\":\"ListItem\",\"position\":1,\"name\":\"Startseite\",\"item\":\"https:\/\/www.wig-ev.de\/\"},{\"@type\":\"ListItem\",\"position\":2,\"name\":\"Datenschutzerkl\u00e4rung\"}]},{\"@type\":\"WebSite\",\"@id\":\"https:\/\/www.wig-ev.de\/#website\",\"url\":\"https:\/\/www.wig-ev.de\/\",\"name\":\"W\u00d6RRST\u00c4DTER INTERESSENGEMEINSCHAFT EV\",\"description\":\"Willkommen bei der W\u00f6rrst\u00e4dter Interessengemeinschaft\",\"publisher\":{\"@id\":\"https:\/\/www.wig-ev.de\/#organization\"},\"potentialAction\":[{\"@type\":\"SearchAction\",\"target\":{\"@type\":\"EntryPoint\",\"urlTemplate\":\"https:\/\/www.wig-ev.de\/?s={search_term_string}\"},\"query-input\":{\"@type\":\"PropertyValueSpecification\",\"valueRequired\":true,\"valueName\":\"search_term_string\"}}],\"inLanguage\":\"de\"},{\"@type\":\"Organization\",\"@id\":\"https:\/\/www.wig-ev.de\/#organization\",\"name\":\"W\u00d6RRST\u00c4DTER INTERESSENGEMEINSCHAFT EV\",\"url\":\"https:\/\/www.wig-ev.de\/\",\"logo\":{\"@type\":\"ImageObject\",\"inLanguage\":\"de\",\"@id\":\"https:\/\/www.wig-ev.de\/#\/schema\/logo\/image\/\",\"url\":\"https:\/\/www.wig-ev.de\/wp-content\/uploads\/2025\/05\/WIGeV-Logo-Briefkopf-Links.webp\",\"contentUrl\":\"https:\/\/www.wig-ev.de\/wp-content\/uploads\/2025\/05\/WIGeV-Logo-Briefkopf-Links.webp\",\"width\":486,\"height\":154,\"caption\":\"W\u00d6RRST\u00c4DTER INTERESSENGEMEINSCHAFT EV\"},\"image\":{\"@id\":\"https:\/\/www.wig-ev.de\/#\/schema\/logo\/image\/\"},\"sameAs\":[\"https:\/\/www.facebook.com\/profile.php?id=61557119310772\"]}]}<\/script>\n<!-- \/ Yoast SEO plugin. -->","yoast_head_json":{"title":"Datenschutzerkl\u00e4rung - W\u00d6RRST\u00c4DTER INTERESSENGEMEINSCHAFT EV","robots":{"index":"index","follow":"follow","max-snippet":"max-snippet:-1","max-image-preview":"max-image-preview:large","max-video-preview":"max-video-preview:-1"},"canonical":"https:\/\/www.wig-ev.de\/?page_id=51","og_locale":"de_DE","og_type":"article","og_title":"Datenschutzerkl\u00e4rung - W\u00d6RRST\u00c4DTER INTERESSENGEMEINSCHAFT EV","og_description":"DATENSCHUTZERKL\u00c4RUNG 1. Allgemeine Hinweise Der Schutz Ihrer pers\u00f6nlichen Daten ist uns ein besonderes Anliegen. Wir, die W\u00f6rrstadter Interessengemeinschaft e.V., behandeln Ihre personenbezogenen Daten vertraulich und entsprechend der gesetzlichen Datenschutzvorschriften sowie [&hellip;]","og_url":"https:\/\/www.wig-ev.de\/?page_id=51","og_site_name":"W\u00d6RRST\u00c4DTER INTERESSENGEMEINSCHAFT EV","article_publisher":"https:\/\/www.facebook.com\/profile.php?id=61557119310772","article_modified_time":"2025-05-08T01:46:31+00:00","og_image":[{"width":185,"height":150,"url":"https:\/\/www.wig-ev.de\/wp-content\/uploads\/2025\/05\/header_logo.webp","type":"image\/webp"}],"twitter_card":"summary_large_image","twitter_misc":{"Gesch\u00e4tzte Lesezeit":"3\u00a0Minuten"},"schema":{"@context":"https:\/\/schema.org","@graph":[{"@type":"WebPage","@id":"https:\/\/www.wig-ev.de\/?page_id=51","url":"https:\/\/www.wig-ev.de\/?page_id=51","name":"Datenschutzerkl\u00e4rung - W\u00d6RRST\u00c4DTER INTERESSENGEMEINSCHAFT EV","isPartOf":{"@id":"https:\/\/www.wig-ev.de\/#website"},"datePublished":"2025-05-07T01:04:44+00:00","dateModified":"2025-05-08T01:46:31+00:00","breadcrumb":{"@id":"https:\/\/www.wig-ev.de\/?page_id=51#breadcrumb"},"inLanguage":"de","potentialAction":[{"@type":"ReadAction","target":["https:\/\/www.wig-ev.de\/?page_id=51"]}]},{"@type":"BreadcrumbList","@id":"https:\/\/www.wig-ev.de\/?page_id=51#breadcrumb","itemListElement":[{"@type":"ListItem","position":1,"name":"Startseite","item":"https:\/\/www.wig-ev.de\/"},{"@type":"ListItem","position":2,"name":"Datenschutzerkl\u00e4rung"}]},{"@type":"WebSite","@id":"https:\/\/www.wig-ev.de\/#website","url":"https:\/\/www.wig-ev.de\/","name":"W\u00d6RRST\u00c4DTER INTERESSENGEMEINSCHAFT EV","description":"Willkommen bei der W\u00f6rrst\u00e4dter Interessengemeinschaft","publisher":{"@id":"https:\/\/www.wig-ev.de\/#organization"},"potentialAction":[{"@type":"SearchAction","target":{"@type":"EntryPoint","urlTemplate":"https:\/\/www.wig-ev.de\/?s={search_term_string}"},"query-input":{"@type":"PropertyValueSpecification","valueRequired":true,"valueName":"search_term_string"}}],"inLanguage":"de"},{"@type":"Organization","@id":"https:\/\/www.wig-ev.de\/#organization","name":"W\u00d6RRST\u00c4DTER INTERESSENGEMEINSCHAFT EV","url":"https:\/\/www.wig-ev.de\/","logo":{"@type":"ImageObject","inLanguage":"de","@id":"https:\/\/www.wig-ev.de\/#\/schema\/logo\/image\/","url":"https:\/\/www.wig-ev.de\/wp-content\/uploads\/2025\/05\/WIGeV-Logo-Briefkopf-Links.webp","contentUrl":"https:\/\/www.wig-ev.de\/wp-content\/uploads\/2025\/05\/WIGeV-Logo-Briefkopf-Links.webp","width":486,"height":154,"caption":"W\u00d6RRST\u00c4DTER INTERESSENGEMEINSCHAFT EV"},"image":{"@id":"https:\/\/www.wig-ev.de\/#\/schema\/logo\/image\/"},"sameAs":["https:\/\/www.facebook.com\/profile.php?id=61557119310772"]}]}},"_links":{"self":[{"href":"https:\/\/www.wig-ev.de\/index.php?rest_route=\/wp\/v2\/pages\/51","targetHints":{"allow":["GET"]}}],"collection":[{"href":"https:\/\/www.wig-ev.de\/index.php?rest_route=\/wp\/v2\/pages"}],"about":[{"href":"https:\/\/www.wig-ev.de\/index.php?rest_route=\/wp\/v2\/types\/page"}],"author":[{"embeddable":true,"href":"https:\/\/www.wig-ev.de\/index.php?rest_route=\/wp\/v2\/users\/1"}],"replies":[{"embeddable":true,"href":"https:\/\/www.wig-ev.de\/index.php?rest_route=%2Fwp%2Fv2%2Fcomments&post=51"}],"version-history":[{"count":10,"href":"https:\/\/www.wig-ev.de\/index.php?rest_route=\/wp\/v2\/pages\/51\/revisions"}],"predecessor-version":[{"id":171,"href":"https:\/\/www.wig-ev.de\/index.php?rest_route=\/wp\/v2\/pages\/51\/revisions\/171"}],"wp:attachment":[{"href":"https:\/\/www.wig-ev.de\/index.php?rest_route=%2Fwp%2Fv2%2Fmedia&parent=51"}],"curies":[{"name":"wp","href":"https:\/\/api.w.org\/{rel}","templated":true}]}}