{"id":42,"date":"2025-05-07T02:58:16","date_gmt":"2025-05-07T00:58:16","guid":{"rendered":"https:\/\/www.wig-ev.de\/?page_id=42"},"modified":"2025-05-25T11:56:18","modified_gmt":"2025-05-25T09:56:18","slug":"impressum","status":"publish","type":"page","link":"https:\/\/www.wig-ev.de\/?page_id=42","title":{"rendered":"Impressum"},"content":{"rendered":"\t\t<div data-elementor-type=\"wp-page\" data-elementor-id=\"42\" class=\"elementor elementor-42\" data-elementor-post-type=\"page\">\n\t\t\t\t<div class=\"elementor-element elementor-element-218a943 e-flex e-con-boxed e-con e-parent\" data-id=\"218a943\" data-element_type=\"container\" data-e-type=\"container\">\n\t\t\t\t\t<div class=\"e-con-inner\">\n\t\t\t\t<div class=\"elementor-element elementor-element-9c3f20f elementor-widget elementor-widget-heading\" data-id=\"9c3f20f\" data-element_type=\"widget\" data-e-type=\"widget\" data-widget_type=\"heading.default\">\n\t\t\t\t<div class=\"elementor-widget-container\">\n\t\t\t\t\t<h3 class=\"elementor-heading-title elementor-size-default\">IMPRESSUM<\/h3>\t\t\t\t<\/div>\n\t\t\t\t<\/div>\n\t\t\t\t<div class=\"elementor-element elementor-element-d6ad33e elementor-widget elementor-widget-text-editor\" data-id=\"d6ad33e\" data-element_type=\"widget\" data-e-type=\"widget\" data-widget_type=\"text-editor.default\">\n\t\t\t\t<div class=\"elementor-widget-container\">\n\t\t\t\t\t\t\t\t\t<section>\n<h2>W\u00f6rrst\u00e4dter Interessengemeinschaft e. V.<\/h2>\n<p>z. Hd. Sabine Stengel<br>Am Pf\u00e4dchen 1<br>55286 W\u00f6rrstadt<\/p>\n<\/section>\n<section>\n<h3>Vertreten durch den Vorstand:<\/h3>\n<p>1. Vorsitzender: Sabine Stengel<br>2. Vorsitzender: Oliver Porth<\/p>\n<\/section>\n<section>\n<h3>Kontaktinformationen<\/h3>\n<p>Telefon Sabine Stengel: +49 171 2661137<\/p>\n<p>Telefon Oliver Porth: +49 160 94651542<\/p>\n<p>E-Mail: info&nbsp;(at) wig-ev .de<br>Website: <a href=\"https:\/\/www.wig-ev.de\/\">www.wig-ev.de<\/a><\/p>\n<\/section>\n<section>\n<h3>Vereinsregister<\/h3>\n<p>Eingetragen im Vereinsregister beim Amtsgericht Mainz.<br>Registernummer: VR 42363<\/p>\n<\/section>\n<section>\n<h3>Verantwortlich f\u00fcr den Inhalt gem\u00e4\u00df \u00a7 55 Abs. 2 RStV<\/h3>\n<p>Sabine Stengel &amp; Oliver Porth<br>Am Pf\u00e4dchen 1<br>55286 W\u00f6rrstadt<br>E-Mail:&nbsp;<span style=\"text-align: var(--text-align); font-size: 1rem;\">info<\/span><span style=\"text-align: var(--text-align); font-size: 1rem;\">&nbsp;(at) wig-ev .de<\/span><\/p>\n<\/section>\n<section>\n<h3>Haftungsausschluss (Disclaimer)<\/h3>\n<h4>Haftung f\u00fcr Inhalte<\/h4>\n<p>Die Inhalte unserer Seiten wurden mit gr\u00f6\u00dfter Sorgfalt erstellt. F\u00fcr die Richtigkeit, Vollst\u00e4ndigkeit und Aktualit\u00e4t der Inhalte k\u00f6nnen wir jedoch keine Gew\u00e4hr \u00fcbernehmen. Als Diensteanbieter sind wir gem\u00e4\u00df \u00a7 7 Abs.1 TMG f\u00fcr eigene Inhalte auf diesen Seiten nach den allgemeinen Gesetzen verantwortlich. Nach \u00a7\u00a7 8 bis 10 TMG sind wir als Diensteanbieter jedoch nicht verpflichtet, \u00fcbermittelte oder gespeicherte fremde Informationen zu \u00fcberwachen oder nach Umst\u00e4nden zu forschen, die auf eine rechtswidrige T\u00e4tigkeit hinweisen.<\/p>\n<h4>Haftung f\u00fcr Links<\/h4>\n<p>Unser Angebot enth\u00e4lt Links zu externen Websites Dritter, auf deren Inhalte wir keinen Einfluss haben. Deshalb k\u00f6nnen wir f\u00fcr diese fremden Inhalte auch keine Gew\u00e4hr \u00fcbernehmen. F\u00fcr die Inhalte der verlinkten Seiten ist stets der jeweilige Anbieter oder Betreiber der Seiten verantwortlich.<\/p>\n<\/section>\n<section>\n<h3>Datenschutzerkl\u00e4rung<\/h3>\n<p>Der Schutz Ihrer pers\u00f6nlichen Daten ist uns wichtig. In unserer <a href=\"https:\/\/www.wig-ev.de\/?page_id=51\">Datenschutzerkl\u00e4rung<\/a> finden Sie detaillierte Informationen dazu, welche Daten wir erheben und wie wir sie verwenden.<\/p>\n<h4>Verantwortlicher f\u00fcr den Datenschutz<\/h4>\n<p>Sabine Stengel &amp; Oliver Porth<br>Am Pf\u00e4dchen 1<\/p><p>55286 W\u00f6rrstadt<br>E-Mail: i<span style=\"text-align: var(--text-align); font-size: 1rem;\">nfo<\/span><span style=\"text-align: var(--text-align); font-size: 1rem;\">&nbsp;(at) wig-ev .de<\/span><\/p>\n<\/section>\t\t\t\t\t\t\t\t<\/div>\n\t\t\t\t<\/div>\n\t\t\t\t\t<\/div>\n\t\t\t\t<\/div>\n\t\t\t\t<\/div>\n\t\t","protected":false},"excerpt":{"rendered":"<p>IMPRESSUM W\u00f6rrst\u00e4dter Interessengemeinschaft e. V. z. Hd. Sabine StengelAm Pf\u00e4dchen 155286 W\u00f6rrstadt Vertreten durch den Vorstand: 1. Vorsitzender: Sabine Stengel2. Vorsitzender: Oliver Porth Kontaktinformationen Telefon Sabine Stengel: +49 171 2661137 [&hellip;]<\/p>\n","protected":false},"author":1,"featured_media":0,"parent":0,"menu_order":0,"comment_status":"closed","ping_status":"closed","template":"","meta":{"footnotes":""},"class_list":["post-42","page","type-page","status-publish","hentry"],"yoast_head":"<!-- This site is optimized with the Yoast SEO plugin v26.1.1 - https:\/\/yoast.com\/wordpress\/plugins\/seo\/ -->\n<title>Impressum - W\u00d6RRST\u00c4DTER INTERESSENGEMEINSCHAFT EV<\/title>\n<meta name=\"robots\" content=\"index, follow, max-snippet:-1, max-image-preview:large, max-video-preview:-1\" \/>\n<link rel=\"canonical\" href=\"https:\/\/www.wig-ev.de\/?page_id=42\" \/>\n<meta property=\"og:locale\" content=\"de_DE\" \/>\n<meta property=\"og:type\" content=\"article\" \/>\n<meta property=\"og:title\" content=\"Impressum - W\u00d6RRST\u00c4DTER INTERESSENGEMEINSCHAFT EV\" \/>\n<meta property=\"og:description\" content=\"IMPRESSUM W\u00f6rrst\u00e4dter Interessengemeinschaft e. V. z. Hd. Sabine StengelAm Pf\u00e4dchen 155286 W\u00f6rrstadt Vertreten durch den Vorstand: 1. Vorsitzender: Sabine Stengel2. Vorsitzender: Oliver Porth Kontaktinformationen Telefon Sabine Stengel: +49 171 2661137 [&hellip;]\" \/>\n<meta property=\"og:url\" content=\"https:\/\/www.wig-ev.de\/?page_id=42\" \/>\n<meta property=\"og:site_name\" content=\"W\u00d6RRST\u00c4DTER INTERESSENGEMEINSCHAFT EV\" \/>\n<meta property=\"article:publisher\" content=\"https:\/\/www.facebook.com\/profile.php?id=61557119310772\" \/>\n<meta property=\"article:modified_time\" content=\"2025-05-25T09:56:18+00:00\" \/>\n<meta property=\"og:image\" content=\"https:\/\/www.wig-ev.de\/wp-content\/uploads\/2025\/05\/header_logo.webp\" \/>\n\t<meta property=\"og:image:width\" content=\"185\" \/>\n\t<meta property=\"og:image:height\" content=\"150\" \/>\n\t<meta property=\"og:image:type\" content=\"image\/webp\" \/>\n<meta name=\"twitter:card\" content=\"summary_large_image\" \/>\n<meta name=\"twitter:label1\" content=\"Gesch\u00e4tzte Lesezeit\" \/>\n\t<meta name=\"twitter:data1\" content=\"1\u00a0Minute\" \/>\n<script type=\"application\/ld+json\" class=\"yoast-schema-graph\">{\"@context\":\"https:\/\/schema.org\",\"@graph\":[{\"@type\":\"WebPage\",\"@id\":\"https:\/\/www.wig-ev.de\/?page_id=42\",\"url\":\"https:\/\/www.wig-ev.de\/?page_id=42\",\"name\":\"Impressum - W\u00d6RRST\u00c4DTER INTERESSENGEMEINSCHAFT EV\",\"isPartOf\":{\"@id\":\"https:\/\/www.wig-ev.de\/#website\"},\"datePublished\":\"2025-05-07T00:58:16+00:00\",\"dateModified\":\"2025-05-25T09:56:18+00:00\",\"breadcrumb\":{\"@id\":\"https:\/\/www.wig-ev.de\/?page_id=42#breadcrumb\"},\"inLanguage\":\"de\",\"potentialAction\":[{\"@type\":\"ReadAction\",\"target\":[\"https:\/\/www.wig-ev.de\/?page_id=42\"]}]},{\"@type\":\"BreadcrumbList\",\"@id\":\"https:\/\/www.wig-ev.de\/?page_id=42#breadcrumb\",\"itemListElement\":[{\"@type\":\"ListItem\",\"position\":1,\"name\":\"Startseite\",\"item\":\"https:\/\/www.wig-ev.de\/\"},{\"@type\":\"ListItem\",\"position\":2,\"name\":\"Impressum\"}]},{\"@type\":\"WebSite\",\"@id\":\"https:\/\/www.wig-ev.de\/#website\",\"url\":\"https:\/\/www.wig-ev.de\/\",\"name\":\"W\u00d6RRST\u00c4DTER INTERESSENGEMEINSCHAFT EV\",\"description\":\"Willkommen bei der W\u00f6rrst\u00e4dter Interessengemeinschaft\",\"publisher\":{\"@id\":\"https:\/\/www.wig-ev.de\/#organization\"},\"potentialAction\":[{\"@type\":\"SearchAction\",\"target\":{\"@type\":\"EntryPoint\",\"urlTemplate\":\"https:\/\/www.wig-ev.de\/?s={search_term_string}\"},\"query-input\":{\"@type\":\"PropertyValueSpecification\",\"valueRequired\":true,\"valueName\":\"search_term_string\"}}],\"inLanguage\":\"de\"},{\"@type\":\"Organization\",\"@id\":\"https:\/\/www.wig-ev.de\/#organization\",\"name\":\"W\u00d6RRST\u00c4DTER INTERESSENGEMEINSCHAFT EV\",\"url\":\"https:\/\/www.wig-ev.de\/\",\"logo\":{\"@type\":\"ImageObject\",\"inLanguage\":\"de\",\"@id\":\"https:\/\/www.wig-ev.de\/#\/schema\/logo\/image\/\",\"url\":\"https:\/\/www.wig-ev.de\/wp-content\/uploads\/2025\/05\/WIGeV-Logo-Briefkopf-Links.webp\",\"contentUrl\":\"https:\/\/www.wig-ev.de\/wp-content\/uploads\/2025\/05\/WIGeV-Logo-Briefkopf-Links.webp\",\"width\":486,\"height\":154,\"caption\":\"W\u00d6RRST\u00c4DTER INTERESSENGEMEINSCHAFT EV\"},\"image\":{\"@id\":\"https:\/\/www.wig-ev.de\/#\/schema\/logo\/image\/\"},\"sameAs\":[\"https:\/\/www.facebook.com\/profile.php?id=61557119310772\"]}]}<\/script>\n<!-- \/ Yoast SEO plugin. -->","yoast_head_json":{"title":"Impressum - W\u00d6RRST\u00c4DTER INTERESSENGEMEINSCHAFT EV","robots":{"index":"index","follow":"follow","max-snippet":"max-snippet:-1","max-image-preview":"max-image-preview:large","max-video-preview":"max-video-preview:-1"},"canonical":"https:\/\/www.wig-ev.de\/?page_id=42","og_locale":"de_DE","og_type":"article","og_title":"Impressum - W\u00d6RRST\u00c4DTER INTERESSENGEMEINSCHAFT EV","og_description":"IMPRESSUM W\u00f6rrst\u00e4dter Interessengemeinschaft e. V. z. Hd. Sabine StengelAm Pf\u00e4dchen 155286 W\u00f6rrstadt Vertreten durch den Vorstand: 1. Vorsitzender: Sabine Stengel2. Vorsitzender: Oliver Porth Kontaktinformationen Telefon Sabine Stengel: +49 171 2661137 [&hellip;]","og_url":"https:\/\/www.wig-ev.de\/?page_id=42","og_site_name":"W\u00d6RRST\u00c4DTER INTERESSENGEMEINSCHAFT EV","article_publisher":"https:\/\/www.facebook.com\/profile.php?id=61557119310772","article_modified_time":"2025-05-25T09:56:18+00:00","og_image":[{"width":185,"height":150,"url":"https:\/\/www.wig-ev.de\/wp-content\/uploads\/2025\/05\/header_logo.webp","type":"image\/webp"}],"twitter_card":"summary_large_image","twitter_misc":{"Gesch\u00e4tzte Lesezeit":"1\u00a0Minute"},"schema":{"@context":"https:\/\/schema.org","@graph":[{"@type":"WebPage","@id":"https:\/\/www.wig-ev.de\/?page_id=42","url":"https:\/\/www.wig-ev.de\/?page_id=42","name":"Impressum - W\u00d6RRST\u00c4DTER INTERESSENGEMEINSCHAFT EV","isPartOf":{"@id":"https:\/\/www.wig-ev.de\/#website"},"datePublished":"2025-05-07T00:58:16+00:00","dateModified":"2025-05-25T09:56:18+00:00","breadcrumb":{"@id":"https:\/\/www.wig-ev.de\/?page_id=42#breadcrumb"},"inLanguage":"de","potentialAction":[{"@type":"ReadAction","target":["https:\/\/www.wig-ev.de\/?page_id=42"]}]},{"@type":"BreadcrumbList","@id":"https:\/\/www.wig-ev.de\/?page_id=42#breadcrumb","itemListElement":[{"@type":"ListItem","position":1,"name":"Startseite","item":"https:\/\/www.wig-ev.de\/"},{"@type":"ListItem","position":2,"name":"Impressum"}]},{"@type":"WebSite","@id":"https:\/\/www.wig-ev.de\/#website","url":"https:\/\/www.wig-ev.de\/","name":"W\u00d6RRST\u00c4DTER INTERESSENGEMEINSCHAFT EV","description":"Willkommen bei der W\u00f6rrst\u00e4dter Interessengemeinschaft","publisher":{"@id":"https:\/\/www.wig-ev.de\/#organization"},"potentialAction":[{"@type":"SearchAction","target":{"@type":"EntryPoint","urlTemplate":"https:\/\/www.wig-ev.de\/?s={search_term_string}"},"query-input":{"@type":"PropertyValueSpecification","valueRequired":true,"valueName":"search_term_string"}}],"inLanguage":"de"},{"@type":"Organization","@id":"https:\/\/www.wig-ev.de\/#organization","name":"W\u00d6RRST\u00c4DTER INTERESSENGEMEINSCHAFT EV","url":"https:\/\/www.wig-ev.de\/","logo":{"@type":"ImageObject","inLanguage":"de","@id":"https:\/\/www.wig-ev.de\/#\/schema\/logo\/image\/","url":"https:\/\/www.wig-ev.de\/wp-content\/uploads\/2025\/05\/WIGeV-Logo-Briefkopf-Links.webp","contentUrl":"https:\/\/www.wig-ev.de\/wp-content\/uploads\/2025\/05\/WIGeV-Logo-Briefkopf-Links.webp","width":486,"height":154,"caption":"W\u00d6RRST\u00c4DTER INTERESSENGEMEINSCHAFT EV"},"image":{"@id":"https:\/\/www.wig-ev.de\/#\/schema\/logo\/image\/"},"sameAs":["https:\/\/www.facebook.com\/profile.php?id=61557119310772"]}]}},"_links":{"self":[{"href":"https:\/\/www.wig-ev.de\/index.php?rest_route=\/wp\/v2\/pages\/42","targetHints":{"allow":["GET"]}}],"collection":[{"href":"https:\/\/www.wig-ev.de\/index.php?rest_route=\/wp\/v2\/pages"}],"about":[{"href":"https:\/\/www.wig-ev.de\/index.php?rest_route=\/wp\/v2\/types\/page"}],"author":[{"embeddable":true,"href":"https:\/\/www.wig-ev.de\/index.php?rest_route=\/wp\/v2\/users\/1"}],"replies":[{"embeddable":true,"href":"https:\/\/www.wig-ev.de\/index.php?rest_route=%2Fwp%2Fv2%2Fcomments&post=42"}],"version-history":[{"count":16,"href":"https:\/\/www.wig-ev.de\/index.php?rest_route=\/wp\/v2\/pages\/42\/revisions"}],"predecessor-version":[{"id":215,"href":"https:\/\/www.wig-ev.de\/index.php?rest_route=\/wp\/v2\/pages\/42\/revisions\/215"}],"wp:attachment":[{"href":"https:\/\/www.wig-ev.de\/index.php?rest_route=%2Fwp%2Fv2%2Fmedia&parent=42"}],"curies":[{"name":"wp","href":"https:\/\/api.w.org\/{rel}","templated":true}]}}