{"id":34,"date":"2025-05-07T02:57:27","date_gmt":"2025-05-07T00:57:27","guid":{"rendered":"https:\/\/www.wig-ev.de\/?page_id=34"},"modified":"2025-05-25T12:18:27","modified_gmt":"2025-05-25T10:18:27","slug":"mitgliedschaft","status":"publish","type":"page","link":"https:\/\/www.wig-ev.de\/?page_id=34","title":{"rendered":"Mitgliedschaft"},"content":{"rendered":"\t\t<div data-elementor-type=\"wp-page\" data-elementor-id=\"34\" class=\"elementor elementor-34\" data-elementor-post-type=\"page\">\n\t\t\t\t<header class=\"elementor-element elementor-element-8079af0 e-flex e-con-boxed e-con e-parent\" data-id=\"8079af0\" data-element_type=\"container\" data-e-type=\"container\">\n\t\t\t\t\t<div class=\"e-con-inner\">\n\t\t<div class=\"elementor-element elementor-element-36e646d e-con-full e-flex e-con e-child\" data-id=\"36e646d\" data-element_type=\"container\" data-e-type=\"container\">\n\t\t\t\t<div class=\"elementor-element elementor-element-2fb64d1 elementor-widget elementor-widget-heading\" data-id=\"2fb64d1\" data-element_type=\"widget\" data-e-type=\"widget\" data-widget_type=\"heading.default\">\n\t\t\t\t<div class=\"elementor-widget-container\">\n\t\t\t\t\t<h3 class=\"elementor-heading-title elementor-size-default\">MITGLIEDSCHAFT<\/h3>\t\t\t\t<\/div>\n\t\t\t\t<\/div>\n\t\t\t\t<\/div>\n\t\t\t\t\t<\/div>\n\t\t\t\t<\/header>\n\t\t<div class=\"elementor-element elementor-element-3b9f02c e-flex e-con-boxed e-con e-parent\" data-id=\"3b9f02c\" data-element_type=\"container\" data-e-type=\"container\" data-settings=\"{&quot;background_background&quot;:&quot;classic&quot;}\">\n\t\t\t\t\t<div class=\"e-con-inner\">\n\t\t\t\t<div class=\"elementor-element elementor-element-ecf6a4e elementor-widget elementor-widget-heading\" data-id=\"ecf6a4e\" data-element_type=\"widget\" data-e-type=\"widget\" data-widget_type=\"heading.default\">\n\t\t\t\t<div class=\"elementor-widget-container\">\n\t\t\t\t\t<h2 class=\"elementor-heading-title elementor-size-default\">WIG - W\u00f6rrst\u00e4dter Interessengemeinschaft e.V.<\/h2>\t\t\t\t<\/div>\n\t\t\t\t<\/div>\n\t\t\t\t<div class=\"elementor-element elementor-element-d788003 elementor-widget elementor-widget-text-editor\" data-id=\"d788003\" data-element_type=\"widget\" data-e-type=\"widget\" data-widget_type=\"text-editor.default\">\n\t\t\t\t<div class=\"elementor-widget-container\">\n\t\t\t\t\t\t\t\t\t<p style=\"text-align: center;\"><em>Sehr geehrte B\u00fcrgerinnen und B\u00fcrger der Stadt W\u00f6rrstadt!<\/em><\/p>\t\t\t\t\t\t\t\t<\/div>\n\t\t\t\t<\/div>\n\t\t\t\t<div class=\"elementor-element elementor-element-9a9addd elementor-widget elementor-widget-heading\" data-id=\"9a9addd\" data-element_type=\"widget\" data-e-type=\"widget\" data-widget_type=\"heading.default\">\n\t\t\t\t<div class=\"elementor-widget-container\">\n\t\t\t\t\t<h2 class=\"elementor-heading-title elementor-size-default\">Wer oder was ist die W\u00f6rrst\u00e4dter Interessengemeinschaft e.V.?\n<\/h2>\t\t\t\t<\/div>\n\t\t\t\t<\/div>\n\t\t\t\t<div class=\"elementor-element elementor-element-d0cc5c1 elementor-widget elementor-widget-text-editor\" data-id=\"d0cc5c1\" data-element_type=\"widget\" data-e-type=\"widget\" data-widget_type=\"text-editor.default\">\n\t\t\t\t<div class=\"elementor-widget-container\">\n\t\t\t\t\t\t\t\t\t<p>Unsere Gemeinschaft setzt sich aus verschiedenen Personen zusammen, die alle ein gemeinsames Ziel verfolgen: die unpolitische F\u00f6rderung und Entwicklung unserer Stadt. Wir engagieren uns in vielen Bereichen, um das Leben in W\u00f6rrstadt noch lebenswerter zu machen. Soziale Projekte, Bildungsinitiativen oder kulturelle Veranstaltungen und Initiativen um das kulturelle Angebot in W\u00f6rrstadt wieder vielf\u00e4ltiger zu gestalten. Auch die F\u00f6rderung des ehrenamtlichen Engagements sowie Feste und Brauchtum werden bei uns gro\u00df geschrieben!<\/p>\t\t\t\t\t\t\t\t<\/div>\n\t\t\t\t<\/div>\n\t\t\t\t<div class=\"elementor-element elementor-element-e6aa1e4 elementor-widget elementor-widget-heading\" data-id=\"e6aa1e4\" data-element_type=\"widget\" data-e-type=\"widget\" data-widget_type=\"heading.default\">\n\t\t\t\t<div class=\"elementor-widget-container\">\n\t\t\t\t\t<h2 class=\"elementor-heading-title elementor-size-default\">Engagement und Mitwirkung\n<\/h2>\t\t\t\t<\/div>\n\t\t\t\t<\/div>\n\t\t\t\t<div class=\"elementor-element elementor-element-c43b52e elementor-widget elementor-widget-text-editor\" data-id=\"c43b52e\" data-element_type=\"widget\" data-e-type=\"widget\" data-widget_type=\"text-editor.default\">\n\t\t\t\t<div class=\"elementor-widget-container\">\n\t\t\t\t\t\t\t\t\t<p>Wir m\u00f6chten die B\u00fcrger und B\u00fcrgerinnen dazu ermutigen, sich aktiv in unserer Gemeinschaft einzubringen und gemeinsam Projekte umzusetzen, die das Zusammenleben in W\u00f6rrstadt bereichern. Wir laden Sie herzlich ein, sich aktiv an unserer Gemeinschaft zu beteiligen. Wenn Sie Ideen oder Anregungen haben, wie wir W\u00f6rrstadt noch besser gestalten k\u00f6nnen, freuen wir uns \u00fcber Ihre Mitwirkung. GEMEINSAM k\u00f6nnen wir viel bewegen und das Beste f\u00fcr unsere Stadt erreichen.<\/p>\t\t\t\t\t\t\t\t<\/div>\n\t\t\t\t<\/div>\n\t\t\t\t<div class=\"elementor-element elementor-element-f6e9ff8 elementor-widget elementor-widget-heading\" data-id=\"f6e9ff8\" data-element_type=\"widget\" data-e-type=\"widget\" data-widget_type=\"heading.default\">\n\t\t\t\t<div class=\"elementor-widget-container\">\n\t\t\t\t\t<h2 class=\"elementor-heading-title elementor-size-default\">WIG - Monday!!!<\/h2>\t\t\t\t<\/div>\n\t\t\t\t<\/div>\n\t\t\t\t<div class=\"elementor-element elementor-element-6ce3f28 elementor-widget elementor-widget-text-editor\" data-id=\"6ce3f28\" data-element_type=\"widget\" data-e-type=\"widget\" data-widget_type=\"text-editor.default\">\n\t\t\t\t<div class=\"elementor-widget-container\">\n\t\t\t\t\t\t\t\t\t<p>Wir m\u00f6chten Sie herzlich zum monatlichen Treffen einladen! Wir haben den &#8222;WIG Monday&#8220; ins Leben gerufen, um uns regelm\u00e4\u00dfig zusammenzusetzen, Projekte zu planen und zu realisieren. Der &#8222;WIG Monday&#8220; findet jeden ersten Montag im Monat statt und bietet die M\u00f6glichkeit, sich mit anderen Mitgliedern auszutauschen, neue Ideen zu besprechen und gemeinsame Vorhaben voranzutreiben. Wir m\u00f6chten eine Plattform schaffen, auf der wir uns gegenseitig unterst\u00fctzen und voneinander lernen k\u00f6nnen.<\/p>\t\t\t\t\t\t\t\t<\/div>\n\t\t\t\t<\/div>\n\t\t\t\t<div class=\"elementor-element elementor-element-f5bbe27 elementor-widget elementor-widget-heading\" data-id=\"f5bbe27\" data-element_type=\"widget\" data-e-type=\"widget\" data-widget_type=\"heading.default\">\n\t\t\t\t<div class=\"elementor-widget-container\">\n\t\t\t\t\t<h2 class=\"elementor-heading-title elementor-size-default\">Mitgliedschaft und n\u00e4chste Treffen<\/h2>\t\t\t\t<\/div>\n\t\t\t\t<\/div>\n\t\t\t\t<div class=\"elementor-element elementor-element-bf5253f elementor-widget elementor-widget-text-editor\" data-id=\"bf5253f\" data-element_type=\"widget\" data-e-type=\"widget\" data-widget_type=\"text-editor.default\">\n\t\t\t\t<div class=\"elementor-widget-container\">\n\t\t\t\t\t\t\t\t\t<p>Als Mitglied haben Sie die M\u00f6glichkeit, Ihre eigenen Projektideen vorzustellen und Mitstreiter zu finden, die gemeinsam mit Ihnen an der Umsetzung arbeiten m\u00f6chten. Wir glauben fest daran, dass gemeinsames Engagement und Zusammenarbeit der Schl\u00fcssel zum Erfolg sind.<\/p>\t\t\t\t\t\t\t\t<\/div>\n\t\t\t\t<\/div>\n\t\t\t\t<div class=\"elementor-element elementor-element-97215f9 elementor-button-success elementor-widget elementor-widget-button\" data-id=\"97215f9\" data-element_type=\"widget\" data-e-type=\"widget\" data-widget_type=\"button.default\">\n\t\t\t\t<div class=\"elementor-widget-container\">\n\t\t\t\t\t\t\t\t\t<div class=\"elementor-button-wrapper\">\n\t\t\t\t\t<a class=\"elementor-button elementor-button-link elementor-size-sm elementor-animation-pulse\" href=\"https:\/\/www.wig-ev.de\/wp-content\/uploads\/2025\/05\/wig_beitrittserklaerung.pdf\">\n\t\t\t\t\t\t<span class=\"elementor-button-content-wrapper\">\n\t\t\t\t\t\t<span class=\"elementor-button-icon\">\n\t\t\t\t<svg aria-hidden=\"true\" class=\"e-font-icon-svg e-fas-arrow-alt-circle-down\" viewBox=\"0 0 512 512\" xmlns=\"http:\/\/www.w3.org\/2000\/svg\"><path d=\"M504 256c0 137-111 248-248 248S8 393 8 256 119 8 256 8s248 111 248 248zM212 140v116h-70.9c-10.7 0-16.1 13-8.5 20.5l114.9 114.3c4.7 4.7 12.2 4.7 16.9 0l114.9-114.3c7.6-7.6 2.2-20.5-8.5-20.5H300V140c0-6.6-5.4-12-12-12h-64c-6.6 0-12 5.4-12 12z\"><\/path><\/svg>\t\t\t<\/span>\n\t\t\t\t\t\t\t\t\t<span class=\"elementor-button-text\">BEITRITTSERKL\u00c4RUNG DOWNLOADEN<\/span>\n\t\t\t\t\t<\/span>\n\t\t\t\t\t<\/a>\n\t\t\t\t<\/div>\n\t\t\t\t\t\t\t\t<\/div>\n\t\t\t\t<\/div>\n\t\t\t\t\t<\/div>\n\t\t\t\t<\/div>\n\t\t\t\t<\/div>\n\t\t","protected":false},"excerpt":{"rendered":"<p>MITGLIEDSCHAFT WIG &#8211; W\u00f6rrst\u00e4dter Interessengemeinschaft e.V. Sehr geehrte B\u00fcrgerinnen und B\u00fcrger der Stadt W\u00f6rrstadt! Wer oder was ist die W\u00f6rrst\u00e4dter Interessengemeinschaft e.V.? Unsere Gemeinschaft setzt sich aus verschiedenen Personen zusammen, [&hellip;]<\/p>\n","protected":false},"author":1,"featured_media":0,"parent":0,"menu_order":0,"comment_status":"closed","ping_status":"closed","template":"","meta":{"footnotes":""},"class_list":["post-34","page","type-page","status-publish","hentry"],"yoast_head":"<!-- This site is optimized with the Yoast SEO plugin v26.1.1 - https:\/\/yoast.com\/wordpress\/plugins\/seo\/ -->\n<title>Mitgliedschaft - W\u00d6RRST\u00c4DTER INTERESSENGEMEINSCHAFT EV<\/title>\n<meta name=\"robots\" content=\"index, follow, max-snippet:-1, max-image-preview:large, max-video-preview:-1\" \/>\n<link rel=\"canonical\" href=\"https:\/\/www.wig-ev.de\/?page_id=34\" \/>\n<meta property=\"og:locale\" content=\"de_DE\" \/>\n<meta property=\"og:type\" content=\"article\" \/>\n<meta property=\"og:title\" content=\"Mitgliedschaft - W\u00d6RRST\u00c4DTER INTERESSENGEMEINSCHAFT EV\" \/>\n<meta property=\"og:description\" content=\"MITGLIEDSCHAFT WIG &#8211; W\u00f6rrst\u00e4dter Interessengemeinschaft e.V. Sehr geehrte B\u00fcrgerinnen und B\u00fcrger der Stadt W\u00f6rrstadt! Wer oder was ist die W\u00f6rrst\u00e4dter Interessengemeinschaft e.V.? Unsere Gemeinschaft setzt sich aus verschiedenen Personen zusammen, [&hellip;]\" \/>\n<meta property=\"og:url\" content=\"https:\/\/www.wig-ev.de\/?page_id=34\" \/>\n<meta property=\"og:site_name\" content=\"W\u00d6RRST\u00c4DTER INTERESSENGEMEINSCHAFT EV\" \/>\n<meta property=\"article:publisher\" content=\"https:\/\/www.facebook.com\/profile.php?id=61557119310772\" \/>\n<meta property=\"article:modified_time\" content=\"2025-05-25T10:18:27+00:00\" \/>\n<meta property=\"og:image\" content=\"https:\/\/www.wig-ev.de\/wp-content\/uploads\/2025\/05\/header_logo.webp\" \/>\n\t<meta property=\"og:image:width\" content=\"185\" \/>\n\t<meta property=\"og:image:height\" content=\"150\" \/>\n\t<meta property=\"og:image:type\" content=\"image\/webp\" \/>\n<meta name=\"twitter:card\" content=\"summary_large_image\" \/>\n<meta name=\"twitter:label1\" content=\"Gesch\u00e4tzte Lesezeit\" \/>\n\t<meta name=\"twitter:data1\" content=\"2\u00a0Minuten\" \/>\n<script type=\"application\/ld+json\" class=\"yoast-schema-graph\">{\"@context\":\"https:\/\/schema.org\",\"@graph\":[{\"@type\":\"WebPage\",\"@id\":\"https:\/\/www.wig-ev.de\/?page_id=34\",\"url\":\"https:\/\/www.wig-ev.de\/?page_id=34\",\"name\":\"Mitgliedschaft - W\u00d6RRST\u00c4DTER INTERESSENGEMEINSCHAFT EV\",\"isPartOf\":{\"@id\":\"https:\/\/www.wig-ev.de\/#website\"},\"datePublished\":\"2025-05-07T00:57:27+00:00\",\"dateModified\":\"2025-05-25T10:18:27+00:00\",\"breadcrumb\":{\"@id\":\"https:\/\/www.wig-ev.de\/?page_id=34#breadcrumb\"},\"inLanguage\":\"de\",\"potentialAction\":[{\"@type\":\"ReadAction\",\"target\":[\"https:\/\/www.wig-ev.de\/?page_id=34\"]}]},{\"@type\":\"BreadcrumbList\",\"@id\":\"https:\/\/www.wig-ev.de\/?page_id=34#breadcrumb\",\"itemListElement\":[{\"@type\":\"ListItem\",\"position\":1,\"name\":\"Startseite\",\"item\":\"https:\/\/www.wig-ev.de\/\"},{\"@type\":\"ListItem\",\"position\":2,\"name\":\"Mitgliedschaft\"}]},{\"@type\":\"WebSite\",\"@id\":\"https:\/\/www.wig-ev.de\/#website\",\"url\":\"https:\/\/www.wig-ev.de\/\",\"name\":\"W\u00d6RRST\u00c4DTER INTERESSENGEMEINSCHAFT EV\",\"description\":\"Willkommen bei der W\u00f6rrst\u00e4dter Interessengemeinschaft\",\"publisher\":{\"@id\":\"https:\/\/www.wig-ev.de\/#organization\"},\"potentialAction\":[{\"@type\":\"SearchAction\",\"target\":{\"@type\":\"EntryPoint\",\"urlTemplate\":\"https:\/\/www.wig-ev.de\/?s={search_term_string}\"},\"query-input\":{\"@type\":\"PropertyValueSpecification\",\"valueRequired\":true,\"valueName\":\"search_term_string\"}}],\"inLanguage\":\"de\"},{\"@type\":\"Organization\",\"@id\":\"https:\/\/www.wig-ev.de\/#organization\",\"name\":\"W\u00d6RRST\u00c4DTER INTERESSENGEMEINSCHAFT EV\",\"url\":\"https:\/\/www.wig-ev.de\/\",\"logo\":{\"@type\":\"ImageObject\",\"inLanguage\":\"de\",\"@id\":\"https:\/\/www.wig-ev.de\/#\/schema\/logo\/image\/\",\"url\":\"https:\/\/www.wig-ev.de\/wp-content\/uploads\/2025\/05\/WIGeV-Logo-Briefkopf-Links.webp\",\"contentUrl\":\"https:\/\/www.wig-ev.de\/wp-content\/uploads\/2025\/05\/WIGeV-Logo-Briefkopf-Links.webp\",\"width\":486,\"height\":154,\"caption\":\"W\u00d6RRST\u00c4DTER INTERESSENGEMEINSCHAFT EV\"},\"image\":{\"@id\":\"https:\/\/www.wig-ev.de\/#\/schema\/logo\/image\/\"},\"sameAs\":[\"https:\/\/www.facebook.com\/profile.php?id=61557119310772\"]}]}<\/script>\n<!-- \/ Yoast SEO plugin. -->","yoast_head_json":{"title":"Mitgliedschaft - W\u00d6RRST\u00c4DTER INTERESSENGEMEINSCHAFT EV","robots":{"index":"index","follow":"follow","max-snippet":"max-snippet:-1","max-image-preview":"max-image-preview:large","max-video-preview":"max-video-preview:-1"},"canonical":"https:\/\/www.wig-ev.de\/?page_id=34","og_locale":"de_DE","og_type":"article","og_title":"Mitgliedschaft - W\u00d6RRST\u00c4DTER INTERESSENGEMEINSCHAFT EV","og_description":"MITGLIEDSCHAFT WIG &#8211; W\u00f6rrst\u00e4dter Interessengemeinschaft e.V. Sehr geehrte B\u00fcrgerinnen und B\u00fcrger der Stadt W\u00f6rrstadt! Wer oder was ist die W\u00f6rrst\u00e4dter Interessengemeinschaft e.V.? Unsere Gemeinschaft setzt sich aus verschiedenen Personen zusammen, [&hellip;]","og_url":"https:\/\/www.wig-ev.de\/?page_id=34","og_site_name":"W\u00d6RRST\u00c4DTER INTERESSENGEMEINSCHAFT EV","article_publisher":"https:\/\/www.facebook.com\/profile.php?id=61557119310772","article_modified_time":"2025-05-25T10:18:27+00:00","og_image":[{"width":185,"height":150,"url":"https:\/\/www.wig-ev.de\/wp-content\/uploads\/2025\/05\/header_logo.webp","type":"image\/webp"}],"twitter_card":"summary_large_image","twitter_misc":{"Gesch\u00e4tzte Lesezeit":"2\u00a0Minuten"},"schema":{"@context":"https:\/\/schema.org","@graph":[{"@type":"WebPage","@id":"https:\/\/www.wig-ev.de\/?page_id=34","url":"https:\/\/www.wig-ev.de\/?page_id=34","name":"Mitgliedschaft - W\u00d6RRST\u00c4DTER INTERESSENGEMEINSCHAFT EV","isPartOf":{"@id":"https:\/\/www.wig-ev.de\/#website"},"datePublished":"2025-05-07T00:57:27+00:00","dateModified":"2025-05-25T10:18:27+00:00","breadcrumb":{"@id":"https:\/\/www.wig-ev.de\/?page_id=34#breadcrumb"},"inLanguage":"de","potentialAction":[{"@type":"ReadAction","target":["https:\/\/www.wig-ev.de\/?page_id=34"]}]},{"@type":"BreadcrumbList","@id":"https:\/\/www.wig-ev.de\/?page_id=34#breadcrumb","itemListElement":[{"@type":"ListItem","position":1,"name":"Startseite","item":"https:\/\/www.wig-ev.de\/"},{"@type":"ListItem","position":2,"name":"Mitgliedschaft"}]},{"@type":"WebSite","@id":"https:\/\/www.wig-ev.de\/#website","url":"https:\/\/www.wig-ev.de\/","name":"W\u00d6RRST\u00c4DTER INTERESSENGEMEINSCHAFT EV","description":"Willkommen bei der W\u00f6rrst\u00e4dter Interessengemeinschaft","publisher":{"@id":"https:\/\/www.wig-ev.de\/#organization"},"potentialAction":[{"@type":"SearchAction","target":{"@type":"EntryPoint","urlTemplate":"https:\/\/www.wig-ev.de\/?s={search_term_string}"},"query-input":{"@type":"PropertyValueSpecification","valueRequired":true,"valueName":"search_term_string"}}],"inLanguage":"de"},{"@type":"Organization","@id":"https:\/\/www.wig-ev.de\/#organization","name":"W\u00d6RRST\u00c4DTER INTERESSENGEMEINSCHAFT EV","url":"https:\/\/www.wig-ev.de\/","logo":{"@type":"ImageObject","inLanguage":"de","@id":"https:\/\/www.wig-ev.de\/#\/schema\/logo\/image\/","url":"https:\/\/www.wig-ev.de\/wp-content\/uploads\/2025\/05\/WIGeV-Logo-Briefkopf-Links.webp","contentUrl":"https:\/\/www.wig-ev.de\/wp-content\/uploads\/2025\/05\/WIGeV-Logo-Briefkopf-Links.webp","width":486,"height":154,"caption":"W\u00d6RRST\u00c4DTER INTERESSENGEMEINSCHAFT EV"},"image":{"@id":"https:\/\/www.wig-ev.de\/#\/schema\/logo\/image\/"},"sameAs":["https:\/\/www.facebook.com\/profile.php?id=61557119310772"]}]}},"_links":{"self":[{"href":"https:\/\/www.wig-ev.de\/index.php?rest_route=\/wp\/v2\/pages\/34","targetHints":{"allow":["GET"]}}],"collection":[{"href":"https:\/\/www.wig-ev.de\/index.php?rest_route=\/wp\/v2\/pages"}],"about":[{"href":"https:\/\/www.wig-ev.de\/index.php?rest_route=\/wp\/v2\/types\/page"}],"author":[{"embeddable":true,"href":"https:\/\/www.wig-ev.de\/index.php?rest_route=\/wp\/v2\/users\/1"}],"replies":[{"embeddable":true,"href":"https:\/\/www.wig-ev.de\/index.php?rest_route=%2Fwp%2Fv2%2Fcomments&post=34"}],"version-history":[{"count":16,"href":"https:\/\/www.wig-ev.de\/index.php?rest_route=\/wp\/v2\/pages\/34\/revisions"}],"predecessor-version":[{"id":234,"href":"https:\/\/www.wig-ev.de\/index.php?rest_route=\/wp\/v2\/pages\/34\/revisions\/234"}],"wp:attachment":[{"href":"https:\/\/www.wig-ev.de\/index.php?rest_route=%2Fwp%2Fv2%2Fmedia&parent=34"}],"curies":[{"name":"wp","href":"https:\/\/api.w.org\/{rel}","templated":true}]}}