{"id":32,"date":"2025-05-07T02:57:11","date_gmt":"2025-05-07T00:57:11","guid":{"rendered":"https:\/\/www.wig-ev.de\/?page_id=32"},"modified":"2025-05-25T18:15:46","modified_gmt":"2025-05-25T16:15:46","slug":"ueber-uns","status":"publish","type":"page","link":"https:\/\/www.wig-ev.de\/?page_id=32","title":{"rendered":"\u00dcber uns"},"content":{"rendered":"\t\t<div data-elementor-type=\"wp-page\" data-elementor-id=\"32\" class=\"elementor elementor-32\" data-elementor-post-type=\"page\">\n\t\t\t\t<header class=\"elementor-element elementor-element-dd11bfe e-flex e-con-boxed e-con e-parent\" data-id=\"dd11bfe\" data-element_type=\"container\" data-e-type=\"container\">\n\t\t\t\t\t<div class=\"e-con-inner\">\n\t\t<div class=\"elementor-element elementor-element-54b7de4 e-con-full e-flex e-con e-child\" data-id=\"54b7de4\" data-element_type=\"container\" data-e-type=\"container\">\n\t\t\t\t<div class=\"elementor-element elementor-element-17e379e elementor-widget elementor-widget-heading\" data-id=\"17e379e\" data-element_type=\"widget\" data-e-type=\"widget\" data-widget_type=\"heading.default\">\n\t\t\t\t<div class=\"elementor-widget-container\">\n\t\t\t\t\t<h3 class=\"elementor-heading-title elementor-size-default\">\u00dcBER UNS<\/h3>\t\t\t\t<\/div>\n\t\t\t\t<\/div>\n\t\t\t\t<\/div>\n\t\t\t\t\t<\/div>\n\t\t\t\t<\/header>\n\t\t<div class=\"elementor-element elementor-element-4f4d5961 e-flex e-con-boxed e-con e-parent\" data-id=\"4f4d5961\" data-element_type=\"container\" data-e-type=\"container\">\n\t\t\t\t\t<div class=\"e-con-inner\">\n\t\t<div class=\"elementor-element elementor-element-8365301 e-con-full e-flex e-con e-child\" data-id=\"8365301\" data-element_type=\"container\" data-e-type=\"container\">\n\t\t<div class=\"elementor-element elementor-element-263e5448 e-con-full e-flex e-con e-child\" data-id=\"263e5448\" data-element_type=\"container\" data-e-type=\"container\">\n\t\t\t\t<div class=\"elementor-element elementor-element-597fdb95 elementor-widget elementor-widget-heading\" data-id=\"597fdb95\" data-element_type=\"widget\" data-e-type=\"widget\" data-widget_type=\"heading.default\">\n\t\t\t\t<div class=\"elementor-widget-container\">\n\t\t\t\t\t<h4 class=\"elementor-heading-title elementor-size-default\">Die WIG - Unsere Rolle in der Gemeinschaft<\/h4>\t\t\t\t<\/div>\n\t\t\t\t<\/div>\n\t\t\t\t<div class=\"elementor-element elementor-element-4018ad62 elementor-position-top elementor-widget elementor-widget-image-box\" data-id=\"4018ad62\" data-element_type=\"widget\" data-e-type=\"widget\" data-widget_type=\"image-box.default\">\n\t\t\t\t<div class=\"elementor-widget-container\">\n\t\t\t\t\t<div class=\"elementor-image-box-wrapper\"><figure class=\"elementor-image-box-img\"><img fetchpriority=\"high\" decoding=\"async\" width=\"938\" height=\"605\" src=\"https:\/\/www.wig-ev.de\/wp-content\/uploads\/2025\/05\/WhatsApp-Image-2025-05-25-at-18.11.16.webp\" class=\"attachment-full size-full wp-image-273\" alt=\"\" srcset=\"https:\/\/www.wig-ev.de\/wp-content\/uploads\/2025\/05\/WhatsApp-Image-2025-05-25-at-18.11.16.webp 938w, https:\/\/www.wig-ev.de\/wp-content\/uploads\/2025\/05\/WhatsApp-Image-2025-05-25-at-18.11.16-300x193.webp 300w, https:\/\/www.wig-ev.de\/wp-content\/uploads\/2025\/05\/WhatsApp-Image-2025-05-25-at-18.11.16-768x495.webp 768w\" sizes=\"(max-width: 938px) 100vw, 938px\" \/><\/figure><div class=\"elementor-image-box-content\"><p class=\"elementor-image-box-description\">Wir, die W\u00f6rrst\u00e4dter Interessengemeinschaft, sind ein Zusammenschluss engagierter B\u00fcrgerinnen und B\u00fcrger, die sich mit Herz und  Engagement f\u00fcr die lebendige, zukunftsorientierte Entwicklung unserer Stadt einsetzen. <br>\nUnser Handeln ist gepr\u00e4gt von dem Wunsch, W\u00f6rrstadt durch soziale Projekte, Bildungsinitiativen und ein vielf\u00e4ltiges Kulturangebot zu bereichern. <br><br>Als unpolitische Kraft stehen wir f\u00fcr die F\u00f6rderung des ehrenamtlichen Engagements, den Erhalt von Festen und Brauchtum, sowie die Realisierung von neuen Projekten, die das Zusammenleben in unserer Gemeinschaft verbessern. <br>\nWir glauben an die St\u00e4rke der Gemeinschaft und daran, dass jeder Einzelne einen wertvollen Beitrag zum Wohl unserer Stadt leisten kann.<\/p><\/div><\/div>\t\t\t\t<\/div>\n\t\t\t\t<\/div>\n\t\t\t\t<\/div>\n\t\t<div class=\"elementor-element elementor-element-67cc83a3 e-con-full e-flex e-con e-child\" data-id=\"67cc83a3\" data-element_type=\"container\" data-e-type=\"container\">\n\t\t\t\t<div class=\"elementor-element elementor-element-234638ce elementor-widget elementor-widget-heading\" data-id=\"234638ce\" data-element_type=\"widget\" data-e-type=\"widget\" data-widget_type=\"heading.default\">\n\t\t\t\t<div class=\"elementor-widget-container\">\n\t\t\t\t\t<h4 class=\"elementor-heading-title elementor-size-default\">Generations\u00fcbergreifende Aktivit\u00e4ten<\/h4>\t\t\t\t<\/div>\n\t\t\t\t<\/div>\n\t\t\t\t<div class=\"elementor-element elementor-element-2af24fa elementor-position-top elementor-widget elementor-widget-image-box\" data-id=\"2af24fa\" data-element_type=\"widget\" data-e-type=\"widget\" data-widget_type=\"image-box.default\">\n\t\t\t\t<div class=\"elementor-widget-container\">\n\t\t\t\t\t<div class=\"elementor-image-box-wrapper\"><figure class=\"elementor-image-box-img\"><img decoding=\"async\" width=\"940\" height=\"608\" src=\"https:\/\/www.wig-ev.de\/wp-content\/uploads\/2025\/05\/WhatsApp-Image-2025-05-25-at-17.17.42.webp\" class=\"attachment-full size-full wp-image-239\" alt=\"\" srcset=\"https:\/\/www.wig-ev.de\/wp-content\/uploads\/2025\/05\/WhatsApp-Image-2025-05-25-at-17.17.42.webp 940w, https:\/\/www.wig-ev.de\/wp-content\/uploads\/2025\/05\/WhatsApp-Image-2025-05-25-at-17.17.42-300x194.webp 300w, https:\/\/www.wig-ev.de\/wp-content\/uploads\/2025\/05\/WhatsApp-Image-2025-05-25-at-17.17.42-768x497.webp 768w\" sizes=\"(max-width: 940px) 100vw, 940px\" \/><\/figure><div class=\"elementor-image-box-content\"><p class=\"elementor-image-box-description\">Gemeinsam stark \u2013 f\u00fcr Jung und Alt!  \nWir bringen Generationen zusammen und schaffen echte Begegnungen. <br><br>Durch generations\u00fcbergreifende Projekte und Veranstaltungen, bei denen verschiedene Altersgruppen gemeinsam aktiv werden, f\u00f6rdern wir die soziale Integration, den Austausch von dem alle Generationen profitieren k\u00f6nnen, erm\u00f6glichen gemeinsames Lernen und st\u00e4rken das Miteinander. <br><br>Ob beim gemeinsamen Erleben, beim Austausch von Wissen oder einfach beim geselligen Beisammensein \u2013 wir setzen uns aktiv f\u00fcr eine lebendige Gemeinschaft ein. <br><br>So entsteht in W\u00f6rrstadt ein starkes Gef\u00fchl von Zusammenhalt, das \u00fcber alle Generationen hinweg geht.<\/p><\/div><\/div>\t\t\t\t<\/div>\n\t\t\t\t<\/div>\n\t\t\t\t<\/div>\n\t\t<div class=\"elementor-element elementor-element-7924fe9d e-con-full e-flex e-con e-child\" data-id=\"7924fe9d\" data-element_type=\"container\" data-e-type=\"container\">\n\t\t\t\t<div class=\"elementor-element elementor-element-7b881f0 elementor-widget elementor-widget-heading\" data-id=\"7b881f0\" data-element_type=\"widget\" data-e-type=\"widget\" data-widget_type=\"heading.default\">\n\t\t\t\t<div class=\"elementor-widget-container\">\n\t\t\t\t\t<h4 class=\"elementor-heading-title elementor-size-default\">F\u00f6rderung von Festen und Brauchtum<\/h4>\t\t\t\t<\/div>\n\t\t\t\t<\/div>\n\t\t\t\t<div class=\"elementor-element elementor-element-b23734f elementor-position-top elementor-widget elementor-widget-image-box\" data-id=\"b23734f\" data-element_type=\"widget\" data-e-type=\"widget\" data-widget_type=\"image-box.default\">\n\t\t\t\t<div class=\"elementor-widget-container\">\n\t\t\t\t\t<div class=\"elementor-image-box-wrapper\"><figure class=\"elementor-image-box-img\"><img decoding=\"async\" width=\"940\" height=\"598\" src=\"https:\/\/www.wig-ev.de\/wp-content\/uploads\/2025\/05\/WhatsApp-Image-2025-05-25-at-17.36.20.webp\" class=\"attachment-full size-full wp-image-241\" alt=\"\" srcset=\"https:\/\/www.wig-ev.de\/wp-content\/uploads\/2025\/05\/WhatsApp-Image-2025-05-25-at-17.36.20.webp 940w, https:\/\/www.wig-ev.de\/wp-content\/uploads\/2025\/05\/WhatsApp-Image-2025-05-25-at-17.36.20-300x191.webp 300w, https:\/\/www.wig-ev.de\/wp-content\/uploads\/2025\/05\/WhatsApp-Image-2025-05-25-at-17.36.20-768x489.webp 768w\" sizes=\"(max-width: 940px) 100vw, 940px\" \/><\/figure><div class=\"elementor-image-box-content\"><p class=\"elementor-image-box-description\">Wir engagieren uns, Feste und Brauchtum in W\u00f6rrstadt zu lebendig zu halten. <br><br>Dies spielt eine wichtige Rolle bei der Bewahrung und Pflege unserer regionalen Traditionen und Kultur. <br>Indem wir traditionelle Br\u00e4uche und Feste unterst\u00fctzen, tragen wir dazu bei, das kulturelle Erbe unserer Gemeinde zu erhalten und den Zusammenhalt innerhalb der Gemeinschaft zu st\u00e4rken. <br><br>Durch die Organisation von Festen und Feierlichkeiten k\u00f6nnen die W\u00f6rrstadter B\u00fcrgerinnen und B\u00fcrger zusammenkommen, gemeinsam feiern, sich auszutauschen und die lokale Identit\u00e4t zu pflegen. <br><br>Unser Ziel ist es, die Werte und Traditionen unserer Gemeinde zu bewahren und an die n\u00e4chste Generation weiterzugeben.<\/p><\/div><\/div>\t\t\t\t<\/div>\n\t\t\t\t<\/div>\n\t\t\t\t<\/div>\n\t\t\t\t<\/div>\n\t\t\t\t\t<\/div>\n\t\t\t\t<\/div>\n\t\t\t\t<\/div>\n\t\t","protected":false},"excerpt":{"rendered":"<p>\u00dcBER UNS Die WIG &#8211; Unsere Rolle in der Gemeinschaft Wir, die W\u00f6rrst\u00e4dter Interessengemeinschaft, sind ein Zusammenschluss engagierter B\u00fcrgerinnen und B\u00fcrger, die sich mit Herz und Engagement f\u00fcr die lebendige, [&hellip;]<\/p>\n","protected":false},"author":1,"featured_media":0,"parent":0,"menu_order":0,"comment_status":"closed","ping_status":"closed","template":"","meta":{"footnotes":""},"class_list":["post-32","page","type-page","status-publish","hentry"],"yoast_head":"<!-- This site is optimized with the Yoast SEO plugin v26.1.1 - https:\/\/yoast.com\/wordpress\/plugins\/seo\/ -->\n<title>\u00dcber uns - W\u00d6RRST\u00c4DTER INTERESSENGEMEINSCHAFT EV<\/title>\n<meta name=\"robots\" content=\"index, follow, max-snippet:-1, max-image-preview:large, max-video-preview:-1\" \/>\n<link rel=\"canonical\" href=\"https:\/\/www.wig-ev.de\/?page_id=32\" \/>\n<meta property=\"og:locale\" content=\"de_DE\" \/>\n<meta property=\"og:type\" content=\"article\" \/>\n<meta property=\"og:title\" content=\"\u00dcber uns - W\u00d6RRST\u00c4DTER INTERESSENGEMEINSCHAFT EV\" \/>\n<meta property=\"og:description\" content=\"\u00dcBER UNS Die WIG &#8211; Unsere Rolle in der Gemeinschaft Wir, die W\u00f6rrst\u00e4dter Interessengemeinschaft, sind ein Zusammenschluss engagierter B\u00fcrgerinnen und B\u00fcrger, die sich mit Herz und Engagement f\u00fcr die lebendige, [&hellip;]\" \/>\n<meta property=\"og:url\" content=\"https:\/\/www.wig-ev.de\/?page_id=32\" \/>\n<meta property=\"og:site_name\" content=\"W\u00d6RRST\u00c4DTER INTERESSENGEMEINSCHAFT EV\" \/>\n<meta property=\"article:publisher\" content=\"https:\/\/www.facebook.com\/profile.php?id=61557119310772\" \/>\n<meta property=\"article:modified_time\" content=\"2025-05-25T16:15:46+00:00\" \/>\n<meta property=\"og:image\" content=\"https:\/\/www.wig-ev.de\/wp-content\/uploads\/2025\/05\/WhatsApp-Image-2025-05-25-at-18.11.16.webp\" \/>\n<meta name=\"twitter:card\" content=\"summary_large_image\" \/>\n<meta name=\"twitter:label1\" content=\"Gesch\u00e4tzte Lesezeit\" \/>\n\t<meta name=\"twitter:data1\" content=\"3\u00a0Minuten\" \/>\n<script type=\"application\/ld+json\" class=\"yoast-schema-graph\">{\"@context\":\"https:\/\/schema.org\",\"@graph\":[{\"@type\":\"WebPage\",\"@id\":\"https:\/\/www.wig-ev.de\/?page_id=32\",\"url\":\"https:\/\/www.wig-ev.de\/?page_id=32\",\"name\":\"\u00dcber uns - W\u00d6RRST\u00c4DTER INTERESSENGEMEINSCHAFT EV\",\"isPartOf\":{\"@id\":\"https:\/\/www.wig-ev.de\/#website\"},\"primaryImageOfPage\":{\"@id\":\"https:\/\/www.wig-ev.de\/?page_id=32#primaryimage\"},\"image\":{\"@id\":\"https:\/\/www.wig-ev.de\/?page_id=32#primaryimage\"},\"thumbnailUrl\":\"https:\/\/www.wig-ev.de\/wp-content\/uploads\/2025\/05\/WhatsApp-Image-2025-05-25-at-18.11.16.webp\",\"datePublished\":\"2025-05-07T00:57:11+00:00\",\"dateModified\":\"2025-05-25T16:15:46+00:00\",\"breadcrumb\":{\"@id\":\"https:\/\/www.wig-ev.de\/?page_id=32#breadcrumb\"},\"inLanguage\":\"de\",\"potentialAction\":[{\"@type\":\"ReadAction\",\"target\":[\"https:\/\/www.wig-ev.de\/?page_id=32\"]}]},{\"@type\":\"ImageObject\",\"inLanguage\":\"de\",\"@id\":\"https:\/\/www.wig-ev.de\/?page_id=32#primaryimage\",\"url\":\"https:\/\/www.wig-ev.de\/wp-content\/uploads\/2025\/05\/WhatsApp-Image-2025-05-25-at-18.11.16.webp\",\"contentUrl\":\"https:\/\/www.wig-ev.de\/wp-content\/uploads\/2025\/05\/WhatsApp-Image-2025-05-25-at-18.11.16.webp\",\"width\":938,\"height\":605},{\"@type\":\"BreadcrumbList\",\"@id\":\"https:\/\/www.wig-ev.de\/?page_id=32#breadcrumb\",\"itemListElement\":[{\"@type\":\"ListItem\",\"position\":1,\"name\":\"Startseite\",\"item\":\"https:\/\/www.wig-ev.de\/\"},{\"@type\":\"ListItem\",\"position\":2,\"name\":\"\u00dcber uns\"}]},{\"@type\":\"WebSite\",\"@id\":\"https:\/\/www.wig-ev.de\/#website\",\"url\":\"https:\/\/www.wig-ev.de\/\",\"name\":\"W\u00d6RRST\u00c4DTER INTERESSENGEMEINSCHAFT EV\",\"description\":\"Willkommen bei der W\u00f6rrst\u00e4dter Interessengemeinschaft\",\"publisher\":{\"@id\":\"https:\/\/www.wig-ev.de\/#organization\"},\"potentialAction\":[{\"@type\":\"SearchAction\",\"target\":{\"@type\":\"EntryPoint\",\"urlTemplate\":\"https:\/\/www.wig-ev.de\/?s={search_term_string}\"},\"query-input\":{\"@type\":\"PropertyValueSpecification\",\"valueRequired\":true,\"valueName\":\"search_term_string\"}}],\"inLanguage\":\"de\"},{\"@type\":\"Organization\",\"@id\":\"https:\/\/www.wig-ev.de\/#organization\",\"name\":\"W\u00d6RRST\u00c4DTER INTERESSENGEMEINSCHAFT EV\",\"url\":\"https:\/\/www.wig-ev.de\/\",\"logo\":{\"@type\":\"ImageObject\",\"inLanguage\":\"de\",\"@id\":\"https:\/\/www.wig-ev.de\/#\/schema\/logo\/image\/\",\"url\":\"https:\/\/www.wig-ev.de\/wp-content\/uploads\/2025\/05\/WIGeV-Logo-Briefkopf-Links.webp\",\"contentUrl\":\"https:\/\/www.wig-ev.de\/wp-content\/uploads\/2025\/05\/WIGeV-Logo-Briefkopf-Links.webp\",\"width\":486,\"height\":154,\"caption\":\"W\u00d6RRST\u00c4DTER INTERESSENGEMEINSCHAFT EV\"},\"image\":{\"@id\":\"https:\/\/www.wig-ev.de\/#\/schema\/logo\/image\/\"},\"sameAs\":[\"https:\/\/www.facebook.com\/profile.php?id=61557119310772\"]}]}<\/script>\n<!-- \/ Yoast SEO plugin. -->","yoast_head_json":{"title":"\u00dcber uns - W\u00d6RRST\u00c4DTER INTERESSENGEMEINSCHAFT EV","robots":{"index":"index","follow":"follow","max-snippet":"max-snippet:-1","max-image-preview":"max-image-preview:large","max-video-preview":"max-video-preview:-1"},"canonical":"https:\/\/www.wig-ev.de\/?page_id=32","og_locale":"de_DE","og_type":"article","og_title":"\u00dcber uns - W\u00d6RRST\u00c4DTER INTERESSENGEMEINSCHAFT EV","og_description":"\u00dcBER UNS Die WIG &#8211; Unsere Rolle in der Gemeinschaft Wir, die W\u00f6rrst\u00e4dter Interessengemeinschaft, sind ein Zusammenschluss engagierter B\u00fcrgerinnen und B\u00fcrger, die sich mit Herz und Engagement f\u00fcr die lebendige, [&hellip;]","og_url":"https:\/\/www.wig-ev.de\/?page_id=32","og_site_name":"W\u00d6RRST\u00c4DTER INTERESSENGEMEINSCHAFT EV","article_publisher":"https:\/\/www.facebook.com\/profile.php?id=61557119310772","article_modified_time":"2025-05-25T16:15:46+00:00","og_image":[{"url":"https:\/\/www.wig-ev.de\/wp-content\/uploads\/2025\/05\/WhatsApp-Image-2025-05-25-at-18.11.16.webp","type":"","width":"","height":""}],"twitter_card":"summary_large_image","twitter_misc":{"Gesch\u00e4tzte Lesezeit":"3\u00a0Minuten"},"schema":{"@context":"https:\/\/schema.org","@graph":[{"@type":"WebPage","@id":"https:\/\/www.wig-ev.de\/?page_id=32","url":"https:\/\/www.wig-ev.de\/?page_id=32","name":"\u00dcber uns - W\u00d6RRST\u00c4DTER INTERESSENGEMEINSCHAFT EV","isPartOf":{"@id":"https:\/\/www.wig-ev.de\/#website"},"primaryImageOfPage":{"@id":"https:\/\/www.wig-ev.de\/?page_id=32#primaryimage"},"image":{"@id":"https:\/\/www.wig-ev.de\/?page_id=32#primaryimage"},"thumbnailUrl":"https:\/\/www.wig-ev.de\/wp-content\/uploads\/2025\/05\/WhatsApp-Image-2025-05-25-at-18.11.16.webp","datePublished":"2025-05-07T00:57:11+00:00","dateModified":"2025-05-25T16:15:46+00:00","breadcrumb":{"@id":"https:\/\/www.wig-ev.de\/?page_id=32#breadcrumb"},"inLanguage":"de","potentialAction":[{"@type":"ReadAction","target":["https:\/\/www.wig-ev.de\/?page_id=32"]}]},{"@type":"ImageObject","inLanguage":"de","@id":"https:\/\/www.wig-ev.de\/?page_id=32#primaryimage","url":"https:\/\/www.wig-ev.de\/wp-content\/uploads\/2025\/05\/WhatsApp-Image-2025-05-25-at-18.11.16.webp","contentUrl":"https:\/\/www.wig-ev.de\/wp-content\/uploads\/2025\/05\/WhatsApp-Image-2025-05-25-at-18.11.16.webp","width":938,"height":605},{"@type":"BreadcrumbList","@id":"https:\/\/www.wig-ev.de\/?page_id=32#breadcrumb","itemListElement":[{"@type":"ListItem","position":1,"name":"Startseite","item":"https:\/\/www.wig-ev.de\/"},{"@type":"ListItem","position":2,"name":"\u00dcber uns"}]},{"@type":"WebSite","@id":"https:\/\/www.wig-ev.de\/#website","url":"https:\/\/www.wig-ev.de\/","name":"W\u00d6RRST\u00c4DTER INTERESSENGEMEINSCHAFT EV","description":"Willkommen bei der W\u00f6rrst\u00e4dter Interessengemeinschaft","publisher":{"@id":"https:\/\/www.wig-ev.de\/#organization"},"potentialAction":[{"@type":"SearchAction","target":{"@type":"EntryPoint","urlTemplate":"https:\/\/www.wig-ev.de\/?s={search_term_string}"},"query-input":{"@type":"PropertyValueSpecification","valueRequired":true,"valueName":"search_term_string"}}],"inLanguage":"de"},{"@type":"Organization","@id":"https:\/\/www.wig-ev.de\/#organization","name":"W\u00d6RRST\u00c4DTER INTERESSENGEMEINSCHAFT EV","url":"https:\/\/www.wig-ev.de\/","logo":{"@type":"ImageObject","inLanguage":"de","@id":"https:\/\/www.wig-ev.de\/#\/schema\/logo\/image\/","url":"https:\/\/www.wig-ev.de\/wp-content\/uploads\/2025\/05\/WIGeV-Logo-Briefkopf-Links.webp","contentUrl":"https:\/\/www.wig-ev.de\/wp-content\/uploads\/2025\/05\/WIGeV-Logo-Briefkopf-Links.webp","width":486,"height":154,"caption":"W\u00d6RRST\u00c4DTER INTERESSENGEMEINSCHAFT EV"},"image":{"@id":"https:\/\/www.wig-ev.de\/#\/schema\/logo\/image\/"},"sameAs":["https:\/\/www.facebook.com\/profile.php?id=61557119310772"]}]}},"_links":{"self":[{"href":"https:\/\/www.wig-ev.de\/index.php?rest_route=\/wp\/v2\/pages\/32","targetHints":{"allow":["GET"]}}],"collection":[{"href":"https:\/\/www.wig-ev.de\/index.php?rest_route=\/wp\/v2\/pages"}],"about":[{"href":"https:\/\/www.wig-ev.de\/index.php?rest_route=\/wp\/v2\/types\/page"}],"author":[{"embeddable":true,"href":"https:\/\/www.wig-ev.de\/index.php?rest_route=\/wp\/v2\/users\/1"}],"replies":[{"embeddable":true,"href":"https:\/\/www.wig-ev.de\/index.php?rest_route=%2Fwp%2Fv2%2Fcomments&post=32"}],"version-history":[{"count":37,"href":"https:\/\/www.wig-ev.de\/index.php?rest_route=\/wp\/v2\/pages\/32\/revisions"}],"predecessor-version":[{"id":276,"href":"https:\/\/www.wig-ev.de\/index.php?rest_route=\/wp\/v2\/pages\/32\/revisions\/276"}],"wp:attachment":[{"href":"https:\/\/www.wig-ev.de\/index.php?rest_route=%2Fwp%2Fv2%2Fmedia&parent=32"}],"curies":[{"name":"wp","href":"https:\/\/api.w.org\/{rel}","templated":true}]}}