{"id":288,"date":"2025-10-12T18:22:10","date_gmt":"2025-10-12T16:22:10","guid":{"rendered":"https:\/\/www.wig-ev.de\/?page_id=288"},"modified":"2026-04-28T19:16:04","modified_gmt":"2026-04-28T17:16:04","slug":"news","status":"publish","type":"page","link":"https:\/\/www.wig-ev.de\/?page_id=288","title":{"rendered":"News"},"content":{"rendered":"\t\t<div data-elementor-type=\"wp-page\" data-elementor-id=\"288\" class=\"elementor elementor-288\" data-elementor-post-type=\"page\">\n\t\t\t\t\t\t<div class=\"elementor-element elementor-element-847884a e-con e-atomic-element e-flexbox-base\" data-id=\"847884a\" data-element_type=\"e-flexbox\" data-e-type=\"e-flexbox\" data-interaction-id=\"847884a\" data-e-type=\"e-flexbox\" data-id=\"847884a\">\n\t\t\t\t\t\t\t<h3 \n\t\tdata-interaction-id=\"73fff66\" \n\t\tclass=\"e-73fff66-b02bddd e-heading-base\" \n\t\t \n\t\tdata-e-type=\"widget\" data-id=\"73fff66\"\n\t>\n\t\n\t\t\t&nbsp; &nbsp; &nbsp; &nbsp; &nbsp; &nbsp; &nbsp; &nbsp; &nbsp; &nbsp; &nbsp; Unsere n\u00e4chsten Termine - Save the Dates\n\t\t<\/h3>\n\t\t\t\t<\/div>\n\t\t<div class=\"elementor-element elementor-element-72f4ea2 e-flex e-con-boxed e-con e-parent\" data-id=\"72f4ea2\" data-element_type=\"container\" data-e-type=\"container\">\n\t\t\t\t\t<div class=\"e-con-inner\">\n\t\t<div class=\"elementor-element elementor-element-473eea8 e-con-full e-flex e-con e-child\" data-id=\"473eea8\" data-element_type=\"container\" data-e-type=\"container\">\n\t\t\t\t\t\t\t\n\t\t\t<img class=\"e-image-base \" \n\t\t\t\t\tdata-interaction-id=\"4c82f44\" \n\t\t \n\t\t data-e-type=\"widget\" data-id=\"4c82f44\"\n\t\t\t\t\t\t\t\t\tid=\"474\"\n\t\t\t\t\t\t\t\t\t\t\t\tsrc=\"https:\/\/www.wig-ev.de\/wp-content\/uploads\/2026\/04\/Lego-Ausstellung-2026-169x300.png\"\n\t\t\t\t\t\t\t\t\t\t\t\twidth=\"169\"\n\t\t\t\t\t\t\t\t\t\t\t\theight=\"300\"\n\t\t\t\t\t\t\t\t\t\t\t\tsrcset=\"https:\/\/www.wig-ev.de\/wp-content\/uploads\/2026\/04\/Lego-Ausstellung-2026-169x300.png 169w, https:\/\/www.wig-ev.de\/wp-content\/uploads\/2026\/04\/Lego-Ausstellung-2026-576x1024.png 576w, https:\/\/www.wig-ev.de\/wp-content\/uploads\/2026\/04\/Lego-Ausstellung-2026-768x1365.png 768w, https:\/\/www.wig-ev.de\/wp-content\/uploads\/2026\/04\/Lego-Ausstellung-2026-864x1536.png 864w, https:\/\/www.wig-ev.de\/wp-content\/uploads\/2026\/04\/Lego-Ausstellung-2026.png 1080w\"\n\t\t\t\t\t\t\t\t\t\t\t\talt=\"\"\n\t\t\t\t\t\t\/>\n\t\t\t\t\t<\/div>\n\t\t<div class=\"elementor-element elementor-element-551f510 e-con-full e-flex e-con e-child\" data-id=\"551f510\" data-element_type=\"container\" data-e-type=\"container\">\n\t\t\t\t\t\t\t\t<p class=\"e-paragraph-base\" data-interaction-id=\"dedcb8d\"  data-e-type=\"widget\" data-id=\"dedcb8d\">\n\t\t\t\t\t\t\t\tW\u00f6rrst\u00e4dter Modelbahn-Ausstellung 2026 \u2013 Die Ausstellung der Noppenbahner!<br><br>Am 02. und 03. Mai 2026 \u00f6ffnet unsere Neubornhalle die Tore f\u00fcr die diesj\u00e4hrige W\u00f6rrst\u00e4dter Ausstellung f\u00fcr Modellbahnen aus LEGO\u00ae-Steinen! Freut euch auf einzigartige LEGO\u00ae-Kreationen, pr\u00e4sentiert von talentierten Baumeistern aus aller Welt.Erlebt beeindruckende Eigenbauten \u2013 Es sind ausschlie\u00dflich handgefertigte Unikate zu bestaunen, denn offizielle Baus\u00e4tze sind tabu!<br><br><strong id=\"e-mo7kq7r5-cjuc044\">F\u00fcr das leibliche Wohl sorgen wir, euer WIG-Team mit leckerem Kaffee und Kuchen.<br><\/strong><br>Kommt vorbei, lasst euch inspirieren und genie\u00dft ein Wochenende voller Kreativit\u00e4t und spannender Bauprojekte. Ein unvergessliches Erlebnis f\u00fcr die ganze Familie!\n\t\t\t\t\t<\/p>\n\t\t\t\t<\/div>\n\t\t\t\t\t<\/div>\n\t\t\t\t<\/div>\n\t\t<div class=\"elementor-element elementor-element-29dea22 e-grid e-con-boxed e-con e-parent\" data-id=\"29dea22\" data-element_type=\"container\" data-e-type=\"container\">\n\t\t\t\t\t<div class=\"e-con-inner\">\n\t\t\t\t\t\n<hr class=\"e-divider-base\" data-interaction-id=\"ebc8ca3\"  data-e-type=\"widget\" data-id=\"ebc8ca3\" \/>\n\t\t\t\t\t<\/div>\n\t\t\t\t<\/div>\n\t\t<div class=\"elementor-element elementor-element-1c11e8b e-flex e-con-boxed e-con e-parent\" data-id=\"1c11e8b\" data-element_type=\"container\" data-e-type=\"container\">\n\t\t\t\t\t<div class=\"e-con-inner\">\n\t\t<div class=\"elementor-element elementor-element-949d87e e-con-full e-flex e-con e-child\" data-id=\"949d87e\" data-element_type=\"container\" data-e-type=\"container\">\n\t\t\t\t\t\t\t\n\t\t\t<img class=\"e-image-base \" \n\t\t\t\t\tdata-interaction-id=\"ac56484\" \n\t\t \n\t\t data-e-type=\"widget\" data-id=\"ac56484\"\n\t\t\t\t\t\t\t\t\tid=\"462\"\n\t\t\t\t\t\t\t\t\t\t\t\tsrc=\"https:\/\/www.wig-ev.de\/wp-content\/uploads\/2026\/04\/Unsere-Stadt-unsere-Leidenschaft_20260420_205648_0000-169x300.webp\"\n\t\t\t\t\t\t\t\t\t\t\t\twidth=\"169\"\n\t\t\t\t\t\t\t\t\t\t\t\theight=\"300\"\n\t\t\t\t\t\t\t\t\t\t\t\tsrcset=\"https:\/\/www.wig-ev.de\/wp-content\/uploads\/2026\/04\/Unsere-Stadt-unsere-Leidenschaft_20260420_205648_0000-169x300.webp 169w, https:\/\/www.wig-ev.de\/wp-content\/uploads\/2026\/04\/Unsere-Stadt-unsere-Leidenschaft_20260420_205648_0000-576x1024.webp 576w, https:\/\/www.wig-ev.de\/wp-content\/uploads\/2026\/04\/Unsere-Stadt-unsere-Leidenschaft_20260420_205648_0000-768x1365.webp 768w, https:\/\/www.wig-ev.de\/wp-content\/uploads\/2026\/04\/Unsere-Stadt-unsere-Leidenschaft_20260420_205648_0000-864x1536.webp 864w, https:\/\/www.wig-ev.de\/wp-content\/uploads\/2026\/04\/Unsere-Stadt-unsere-Leidenschaft_20260420_205648_0000.webp 1080w\"\n\t\t\t\t\t\t\t\t\t\t\t\talt=\"\"\n\t\t\t\t\t\t\/>\n\t\t\t\t\t<\/div>\n\t\t<div class=\"elementor-element elementor-element-9a8f3e4 e-con-full e-flex e-con e-child\" data-id=\"9a8f3e4\" data-element_type=\"container\" data-e-type=\"container\">\n\t\t\t\t\t\t\t\t<p class=\"e-paragraph-base\" data-interaction-id=\"226c5e1\"  data-e-type=\"widget\" data-id=\"226c5e1\">\n\t\t\t\t\t\t\t\t\ud83e\udd1d Unser n\u00e4chstes WIG\u2011Treffen \u2013 dieses Mal beim gro\u00dfen Feuerwehr\u2011Jubil\u00e4um! <br><br>\ud83d\ude92 Am Samstag, den 09. Mai 2026 ab 19:00 Uhr, findet unser n\u00e4chstes WIG\u2011Treffen statt \u2013 und zwar mitten im Festgeschehen des 100\u2011j\u00e4hrigen Jubil\u00e4ums der Freiwilligen Feuerwehr W\u00f6rrstadt.&nbsp;F\u00fcr uns als Gemeinschaft ist es der perfekte Anlass, zusammenzukommen, ins Gespr\u00e4ch zu kommen und gleichzeitig die beeindruckende Arbeit unserer Feuerwehr zu w\u00fcrdigen.&nbsp;<br><br>\ud83d\udc9b Was euch erwartet:&nbsp; <br>Ein stimmungsvoller Abend, viele Begegnungen, gute Gespr\u00e4che \u2013 und rundherum ein buntes Festprogramm der Feuerwehr mit Musik, Aktionen und kulinarischen&nbsp;Angeboten.&nbsp;<br><br>Kommt vorbei, lernt uns kennen und erlebt einen besonderen Abend im Zeichen von Gemeinschaft und Zusammenhalt! Nat\u00fcrlich sind auch Nicht\u2011Mitglieder herzlich willkommen.\n\t\t\t\t\t<\/p>\n\t\t\t\t<\/div>\n\t\t\t\t\t<\/div>\n\t\t\t\t<\/div>\n\t\t<div class=\"elementor-element elementor-element-4455667 e-grid e-con-boxed e-con e-parent\" data-id=\"4455667\" data-element_type=\"container\" data-e-type=\"container\">\n\t\t\t\t\t<div class=\"e-con-inner\">\n\t\t\t\t\t\n<hr class=\"e-divider-base\" data-interaction-id=\"9a2ac82\"  data-e-type=\"widget\" data-id=\"9a2ac82\" \/>\n\t\t\t\t\t<\/div>\n\t\t\t\t<\/div>\n\t\t<div class=\"elementor-element elementor-element-a524fdc e-flex e-con-boxed e-con e-parent\" data-id=\"a524fdc\" data-element_type=\"container\" data-e-type=\"container\">\n\t\t\t\t\t<div class=\"e-con-inner\">\n\t\t<div class=\"elementor-element elementor-element-1d706da e-con-full e-flex e-con e-child\" data-id=\"1d706da\" data-element_type=\"container\" data-e-type=\"container\">\n\t\t\t\t\t\t\t\n\t\t\t<img class=\"e-image-base \" \n\t\t\t\t\tdata-interaction-id=\"fef7241\" \n\t\t \n\t\t data-e-type=\"widget\" data-id=\"fef7241\"\n\t\t\t\t\t\t\t\t\tid=\"527\"\n\t\t\t\t\t\t\t\t\t\t\t\tsrc=\"https:\/\/www.wig-ev.de\/wp-content\/uploads\/2026\/04\/WIG-Funzelfahrt-2026-170x300.webp\"\n\t\t\t\t\t\t\t\t\t\t\t\twidth=\"170\"\n\t\t\t\t\t\t\t\t\t\t\t\theight=\"300\"\n\t\t\t\t\t\t\t\t\t\t\t\tsrcset=\"https:\/\/www.wig-ev.de\/wp-content\/uploads\/2026\/04\/WIG-Funzelfahrt-2026-170x300.webp 170w, https:\/\/www.wig-ev.de\/wp-content\/uploads\/2026\/04\/WIG-Funzelfahrt-2026-581x1024.webp 581w, https:\/\/www.wig-ev.de\/wp-content\/uploads\/2026\/04\/WIG-Funzelfahrt-2026.webp 755w\"\n\t\t\t\t\t\t\t\t\t\t\t\talt=\"\"\n\t\t\t\t\t\t\/>\n\t\t\t\t\t<\/div>\n\t\t<div class=\"elementor-element elementor-element-da10dbc e-con-full e-flex e-con e-child\" data-id=\"da10dbc\" data-element_type=\"container\" data-e-type=\"container\">\n\t\t\t\t\t\t\t\t<p class=\"e-paragraph-base\" data-interaction-id=\"b61c91a\"  data-e-type=\"widget\" data-id=\"b61c91a\">\n\t\t\t\t\t\t\t\t\ud83d\ude9c Die WIG geht auf Funzelfahrt!&nbsp;<br><br> Am Donnerstag, den 04. Juni 2026, hei\u00dft es: Einsteigen, ansto\u00dfen, losfahren!  Wir starten um 13:00 Uhr im Weingut Maurer in Gau\u2011Weinheim, wo wir uns gem\u00fctlich einstimmen, bevor um 14:30 Uhr der Traktor mit uns und reichlich guter Laune Richtung Weinberge rollt.  Freut euch auf eine fr\u00f6hliche Tour mit Wein, Musik und jeder Menge Spa\u00df \u2013 nat\u00fcrlich stilecht im Anh\u00e4nger mit bester Aussicht und noch besserer Stimmung! \ud83c\udf47 <br><br>\ud83d\udc49 Wichtig: Die Teilnahme ist <u id=\"e-mo8vbms8-v3tzybb\">nur f\u00fcr Mitglieder<\/u> m\u00f6glich \u2013 aber keine Sorge: Wer noch kein Mitglied ist, hat jetzt die perfekte Gelegenheit, das zu \u00e4ndern.  Denn mal ehrlich: Wer will bei so einer Funzelfahrt schon am Stra\u00dfenrand stehen und winken, statt mitzufahren?<br><br>\ud83d\udc9b Also schnell Mitglied werden und dabei sein \u2013 wir freuen uns auf euch!\n\t\t\t\t\t<\/p>\n\t\t\t\t<\/div>\n\t\t\t\t\t<\/div>\n\t\t\t\t<\/div>\n\t\t<div class=\"elementor-element elementor-element-ee3d114 e-grid e-con-boxed e-con e-parent\" data-id=\"ee3d114\" data-element_type=\"container\" data-e-type=\"container\">\n\t\t\t\t\t<div class=\"e-con-inner\">\n\t\t\t\t\t\n<hr class=\"e-divider-base\" data-interaction-id=\"85dba43\"  data-e-type=\"widget\" data-id=\"85dba43\" \/>\n\t\t\t\t\t<\/div>\n\t\t\t\t<\/div>\n\t\t<div class=\"elementor-element elementor-element-5ec8801 e-flex e-con-boxed e-con e-parent\" data-id=\"5ec8801\" data-element_type=\"container\" data-e-type=\"container\">\n\t\t\t\t\t<div class=\"e-con-inner\">\n\t\t<div class=\"elementor-element elementor-element-81e2d3c e-con-full e-flex e-con e-child\" data-id=\"81e2d3c\" data-element_type=\"container\" data-e-type=\"container\">\n\t\t\t\t\t\t\t\n\t\t\t<img class=\"e-image-base \" \n\t\t\t\t\tdata-interaction-id=\"9575df2\" \n\t\t \n\t\t data-e-type=\"widget\" data-id=\"9575df2\"\n\t\t\t\t\t\t\t\t\tid=\"528\"\n\t\t\t\t\t\t\t\t\t\t\t\tsrc=\"https:\/\/www.wig-ev.de\/wp-content\/uploads\/2026\/04\/WIG-Wanderung-2026-169x300.jpg\"\n\t\t\t\t\t\t\t\t\t\t\t\twidth=\"169\"\n\t\t\t\t\t\t\t\t\t\t\t\theight=\"300\"\n\t\t\t\t\t\t\t\t\t\t\t\tsrcset=\"https:\/\/www.wig-ev.de\/wp-content\/uploads\/2026\/04\/WIG-Wanderung-2026-169x300.jpg 169w, https:\/\/www.wig-ev.de\/wp-content\/uploads\/2026\/04\/WIG-Wanderung-2026-576x1024.jpg 576w, https:\/\/www.wig-ev.de\/wp-content\/uploads\/2026\/04\/WIG-Wanderung-2026.jpg 755w\"\n\t\t\t\t\t\t\t\t\t\t\t\talt=\"\"\n\t\t\t\t\t\t\/>\n\t\t\t\t\t<\/div>\n\t\t<div class=\"elementor-element elementor-element-23a409f e-con-full e-flex e-con e-child\" data-id=\"23a409f\" data-element_type=\"container\" data-e-type=\"container\">\n\t\t\t\t\t\t\t\t<p class=\"e-paragraph-base\" data-interaction-id=\"2d5bcce\"  data-e-type=\"widget\" data-id=\"2d5bcce\">\n\t\t\t\t\t\t\t\t\ud83e\udd7e Gemeinsam unterwegs \u2013 unsere WIG\u2011Wanderung steht an!<br><br>Am Sonntag, den 07. Juni 2026, laden wir euch herzlich zu unserer n\u00e4chsten WIG\u2011Wanderung ein.&nbsp; <br>Wir treffen uns um 12:00 Uhr am Roten Turm und machen uns von dort aus gemeinsam auf den Weg zum TG H\u00e4uschen in Rommersheim.<br><br>Ob mit Familie, Freunden oder einfach in guter Gesellschaft \u2013 wir freuen uns auf einen entspannten Nachmittag in der Natur.&nbsp;Und nat\u00fcrlich d\u00fcrfen auch Bollerwagen mit Proviant, guter Laune und allem, was man unterwegs so braucht, nicht fehlen!<br><br>\ud83d\udc9b Auch Nicht\u2011Mitglieder und die, die es werden m\u00f6chten sind nat\u00fcrlich herzlich willkommen. Kommt mit uns wandern und genie\u00dft einen sch\u00f6nen Tag voller Bewegung, Austausch und Gemeinschaft.\n\t\t\t\t\t<\/p>\n\t\t\t\t<\/div>\n\t\t\t\t\t<\/div>\n\t\t\t\t<\/div>\n\t\t<div class=\"elementor-element elementor-element-fa887c1 e-grid e-con-boxed e-con e-parent\" data-id=\"fa887c1\" data-element_type=\"container\" data-e-type=\"container\">\n\t\t\t\t\t<div class=\"e-con-inner\">\n\t\t\t\t\t\n<hr class=\"e-divider-base\" data-interaction-id=\"5c2db11\"  data-e-type=\"widget\" data-id=\"5c2db11\" \/>\n\t\t\t\t\t<\/div>\n\t\t\t\t<\/div>\n\t\t<div class=\"elementor-element elementor-element-a0f2d84 e-flex e-con-boxed e-con e-parent\" data-id=\"a0f2d84\" data-element_type=\"container\" data-e-type=\"container\">\n\t\t\t\t\t<div class=\"e-con-inner\">\n\t\t<div class=\"elementor-element elementor-element-1898031 e-con-full e-flex e-con e-child\" data-id=\"1898031\" data-element_type=\"container\" data-e-type=\"container\">\n\t\t\t\t\t\t\t\n\t\t\t<img class=\"e-image-base \" \n\t\t\t\t\tdata-interaction-id=\"b053acd\" \n\t\t \n\t\t data-e-type=\"widget\" data-id=\"b053acd\"\n\t\t\t\t\t\t\t\t\tid=\"396\"\n\t\t\t\t\t\t\t\t\t\t\t\tsrc=\"https:\/\/www.wig-ev.de\/wp-content\/uploads\/2026\/04\/story_wig_2026_06_28_kinderfest5147574124674377900-169x300.webp\"\n\t\t\t\t\t\t\t\t\t\t\t\twidth=\"169\"\n\t\t\t\t\t\t\t\t\t\t\t\theight=\"300\"\n\t\t\t\t\t\t\t\t\t\t\t\tsrcset=\"https:\/\/www.wig-ev.de\/wp-content\/uploads\/2026\/04\/story_wig_2026_06_28_kinderfest5147574124674377900-169x300.webp 169w, https:\/\/www.wig-ev.de\/wp-content\/uploads\/2026\/04\/story_wig_2026_06_28_kinderfest5147574124674377900-576x1024.webp 576w, https:\/\/www.wig-ev.de\/wp-content\/uploads\/2026\/04\/story_wig_2026_06_28_kinderfest5147574124674377900-768x1365.webp 768w, https:\/\/www.wig-ev.de\/wp-content\/uploads\/2026\/04\/story_wig_2026_06_28_kinderfest5147574124674377900-864x1536.webp 864w, https:\/\/www.wig-ev.de\/wp-content\/uploads\/2026\/04\/story_wig_2026_06_28_kinderfest5147574124674377900.webp 1080w\"\n\t\t\t\t\t\t\t\t\t\t\t\talt=\"\"\n\t\t\t\t\t\t\/>\n\t\t\t\t\t<\/div>\n\t\t<div class=\"elementor-element elementor-element-00c49b1 e-con-full e-flex e-con e-child\" data-id=\"00c49b1\" data-element_type=\"container\" data-e-type=\"container\">\n\t\t\t\t\t\t\t\t<p class=\"e-paragraph-base\" data-interaction-id=\"b787067\"  data-e-type=\"widget\" data-id=\"b787067\">\n\t\t\t\t\t\t\t\t\ud83c\udf88 Freut euch auf unser W\u00f6rrst\u00e4dter Kinder\u2011 &amp; Familienfest 2026 \ud83c\udf1e<br><br>Am 28. Juni ab 11 Uhr verwandelt sich das Sportgel\u00e4nde W\u00f6rrstadt (Neuborn\u202f2) wieder in ein Paradies f\u00fcr kleine und gro\u00dfe Besucher.<br><br>Freut euch auf ein buntes Programm mit H\u00fcpfburgen, Kinderschminken, Kinderolympiade, vielen \u00dcberraschungen, leckerem Essen &amp; Getr\u00e4nken \u2013 und nat\u00fcrlich auf die mitrei\u00dfende Performance vom Dance\u202fStudio\u202f12!<br><br>Ein Tag voller Spa\u00df, Bewegung und Gemeinschaft \u2013 f\u00fcr Familien, Freunde und alle, die W\u00f6rrstadt lieben.<br><br>\ud83d\udc9b Kommt vorbei, erlebt mit uns ein fr\u00f6hliches Fest und genie\u00dft den Sommer!\n\t\t\t\t\t<\/p>\n\t\t\t\t<\/div>\n\t\t\t\t\t<\/div>\n\t\t\t\t<\/div>\n\t\t<div class=\"elementor-element elementor-element-49c8c3e0 e-flex e-con-boxed e-con e-parent\" data-id=\"49c8c3e0\" data-element_type=\"container\" data-e-type=\"container\">\n\t\t\t\t\t<div class=\"e-con-inner\">\n\t\t\t\t<div class=\"elementor-element elementor-element-27c0b06d elementor-widget elementor-widget-text-editor\" data-id=\"27c0b06d\" data-element_type=\"widget\" data-e-type=\"widget\" data-widget_type=\"text-editor.default\">\n\t\t\t\t<div class=\"elementor-widget-container\">\n\t\t\t\t\t\t\t\t\t<figure class=\"wp-block-image size-large\"><\/figure>\n<p><!-- \/wp:image --><!-- wp:image {\"id\":387,\"linkDestination\":\"none\"} --><\/p>\n<p><!-- \/wp:image --><!-- wp:separator --><\/p>\n<hr class=\"wp-block-separator has-alpha-channel-opacity\" \/>\n<p><!-- \/wp:separator --><!-- wp:separator --><\/p>\n<hr class=\"wp-block-separator has-alpha-channel-opacity\" \/>\n<p><!-- \/wp:separator --><!-- wp:heading --><\/p>\n<h2 class=\"wp-block-heading\">2025<\/h2>\n<p><!-- \/wp:heading --><!-- wp:separator --><\/p>\n<hr class=\"wp-block-separator has-alpha-channel-opacity\" \/>\n<p><!-- \/wp:separator --><!-- wp:heading --><\/p>\n<h2 class=\"wp-block-heading\">W\u00f6rrst\u00e4dter Adventskalender 2025<\/h2>\n<p><!-- \/wp:heading --><!-- wp:paragraph --><\/p>\n<p>\ud83c\udf84 Der W\u00f6rrst\u00e4dter Adventskalender ist zur\u00fcck \u2013 ab 15.10.25 erh\u00e4ltlich!<\/p>\n<p><!-- \/wp:paragraph --><!-- wp:paragraph --><\/p>\n<p>Die Vorfreude auf den Advent beginnt genau jetzt! Ab dem 15. Oktober k\u00f6nnt ihr euch euren W\u00f6rrst\u00e4dter Adventskalender sichern \u2013 mit tollen Gewinnen, liebevoll gestalteten T\u00fcrchen und echtem Gemeinschaftsgef\u00fchl.<\/p>\n<p><!-- \/wp:paragraph --><!-- wp:paragraph --><\/p>\n<p>Ob f\u00fcr euch selbst, als Geschenk oder als kleine t\u00e4gliche Freude: Mitmachen lohnt sich! Hinter jedem T\u00fcrchen steckt die Chance auf attraktive Preise und ein St\u00fcck gelebte W\u00f6rrst\u00e4dter Tradition.<\/p>\n<p><!-- \/wp:paragraph --><!-- wp:paragraph --><\/p>\n<p>Alle Spielregeln und Infos zur Teilnahme findet ihr direkt beim Kalenderverkauf oder auf unseren Kan\u00e4len.<\/p>\n<p><!-- \/wp:paragraph --><!-- wp:paragraph --><\/p>\n<p>Mit jedem Kalender unterst\u00fctzt ihr direkt unsere Jugendorganisationen \u2013 der Erl\u00f6s bleibt komplett in W\u00f6rrstadt!<\/p>\n<p><!-- \/wp:paragraph --><!-- wp:paragraph --><\/p>\n<p>\ud83d\udd38 DRK-Jugend<\/p>\n<p><!-- \/wp:paragraph --><!-- wp:paragraph --><\/p>\n<p>\ud83d\udd38 Feuerwehr-Jugend<\/p>\n<p><!-- \/wp:paragraph --><!-- wp:paragraph --><\/p>\n<p>\ud83d\udd38 THW-Jugend<\/p>\n<p><!-- \/wp:paragraph --><!-- wp:paragraph --><\/p>\n<p>Hier bekommt ihr euren Kalender:<\/p>\n<p><!-- \/wp:paragraph --><!-- wp:paragraph --><\/p>\n<p>\ud83d\uded2 Rheinhessen Tierfachmarkt<\/p>\n<p><!-- \/wp:paragraph --><!-- wp:paragraph --><\/p>\n<p>\ud83d\udc8a Adler Apotheke<\/p>\n<p><!-- \/wp:paragraph --><!-- wp:paragraph --><\/p>\n<p>\ud83e\udde2 ZKstore24<\/p>\n<p><!-- \/wp:paragraph --><!-- wp:paragraph --><\/p>\n<p>\ud83c\udf40 Gl\u00fcckslotto Arisan<\/p>\n<p><!-- \/wp:paragraph --><!-- wp:paragraph --><\/p>\n<p>Jetzt kaufen, mitfiebern und Gutes tun \u2013 solange der Vorrat reicht! \ud83c\udf85\ud83c\udf1f<\/p>\n<p><!-- \/wp:paragraph --><!-- wp:paragraph --><\/p>\n<p>#wigf\u00fcreuch #unserw\u00f6rrstadt #GemeinsamStark<\/p>\n<p><!-- \/wp:paragraph --><!-- wp:image {\"id\":284,\"sizeSlug\":\"large\",\"linkDestination\":\"none\"} --><\/p>\n<figure class=\"wp-block-image size-large\"><img fetchpriority=\"high\" decoding=\"async\" class=\"alignnone wp-image-284 size-medium\" src=\"https:\/\/www.wig-ev.de\/wp-content\/uploads\/2025\/10\/IMG-20251003-WA0042-300x213.webp\" alt=\"\" width=\"300\" height=\"213\" srcset=\"https:\/\/www.wig-ev.de\/wp-content\/uploads\/2025\/10\/IMG-20251003-WA0042-300x213.webp 300w, https:\/\/www.wig-ev.de\/wp-content\/uploads\/2025\/10\/IMG-20251003-WA0042-1024x727.webp 1024w, https:\/\/www.wig-ev.de\/wp-content\/uploads\/2025\/10\/IMG-20251003-WA0042-768x545.webp 768w, https:\/\/www.wig-ev.de\/wp-content\/uploads\/2025\/10\/IMG-20251003-WA0042-1536x1091.webp 1536w, https:\/\/www.wig-ev.de\/wp-content\/uploads\/2025\/10\/IMG-20251003-WA0042.webp 1600w\" sizes=\"(max-width: 300px) 100vw, 300px\" \/><\/figure>\n<p><!-- \/wp:image --><!-- wp:separator --><\/p>\n<hr class=\"wp-block-separator has-alpha-channel-opacity\" \/>\n<p><!-- \/wp:separator --><!-- wp:paragraph --><\/p>\n<p>\ud83c\udf84\u2728 Startschuss f\u00fcr den W\u00f6rrst\u00e4dter Adventskalender 2025 \u2728\ud83c\udf84<\/p>\n<p>Liebe W\u00f6rrst\u00e4dterinnen und W\u00f6rrst\u00e4dter,\u00a0 <br \/>endlich ist es soweit \u2013 unser Adventskalender startet! Gemeinsam m\u00f6chten wir die Vorfreude auf Weihnachten mit euch teilen und gleichzeitig etwas zur\u00fcckgeben.\u00a0<\/p>\n<p>Heute \u00f6ffnen wir nicht nur das erste virtuelle T\u00fcrchen, sondern ver\u00f6ffentlichen auch die ersten 10 Gewinnnummern:\u00a0<\/p>\n<p>Gewinnnummern 01.12.2025\u00a0 <br \/>\u27a1\ufe0f 1970<br \/>\u27a1\ufe0f 1125<br \/>\u27a1\ufe0f 1216<br \/>\u27a1\ufe0f 1376<br \/>\u27a1\ufe0f 1450<br \/>\u27a1\ufe0f 1698<br \/>\u27a1\ufe0f 1717<br \/>\u27a1\ufe0f 1889<br \/>\u27a1\ufe0f 1745<br \/>\u27a1\ufe0f 1991<\/p>\n<p>\ud83c\udf81 Wir gratulieren den 10 gl\u00fccklichen Gewinnern und w\u00fcnschen viel Spa\u00df beim Weihnachts-Shopping im Weingut und G\u00e4stehaus Mussel.<\/p>\n<p>\ud83d\udc49 Tipp: Folgt t\u00e4glich unseren T\u00fcrchen-Posts \u2013 hinter jedem verbergen sich eine neue, spannende Gewinne, die uns alle durch die Adventszeit begleiten.\u00a0<\/p>\n<p>Lasst uns gemeinsam die Adventszeit feiern \u2013 mit Freude, Gemeinschaft und ein bisschen Gl\u00fcck! \ud83c\udf40\u2728\u00a0<\/p>\n<p>#W\u00f6rrst\u00e4dterAdventskalender #WIGAdvent #GemeinschaftGewinnt<\/p>\n<p><!-- \/wp:paragraph --><!-- wp:video {\"id\":326} --><\/p>\n<figure class=\"wp-block-video\"><video src=\"https:\/\/www.wig-ev.de\/wp-content\/uploads\/2025\/12\/2025-12-01-190342961.mp4\" controls=\"controls\" width=\"300\" height=\"150\"><\/video>\n<p>\u00a0<\/p>\n<figcaption class=\"wp-element-caption\">Hier klicken und das virtuelle T\u00fcrchen \u00f6ffnen<\/figcaption>\n<\/figure>\n<p><!-- \/wp:video --><!-- wp:paragraph --><\/p>\n<p><!-- \/wp:paragraph --><!-- wp:separator --><\/p>\n<hr class=\"wp-block-separator has-alpha-channel-opacity\" \/>\n<p><!-- \/wp:separator --><!-- wp:paragraph --><\/p>\n<p>\ud83c\udf84\u2728 Adventskalender-T\u00fcrchen 2 \u2728\ud83c\udf84<\/p>\n<p>Heute sprudelt nicht nur die Vorfreude auf Weihnachten!\u00a0 <br \/>Dank Getr\u00e4nke Schmidt verlosen wir 24 K\u00e4sten Mineralwasser \u2013 wahlweise Classic, Medium oder Naturell.\u00a0<\/p>\n<p>\ud83c\udf40 Jede gezogene Losnummer erh\u00e4lt einen Kasten \u2013 frisch, regional und perfekt f\u00fcr die Adventszeit.\u00a0<\/p>\n<p>\ud83d\udc49\u00a0 Gewinnnummern 02.12.2025\u00a0 <br \/>\u27a1\ufe0f 1015<br \/>\u27a1\ufe0f 1575<br \/>\u27a1\ufe0f 1198<br \/>\u27a1\ufe0f 1384<br \/>\u27a1\ufe0f 1467<br \/>\u27a1\ufe0f 1544<br \/>\u27a1\ufe0f 1665<br \/>\u27a1\ufe0f 1733<br \/>\u27a1\ufe0f 1851<br \/>\u27a1\ufe0f 1983<br \/>\u27a1\ufe0f 1965<br \/>\u27a1\ufe0f 1578<br \/>\u27a1\ufe0f 1589<br \/>\u27a1\ufe0f 1054<br \/>\u27a1\ufe0f 1148<br \/>\u27a1\ufe0f 1167<br \/>\u27a1\ufe0f 1270<br \/>\u27a1\ufe0f 1285<br \/>\u27a1\ufe0f 1346<br \/>\u27a1\ufe0f 1434<br \/>\u27a1\ufe0f 1514<br \/>\u27a1\ufe0f 1643<br \/>\u27a1\ufe0f 1788<br \/>\u27a1\ufe0f 1819<\/p>\n<p>Herzlichen Gl\u00fcckwunsch unseren 24 Gewinnern und ein ganz herzliches Dankesch\u00f6n an Getr\u00e4nke Schmidt f\u00fcr die Unterst\u00fctzung unserer Gemeinschaft! \ud83d\udc99\u00a0<\/p>\n<p>#W\u00f6rrst\u00e4dterAdventskalender #WIGAdvent #GemeinschaftGewinnt<\/p>\n<p><!-- \/wp:paragraph --><!-- wp:video {\"id\":328} --><\/p>\n<figure class=\"wp-block-video\"><video src=\"https:\/\/www.wig-ev.de\/wp-content\/uploads\/2025\/12\/2025-12-02-202752827-2.mp4\" controls=\"controls\" width=\"300\" height=\"150\"><\/video>\n<p>\u00a0<\/p>\n<figcaption class=\"wp-element-caption\">Hier klicken und das virtuelle T\u00fcrchen \u00f6ffnen<\/figcaption>\n<\/figure>\n<p><!-- \/wp:video --><!-- wp:separator --><\/p>\n<hr class=\"wp-block-separator has-alpha-channel-opacity\" \/>\n<p><!-- \/wp:separator --><!-- wp:paragraph --><\/p>\n<p>\ud83c\udf84\u2728 Adventskalender-T\u00fcrchen 3 \u2728\ud83c\udf84<\/p>\n<p>Heute wird\u2019s richtig lecker!\u00a0 <br \/>Das traditionsreiche Eiscaf\u00e9 Dolomiti in W\u00f6rrstadt, seit 1971 bekannt f\u00fcr handgemachtes Speiseeis aus frischen Fr\u00fcchten und ausgew\u00e4hlten Zutaten, stellt uns 5 Gutscheine im Wert von je 10 \u20ac zur Verf\u00fcgung.\u00a0<\/p>\n<p>\ud83c\udf68 Ob cremiges Eis, fruchtige Sorten oder ein entspannter Aufenthalt am Neunr\u00f6hrenplatz \u2013 mit den Gutscheinen k\u00f6nnt ihr euch selbst oder euren Liebsten eine kleine Auszeit g\u00f6nnen.\u00a0<\/p>\n<p>\ud83d\udc49 Gewinnnummern 03.12.2025\u00a0 <br \/>\u27a1\ufe0f 1831<br \/>\u27a1\ufe0f 1587<br \/>\u27a1\ufe0f 1260<br \/>\u27a1\ufe0f 1603<br \/>\u27a1\ufe0f 1478<\/p>\n<p>Herzlichen Gl\u00fcckwunsch unseren 5 Gewinnern \ud83c\udf40<\/p>\n<p>Ein herzliches Dankesch\u00f6n an Giuseppe Floris und sein Team vom Eiscaf\u00e9 Dolomiti f\u00fcr die Unterst\u00fctzung unserer Adventsaktion und die Leidenschaft, mit der sie seit Jahrzehnten echte Genussmomente schaffen.\u00a0<\/p>\n<p>#W\u00f6rrst\u00e4dterAdventskalender #WIGAdvent #DolomitiEiscafe #GemeinschaftGewinnt<\/p>\n<p><!-- \/wp:paragraph --><!-- wp:video {\"id\":330} --><\/p>\n<figure class=\"wp-block-video\"><video src=\"https:\/\/www.wig-ev.de\/wp-content\/uploads\/2025\/12\/2025-12-03-194243362.mp4\" controls=\"controls\" width=\"300\" height=\"150\"><\/video>\n<p>\u00a0<\/p>\n<figcaption class=\"wp-element-caption\">Hier klicken und das virtuelle T\u00fcrchen \u00f6ffnen<\/figcaption>\n<\/figure>\n<p><!-- \/wp:video --><!-- wp:separator --><\/p>\n<hr class=\"wp-block-separator has-alpha-channel-opacity\" \/>\n<p><!-- \/wp:separator --><!-- wp:paragraph --><\/p>\n<p>\uf384\u2728 Adventskalender-T\u00fcrchen 4 \u2728\uf384<\/p>\n<p><!-- \/wp:paragraph --><!-- wp:paragraph --><\/p>\n<p>Heute steckt im T\u00fcrchen ein St\u00fcck Gl\u00fcck und Alltagshilfe!\u00a0<br \/>Das Gl\u00fcckslotto &amp; Schreibwarenhandel Arisan in W\u00f6rrstadt stellt uns 5 Gutscheine im Wert von je 10 \u20ac zur Verf\u00fcgung.\u00a0<\/p>\n<p><!-- \/wp:paragraph --><!-- wp:paragraph --><\/p>\n<p>\uf58a\ufe0f Ob Schreibwaren f\u00fcr Schule und B\u00fcro, kleine Geschenkideen oder ein Tipp f\u00fcrs Lotto \u2013 mit den Gutscheinen k\u00f6nnt ihr euch selbst etwas Sch\u00f6nes g\u00f6nnen.\u00a0<\/p>\n<p><!-- \/wp:paragraph --><!-- wp:paragraph --><\/p>\n<p>\uf449 Gewinnnummern 04.12.2025<br \/>\u27a1\ufe0f 1876<br \/>\u27a1\ufe0f 1597<br \/>\u27a1\ufe0f 1482<br \/>\u27a1\ufe0f 1602<br \/>\u27a1\ufe0f 1297<\/p>\n<p><!-- \/wp:paragraph --><!-- wp:paragraph --><\/p>\n<p>Ein herzliches Dankesch\u00f6n an das Team von Arisan f\u00fcr die Unterst\u00fctzung unserer Adventsaktion und die Bereicherung des W\u00f6rrst\u00e4dter Alltags. \ud83d\uddfa<\/p>\n<p><!-- \/wp:paragraph --><!-- wp:video {\"id\":338} --><\/p>\n<figure class=\"wp-block-video\"><video src=\"https:\/\/www.wig-ev.de\/wp-content\/uploads\/2025\/12\/2025-12-07-154504429.mp4\" controls=\"controls\" width=\"300\" height=\"150\"><\/video>\n<p>\u00a0<\/p>\n<figcaption class=\"wp-element-caption\">Hier klicken und das virtuelle T\u00fcrchen \u00f6ffnen<\/figcaption>\n<\/figure>\n<p><!-- \/wp:video --><!-- wp:paragraph --><\/p>\n<p>#W\u00f6rrst\u00e4dterAdventskalender #WIGAdvent #GemeinschaftGewinnt<\/p>\n<p><!-- \/wp:paragraph --><!-- wp:video {\"id\":332} --><\/p>\n<figure class=\"wp-block-video\"><video src=\"https:\/\/www.wig-ev.de\/wp-content\/uploads\/2025\/12\/2024-12-04-172901528.mp4\" controls=\"controls\" width=\"300\" height=\"150\"><\/video>\n<p>\u00a0<\/p>\n<figcaption class=\"wp-element-caption\">Hier klicken und das virtuelle T\u00fcrchen \u00f6ffnen<\/figcaption>\n<\/figure>\n<p><!-- \/wp:video --><!-- wp:video {\"id\":350} --><\/p>\n<figure class=\"wp-block-video\"><video src=\"https:\/\/www.wig-ev.de\/wp-content\/uploads\/2025\/12\/2024-12-13-184341773-1-concat-v.mp4\" controls=\"controls\" width=\"300\" height=\"150\"><\/video>\n<p>\u00a0<\/p>\n<figcaption class=\"wp-element-caption\">Hier klicken und das virtuelle T\u00fcrchen \u00f6ffnen<\/figcaption>\n<\/figure>\n<p><!-- \/wp:video --><!-- wp:separator --><\/p>\n<hr class=\"wp-block-separator has-alpha-channel-opacity\" \/>\n<p><!-- \/wp:separator --><!-- wp:paragraph --><\/p>\n<p>\ud83c\udf84\u2728 Adventskalender-T\u00fcrchen 5 \u2728\ud83c\udf84<\/p>\n<p>Heute hei\u00dft es: Let\u2019s get moving!\u00a0 <br \/>Das DanceStudio 12 in W\u00f6rrstadt, gegr\u00fcndet von der T\u00e4nzerin und Choreographin Plamena, steht f\u00fcr Leidenschaft, Energie und Gemeinschaft. Hier wird Tanz nicht nur als Bewegung verstanden, sondern als Ausdruck von Kreativit\u00e4t und als Ort, an dem sich jede:r willkommen f\u00fchlt.\u00a0<\/p>\n<p>\ud83d\udc83\ud83d\udd7a F\u00fcr unsere gl\u00fccklichen Gewinner gibt es heute 3 Gutscheine im Wert von je 50 \u20ac \u2013 perfekt, um einen Kurs auszuprobieren, neue Tanzstile zu entdecken oder einfach Teil der Tanzfamilie zu werden.\u00a0<\/p>\n<p>\ud83d\udc49 Gewinnnummern 05.12.2025<br \/>\u27a1\ufe0f 1235<br \/>\u27a1\ufe0f 1561<br \/>\u27a1\ufe0f 1958<\/p>\n<p>Ein herzliches Dankesch\u00f6n an das Team vom DanceStudio 12 f\u00fcr die Unterst\u00fctzung unserer Adventsaktion und f\u00fcr die Leidenschaft, mit der sie Tanz und Gemeinschaft in W\u00f6rrstadt lebendig machen. \ud83d\udc99\u00a0<\/p>\n<p>#W\u00f6rrst\u00e4dterAdventskalender #WIGAdvent #DanceStudio12 #GemeinschaftGewinnt<\/p>\n<p><!-- \/wp:paragraph --><!-- wp:video {\"id\":334} --><\/p>\n<figure class=\"wp-block-video\"><video src=\"https:\/\/www.wig-ev.de\/wp-content\/uploads\/2025\/12\/2025-12-05-231151092.mp4\" controls=\"controls\" width=\"300\" height=\"150\"><\/video>\n<p>\u00a0<\/p>\n<figcaption class=\"wp-element-caption\">Hier klicken und das virtuelle T\u00fcrchen \u00f6ffnen<\/figcaption>\n<\/figure>\n<p><!-- \/wp:video --><!-- wp:separator --><\/p>\n<hr class=\"wp-block-separator has-alpha-channel-opacity\" \/>\n<p><!-- \/wp:separator --><!-- wp:paragraph --><\/p>\n<p>\ud83c\udf84\u2728 Adventskalender-T\u00fcrchen 6 \u2728\ud83c\udf84<\/p>\n<p><!-- \/wp:paragraph --><!-- wp:paragraph --><\/p>\n<p>Heute \u00f6ffnen wir das 6. T\u00fcrchen \u2013 und es wird praktisch!\u00a0<br \/>Das Team von MB Autoteile &amp; Zubeh\u00f6r in W\u00f6rrstadt, euer Coparts-Plus-System-H\u00e4ndler vor Ort, stellt uns 4 Gutscheine im Wert von je 15 \u20ac zur Verf\u00fcgung.\u00a0<\/p>\n<p><!-- \/wp:paragraph --><!-- wp:paragraph --><\/p>\n<p>\ud83d\ude98 MB Autoteile bietet euch eine gro\u00dfe Vielfalt an Ersatzteilen und Zubeh\u00f6r f\u00fcr alle Fabrikate, Modelle und Baujahre \u2013 nat\u00fcrlich in Original-Markenqualit\u00e4t und zu fairen Preisen. Mit kompetenter Beratung und einem motivierten Team ist MB Autoteile seit Jahren eine verl\u00e4ssliche Adresse f\u00fcr alle, die ihr Fahrzeug pflegen oder instandhalten m\u00f6chten.\u00a0<\/p>\n<p><!-- \/wp:paragraph --><!-- wp:paragraph --><\/p>\n<p>\ud83d\udc49 Gewinnnummern 06.12.2025<br \/>\u27a1\ufe0f 1894<br \/>\u27a1\ufe0f 1657<br \/>\u27a1\ufe0f 1900<br \/>\u27a1\ufe0f 1291<\/p>\n<p><!-- \/wp:paragraph --><!-- wp:paragraph --><\/p>\n<p>Ein herzliches Dankesch\u00f6n an MB Autoteile f\u00fcr die Unterst\u00fctzung unserer Adventsaktion und f\u00fcr die zuverl\u00e4ssige Versorgung der W\u00f6rrst\u00e4dter:innen mit hochwertigen Autoteilen. \ud83d\ude97<\/p>\n<p><!-- \/wp:paragraph --><!-- wp:paragraph --><\/p>\n<p>#W\u00f6rrst\u00e4dterAdventskalender #WIGAdvent #MBAutoteile #GemeinschaftGewinnt\u00a0<\/p>\n<p><!-- \/wp:paragraph --><!-- wp:video {\"id\":336} --><\/p>\n<figure class=\"wp-block-video\"><video src=\"https:\/\/www.wig-ev.de\/wp-content\/uploads\/2025\/12\/2025-12-06-194329831.mp4\" controls=\"controls\" width=\"300\" height=\"150\"><\/video>\n<p>\u00a0<\/p>\n<figcaption class=\"wp-element-caption\">Hier klicken und das virtuelle T\u00fcrchen \u00f6ffnen<\/figcaption>\n<\/figure>\n<p><!-- \/wp:video --><!-- wp:separator --><\/p>\n<hr class=\"wp-block-separator has-alpha-channel-opacity\" \/>\n<p><!-- \/wp:separator --><!-- wp:paragraph --><\/p>\n<p>\ud83c\udf84\u2728 Adventskalender-T\u00fcrchen 7 \u2728\ud83c\udf84<\/p>\n<p><!-- \/wp:paragraph --><!-- wp:paragraph --><\/p>\n<p>Heute \u00f6ffnen wir das 7. T\u00fcrchen \u2013 und es wird k\u00f6stlich!\u00a0<br \/>Der t\u00fcrkische Lebensmittelmarkt BIN 1 in W\u00f6rrstadt stellt uns 5 Gutscheine im Wert von je 10 \u20ac zur Verf\u00fcgung.\u00a0<\/p>\n<p><!-- \/wp:paragraph --><!-- wp:paragraph --><\/p>\n<p>\ud83e\udd66\ud83c\udf4d Ob frisches Obst und Gem\u00fcse, orientalische Spezialit\u00e4ten oder Zutaten f\u00fcr eure Lieblingsgerichte \u2013 bei BIN 1 findet ihr eine gro\u00dfe Auswahl an Lebensmitteln, die euren Alltag bereichern und f\u00fcr kulinarische Vielfalt sorgen.\u00a0<\/p>\n<p><!-- \/wp:paragraph --><!-- wp:paragraph --><\/p>\n<p>\ud83d\udc49 Gewinnnummern 07.12.2025<br \/>\u27a1\ufe0f 1880<br \/>\u27a1\ufe0f 1790<br \/>\u27a1\ufe0f 1497<br \/>\u27a1\ufe0f 1165<br \/>\u27a1\ufe0f 2005<\/p>\n<p><!-- \/wp:paragraph --><!-- wp:paragraph --><\/p>\n<p>Ein herzliches Dankesch\u00f6n an BIN 1 f\u00fcr die Unterst\u00fctzung unserer Adventsaktion und die Bereicherung des W\u00f6rrst\u00e4dter Angebots mit internationalen Spezialit\u00e4ten. \ud83d\uddfa<\/p>\n<p><!-- \/wp:paragraph --><!-- wp:paragraph --><\/p>\n<p>#W\u00f6rrst\u00e4dterAdventskalender #WIGAdvent #BIN1W\u00f6rrstadt #GemeinschaftGewinnt<\/p>\n<p><!-- \/wp:paragraph --><!-- wp:separator --><\/p>\n<hr class=\"wp-block-separator has-alpha-channel-opacity\" \/>\n<p><!-- \/wp:separator --><!-- wp:paragraph --><\/p>\n<p>\ud83c\udf84\u2728 Adventskalender-T\u00fcrchen 8 \u2728\ud83c\udf84<\/p>\n<p>Heute hei\u00dft es: Alle gewinnen!\u00a0 <br \/>Das Weingut Weinmann in W\u00f6rrstadt, gef\u00fchrt von Ute und Gunter Weinmann, verbindet seit vielen Jahren die Leidenschaft f\u00fcr Rheinhessen und die Pfalz. Mit Herzblut entstehen hier fruchtige Wei\u00dfweine, charaktervolle Rotweine und besondere \u201eSonntagsweine\u201c, die Genussmomente f\u00fcr jede Gelegenheit schaffen.\u00a0<\/p>\n<p>\ud83c\udf77 F\u00fcr alle Besitzer:innen unseres Adventskalenders gibt es bis zum 31.12.2025 einen exklusiven Vorteil:\u00a0 <br \/>\ud83d\udc49 10 % Rabatt auf euren Einkauf beim Weingut Weinmann!\u00a0<\/p>\n<p>Ob spritziger Riesling, kr\u00e4ftiger Sp\u00e4tburgunder oder ein besonderer Tropfen f\u00fcr die Feiertage \u2013 hier findet ihr garantiert den passenden Wein, um die Adventszeit und den Jahresausklang genussvoll zu begleiten.\u00a0<\/p>\n<p>Ein herzliches Dankesch\u00f6n an das Weingut Weinmann f\u00fcr die Unterst\u00fctzung unserer Adventsaktion und f\u00fcr die Leidenschaft, mit der sie unsere Region bereichern. \ud83d\udc99\u00a0<\/p>\n<p>W\u00f6rrst\u00e4dterAdventskalender #WIGAdvent #WeingutWeinmann #GemeinschaftGewinnt<\/p>\n<p><!-- \/wp:paragraph --><!-- wp:video {\"id\":340} --><\/p>\n<figure class=\"wp-block-video\"><video src=\"https:\/\/www.wig-ev.de\/wp-content\/uploads\/2025\/12\/2025-12-08-190522539.mp4\" controls=\"controls\" width=\"300\" height=\"150\"><\/video>\n<p>\u00a0<\/p>\n<figcaption class=\"wp-element-caption\">Hier klicken und das virtuelle T\u00fcrchen \u00f6ffnen<\/figcaption>\n<\/figure>\n<p><!-- \/wp:video --><!-- wp:separator --><\/p>\n<hr class=\"wp-block-separator has-alpha-channel-opacity\" \/>\n<p><!-- \/wp:separator --><!-- wp:paragraph --><\/p>\n<p>\ud83c\udf84\u2728 Adventskalender-T\u00fcrchen 9 \u2728\ud83c\udf84<\/p>\n<p>Heute \u00f6ffnen wir das 9. T\u00fcrchen \u2013 und es duftet nach Luxus!\u00a0 <br \/>Der ZK Store24 in W\u00f6rrstadt stellt uns 3 Gutscheine im Wert von je 10 \u20ac zur Verf\u00fcgung.\u00a0<\/p>\n<p>\ud83c\udf38 Bei ZK Store24 findet ihr eine gro\u00dfe Auswahl an hochwertigen Parfums f\u00fcr Damen, Herren und Unisex \u2013 von bekannten Marken bis hin zu exklusiven Nischen-D\u00fcften. Neben Parfums gibt es auch Kosmetik, Kerzen und Geschenkideen, die perfekt zur Adventszeit passen.\u00a0<\/p>\n<p>\ud83d\udc49 Gewinnnummern 09.12.2025<br \/>\u27a1\ufe0f 1877<br \/>\u27a1\ufe0f 1489<br \/>\u27a1\ufe0f 1182<\/p>\n<p>Ein herzliches Dankesch\u00f6n an ZK Store24 f\u00fcr die Unterst\u00fctzung unserer Adventsaktion und f\u00fcr die Bereicherung des W\u00f6rrst\u00e4dter Angebots mit besonderen Duft- und Lifestyle-Produkten. \ud83d\udc99\u00a0<\/p>\n<p>#W\u00f6rrst\u00e4dterAdventskalender #WIGAdvent #ZKStore24 #GemeinschaftGewinnt<\/p>\n<p><!-- \/wp:paragraph --><!-- wp:video {\"id\":342} --><\/p>\n<figure class=\"wp-block-video\"><video src=\"https:\/\/www.wig-ev.de\/wp-content\/uploads\/2025\/12\/2025-12-09-204640777.mp4\" controls=\"controls\" width=\"300\" height=\"150\"><\/video>\n<p>\u00a0<\/p>\n<figcaption class=\"wp-element-caption\">Hier klicken und das virtuelle T\u00fcrchen \u00f6ffnen<\/figcaption>\n<\/figure>\n<p><!-- \/wp:video --><!-- wp:separator --><\/p>\n<hr class=\"wp-block-separator has-alpha-channel-opacity\" \/>\n<p><!-- \/wp:separator --><!-- wp:paragraph --><\/p>\n<p>\ud83c\udf84\u2728 Adventskalender-T\u00fcrchen 10 \u2728\ud83c\udf84<\/p>\n<p>Unser 10. T\u00fcrchen wird vielseitig!\u00a0 <br \/>Das KaDeW\u00f6 &#8211; das Kaufhaus der W\u00f6rrst\u00e4dter &#8211; stellt uns 10 Gutscheine im Wert von je 10 \u20ac zur Verf\u00fcgung.\u00a0<\/p>\n<p>\ud83d\udecd\ufe0f Hier findet ihr ein breites Sortiment: von Mode und Accessoires \u00fcber Geschenkideen bis hin zu Haushaltswaren und Gartenartikeln. Das Warenhaus ist seit Jahren eine feste Anlaufstelle in W\u00f6rrstadt und steht f\u00fcr Vielfalt, Inspiration und pers\u00f6nliche Beratung.\u00a0<\/p>\n<p>\ud83d\udc49 Gewinnnummern 10.12.2025<br \/>\u27a1\ufe0f 1191<br \/>\u27a1\ufe0f 1980<br \/>\u27a1\ufe0f 1268<br \/>\u27a1\ufe0f 1035<br \/>\u27a1\ufe0f 1798<br \/>\u27a1\ufe0f 1809<br \/>\u27a1\ufe0f 1644<br \/>\u27a1\ufe0f 1585<br \/>\u27a1\ufe0f 1483<br \/>\u27a1\ufe0f 2001<\/p>\n<p>Ein herzliches Dankesch\u00f6n an das Team von KaDeW\u00f6 f\u00fcr die Unterst\u00fctzung unserer Adventsaktion und f\u00fcr die Bereicherung des W\u00f6rrst\u00e4dter Angebots mit einem Warenhaus, das wirklich f\u00fcr jede:n etwas bereith\u00e4lt. \ud83d\udc99\u00a0<\/p>\n<p>#W\u00f6rrst\u00e4dterAdventskalender #WIGAdvent #KaDeWeW\u00f6rrstadt #GemeinschaftGewinnt<\/p>\n<p><!-- \/wp:paragraph --><!-- wp:video {\"id\":344} --><\/p>\n<figure class=\"wp-block-video\"><video src=\"https:\/\/www.wig-ev.de\/wp-content\/uploads\/2025\/12\/2025-12-10-203305739.mp4\" controls=\"controls\" width=\"300\" height=\"150\"><\/video>\n<p>\u00a0<\/p>\n<figcaption class=\"wp-element-caption\">Hier klicken und das virtuelle T\u00fcrchen \u00f6ffnen<\/figcaption>\n<\/figure>\n<p><!-- \/wp:video --><!-- wp:separator --><\/p>\n<hr class=\"wp-block-separator has-alpha-channel-opacity\" \/>\n<p><!-- \/wp:separator --><!-- wp:paragraph --><\/p>\n<p>\ud83c\udf84\u2728 Adventskalender-T\u00fcrchen 11 \u2728\ud83c\udf84<\/p>\n<p>Heute \u00f6ffnen wir das 11. T\u00fcrchen \u2013 und es geht um unsere tierischen Freunde!\u00a0 <br \/>Der Tierfachmarkt Rheinhessen stellt uns 4 Gutscheine im Wert von je 25 \u20ac zur Verf\u00fcgung.\u00a0<\/p>\n<p>\ud83d\udc3e Der inhabergef\u00fchrte Fachmarkt steht f\u00fcr individuelle Futterberatung, pers\u00f6nliche Betreuung und ehrliche Empfehlungen \u2013 immer mit Herz und Leidenschaft f\u00fcr Tiere. Hier findet ihr alles, was eure Lieblinge brauchen: hochwertiges Futter, Zubeh\u00f6r und kompetente Beratung.\u00a0<\/p>\n<p>\ud83d\udc49 Gewinnnummern 11.12.2025<br \/>\u27a1\ufe0f 1832<br \/>\u27a1\ufe0f 1495<br \/>\u27a1\ufe0f 1508<br \/>\u27a1\ufe0f 1641<\/p>\n<p>Ein herzliches Dankesch\u00f6n an den Tierfachmarkt Rheinhessen f\u00fcr die Unterst\u00fctzung unserer Adventsaktion und f\u00fcr das Engagement, mit dem sie das Wohl unserer Tiere in den Mittelpunkt stellen. \ud83d\udc99\u00a0<\/p>\n<p>#W\u00f6rrst\u00e4dterAdventskalender #WIGAdvent #TierfachmarktRheinhessen #GemeinschaftGewinnt<\/p>\n<p><!-- \/wp:paragraph --><!-- wp:video {\"id\":346} --><\/p>\n<figure class=\"wp-block-video\"><video src=\"https:\/\/www.wig-ev.de\/wp-content\/uploads\/2025\/12\/2025-12-11-211534210.mp4\" controls=\"controls\" width=\"300\" height=\"150\"><\/video>\n<p>\u00a0<\/p>\n<figcaption class=\"wp-element-caption\">Hier klicken und das virtuelle T\u00fcrchen \u00f6ffnen<\/figcaption>\n<\/figure>\n<p><!-- \/wp:video --><!-- wp:separator --><\/p>\n<hr class=\"wp-block-separator has-alpha-channel-opacity\" \/>\n<p><!-- \/wp:separator --><!-- wp:paragraph --><\/p>\n<p>\ud83c\udf84\u2728 Adventskalender-T\u00fcrchen 12\u2728\ud83c\udf84<\/p>\n<p>Heute \u00f6ffnen wir das 12. T\u00fcrchen \u2013 und es wird wohltuend!\u00a0 <br \/>Die Adler Apotheke W\u00f6rrstadt stellt uns 3 Geschenksets der Naturkosmetikmarke Weleda zur Verf\u00fcgung.\u00a0<\/p>\n<p>\ud83c\udf3f Weleda steht seit \u00fcber 100 Jahren f\u00fcr hochwertige Pflegeprodukte auf Basis nat\u00fcrlicher Inhaltsstoffe. Ob entspannende Cremes, pflegende \u00d6le oder wohltuende Duschgels \u2013 die Sets sind perfekt, um K\u00f6rper und Seele in der Adventszeit zu verw\u00f6hnen.\u00a0<\/p>\n<p>\ud83d\udc49\u00a0 Gewinnnummern 12.12.2025<br \/>\u27a1\ufe0f 1865<br \/>\u27a1\ufe0f 1249<br \/>\u27a1\ufe0f 2009<\/p>\n<p>Ein herzliches Dankesch\u00f6n an die Adler Apotheke W\u00f6rrstadt f\u00fcr die Unterst\u00fctzung unserer Adventsaktion und f\u00fcr das Engagement, mit dem sie Gesundheit und Wohlbefinden in unserer Region f\u00f6rdern. \ud83d\udc99\u00a0<\/p>\n<p>#W\u00f6rrst\u00e4dterAdventskalender #WIGAdvent #AdlerApotheke #Weleda #GemeinschaftGewinnt<\/p>\n<p><!-- \/wp:paragraph --><!-- wp:video {\"id\":348} --><\/p>\n<figure class=\"wp-block-video\"><video src=\"https:\/\/www.wig-ev.de\/wp-content\/uploads\/2025\/12\/2024-12-12-173018136-1-concat-v.mp4\" controls=\"controls\" width=\"300\" height=\"150\"><\/video>\n<p>\u00a0<\/p>\n<figcaption class=\"wp-element-caption\">Hier klicken und das virtuelle T\u00fcrchen \u00f6ffnen<\/figcaption>\n<\/figure>\n<p><!-- \/wp:video --><!-- wp:separator --><\/p>\n<hr class=\"wp-block-separator has-alpha-channel-opacity\" \/>\n<p><!-- \/wp:separator --><!-- wp:paragraph --><\/p>\n<p>\ud83c\udf84\u2728 Adventskalender-T\u00fcrchen 13 \u2728\ud83c\udf84<\/p>\n<p>Heute \u00f6ffnen wir das 13. T\u00fcrchen \u2013 und es wird bunt!\u00a0 <br \/>Das Farbforum W\u00f6rrstadt, euer Fachhandel und Malerbetrieb f\u00fcr alles rund ums farbige Wohnen, stellt uns 2 Gutscheine im Wert von je 50 \u20ac zur Verf\u00fcgung.\u00a0<\/p>\n<p>\ud83c\udfa8 Ob Farben, Tapeten, Bodenbel\u00e4ge oder professionelle Malerarbeiten \u2013 das Farbforum bietet euch eine gro\u00dfe Auswahl und kompetente Beratung, um eure Wohntr\u00e4ume zu verwirklichen. Mit individueller Betreuung und einem breiten Sortiment ist das Team seit Jahren eine feste Adresse f\u00fcr alle, die ihr Zuhause versch\u00f6nern m\u00f6chten.\u00a0<\/p>\n<p>\ud83d\udc49\u00a0 Gewinnnummern 13.12.2025<br \/>\u27a1\ufe0f 1962<br \/>\u27a1\ufe0f 1168<\/p>\n<p>Ein herzliches Dankesch\u00f6n an das Farbforum W\u00f6rrstadt f\u00fcr die Unterst\u00fctzung unserer Adventsaktion und f\u00fcr die Leidenschaft, mit der sie Farbe und Wohlgef\u00fchl in unsere Region bringen. \ud83d\udc99\u00a0<\/p>\n<p>#W\u00f6rrst\u00e4dterAdventskalender #WIGAdvent #FarbforumW\u00f6rrstadt #GemeinschaftGewinnt<\/p>\n<p><!-- \/wp:paragraph --><!-- wp:separator --><\/p>\n<hr class=\"wp-block-separator has-alpha-channel-opacity\" \/>\n<p><!-- \/wp:separator --><!-- wp:paragraph --><\/p>\n<p>\ud83c\udf84\u2728 Adventskalender-T\u00fcrchen 14 \u2728\ud83c\udf84<\/p>\n<p>Unser 14. T\u00fcrchen steht ganz im Sinne eures Wohlbefindens!\u00a0 <br \/>Die Physiotherapie Praxis Jennifer Stemmler stellt uns 5 Gutscheine im Wert von je 10 \u20ac zur Verf\u00fcgung.\u00a0<\/p>\n<p>\ud83d\udc86\u200d\u2640\ufe0f Die Praxis steht f\u00fcr pers\u00f6nliche Betreuung, individuelle Therapie und ganzheitliche Ans\u00e4tze, die K\u00f6rper und Gesundheit st\u00e4rken. Mit viel Herz und Fachkompetenz wird daf\u00fcr gesorgt, dass ihr euch rundum wohlf\u00fchlt \u2013 sei es durch klassische Physiotherapie, pr\u00e4ventive Anwendungen oder gezielte Beratung.\u00a0<\/p>\n<p>\ud83d\udc49\u00a0 Gewinnnummern 14.12.2025<br \/>\u27a1\ufe0f 1253<br \/>\u27a1\ufe0f 1929<br \/>\u27a1\ufe0f 1170<br \/>\u27a1\ufe0f 1081<br \/>\u27a1\ufe0f 1417<\/p>\n<p>Ein herzliches Dankesch\u00f6n an die Physiotherapie Praxis Jennifer Stemmler f\u00fcr die Unterst\u00fctzung unserer Adventsaktion und f\u00fcr das Engagement, mit dem sie Gesundheit und Lebensqualit\u00e4t in W\u00f6rrstadt f\u00f6rdert. \ud83d\udc99\u00a0<\/p>\n<p>#W\u00f6rrst\u00e4dterAdventskalender #WIGAdvent #PhysiotherapieStemmler #GemeinschaftGewinnt<\/p>\n<p><!-- \/wp:paragraph --><!-- wp:video {\"id\":352} --><\/p>\n<figure class=\"wp-block-video\"><video src=\"https:\/\/www.wig-ev.de\/wp-content\/uploads\/2025\/12\/2024-12-14-181142039-1-concat-v.mp4\" controls=\"controls\" width=\"300\" height=\"150\"><\/video>\n<p>\u00a0<\/p>\n<figcaption class=\"wp-element-caption\">Hier klicken und das virtuelle T\u00fcrchen \u00f6ffnen<\/figcaption>\n<\/figure>\n<p><!-- \/wp:video --><!-- wp:separator --><\/p>\n<hr class=\"wp-block-separator has-alpha-channel-opacity\" \/>\n<p><!-- \/wp:separator --><!-- wp:paragraph --><\/p>\n<p>\ud83c\udf84\u2728 Adventskalender-T\u00fcrchen 15 \u2728\ud83c\udf84<\/p>\n<p>Unser 15. T\u00fcrchen ist bl\u00fchend sch\u00f6n!\u00a0 <br \/>Wildwuchs W\u00f6rrstadt, das kreative Floristik-Fachgesch\u00e4ft von Miriam Babel, stellt uns 3 Gutscheine im Wert von je 30 \u20ac zur Verf\u00fcgung.\u00a0<\/p>\n<p>\ud83c\udf38 Wildwuchs ist weit \u00fcber die Grenzen von W\u00f6rrstadt hinaus bekannt f\u00fcr Event- und Themenfloristik, sowie Blumengeschenke jeder Art. Mit viel Liebe entstehen hier au\u00dfergew\u00f6hnliche Blumenkreationen \u2013 inspiriert von der Natur, aus Wildblumen und alten Sorten, immer frisch und individuell.\u00a0<\/p>\n<p>Ob festlicher Strau\u00df, Tischdeko oder ein besonderes Geschenk: Bei Wildwuchs findet ihr Qualit\u00e4t, Frische und Haltbarkeit, denn die Blumen stammen ausschlie\u00dflich von ausgew\u00e4hlten Lieferanten und G\u00e4rtnereien aus der Region.\u00a0<\/p>\n<p>\ud83d\udc49\u00a0 Gewinnnummern 15.12.2025<br \/>\u27a1\ufe0f 1215<br \/>\u27a1\ufe0f 1864<br \/>\u27a1\ufe0f 1992<\/p>\n<p>Ein herzliches Dankesch\u00f6n an Wildwuchs W\u00f6rrstadt f\u00fcr die Unterst\u00fctzung unserer Adventsaktion und f\u00fcr die Leidenschaft, mit der sie unsere Region mit Farben, Kreativit\u00e4t und bl\u00fchenden Ideen bereichern. \ud83d\udc99\u00a0<\/p>\n<p>#W\u00f6rrst\u00e4dterAdventskalender #WIGAdvent #WildwuchsW\u00f6rrstadt #GemeinschaftGewinnt<\/p>\n<p><!-- \/wp:paragraph --><!-- wp:video {\"id\":354} --><\/p>\n<figure class=\"wp-block-video\"><video src=\"https:\/\/www.wig-ev.de\/wp-content\/uploads\/2025\/12\/lv_7581217330219224373_20251215194758-1.mp4\" controls=\"controls\" width=\"300\" height=\"150\"><\/video>\n<p>\u00a0<\/p>\n<figcaption class=\"wp-element-caption\">Hier klicken und das virtuelle T\u00fcrchen \u00f6ffnen<\/figcaption>\n<\/figure>\n<p><!-- \/wp:video --><!-- wp:separator --><\/p>\n<hr class=\"wp-block-separator has-alpha-channel-opacity\" \/>\n<p><!-- \/wp:separator --><!-- wp:paragraph --><\/p>\n<p>\ud83c\udf84\u2728 Adventskalender-T\u00fcrchen 16 \u2728\ud83c\udf84<\/p>\n<p>Heute \u00f6ffnen wir das 16. T\u00fcrchen \u2013 und es wird genussvoll!\u00a0 <br \/>Das traditionsreiche Weingut B\u00f6hm in W\u00f6rrstadt, seit 1887 fest in Rheinhessen verwurzelt, stellt uns 5 Gutscheine im Wert von je 20 \u20ac zur Verf\u00fcgung.\u00a0<\/p>\n<p>\ud83c\udf77 Das Weingut B\u00f6hm verbindet Tradition und Moderne: Aus dem landwirtschaftlichen Mischbetrieb entstand \u00fcber die Jahre ein reiner Weinanbaubetrieb mit eigener Destillerie und dem beliebten Restaurant \u201eB\u00f6hm\u2019s Weingew\u00f6lbe\u201c. Hier entstehen charaktervolle Weine, feine Spirituosen und kulinarische Erlebnisse, die G\u00e4ste aus der ganzen Region begeistern.\u00a0<\/p>\n<p>Ob Riesling, Grauburgunder oder ein Glas Winzersekt \u2013 die Vinothek l\u00e4dt zum Probieren ein, und auf den Weinfesten der Region k\u00f6nnt ihr die Vielfalt der B\u00f6hm-Weine hautnah erleben.\u00a0<\/p>\n<p>\ud83d\udc49\u00a0 Gewinnnummern 16.12.2025<br \/>\u27a1\ufe0f 1233<br \/>\u27a1\ufe0f 1205<br \/>\u27a1\ufe0f 1891<br \/>\u27a1\ufe0f 1504<br \/>\u27a1\ufe0f 1985<\/p>\n<p>Ein herzliches Dankesch\u00f6n an das Weingut B\u00f6hm f\u00fcr die Unterst\u00fctzung unserer Adventsaktion und f\u00fcr die Leidenschaft, mit der sie seit Generationen Genuss und Gastfreundschaft nach W\u00f6rrstadt bringen. \ud83d\udc99\u00a0<\/p>\n<p>#W\u00f6rrst\u00e4dterAdventskalender #WIGAdvent #WeingutB\u00f6hm #GemeinschaftGewinnt<\/p>\n<p><!-- \/wp:paragraph --><!-- wp:video {\"id\":356} --><\/p>\n<figure class=\"wp-block-video\"><video src=\"https:\/\/www.wig-ev.de\/wp-content\/uploads\/2025\/12\/2024-12-16-171656424-1-concat-v.mp4\" controls=\"controls\" width=\"300\" height=\"150\"><\/video>\n<p>\u00a0<\/p>\n<figcaption class=\"wp-element-caption\">Hier klicken und das virtuelle T\u00fcrchen \u00f6ffnen<\/figcaption>\n<\/figure>\n<p><!-- \/wp:video --><!-- wp:separator --><\/p>\n<hr class=\"wp-block-separator has-alpha-channel-opacity\" \/>\n<p><!-- \/wp:separator --><!-- wp:paragraph --><\/p>\n<p>\ud83c\udf84\u2728 Adventskalender-T\u00fcrchen 17 \u2728\ud83c\udf84<\/p>\n<p>Heute \u00f6ffnen wir das 17. T\u00fcrchen \u2013 und es wird stylisch!\u00a0 <br \/>Das Frisuren Atelier Weyl in W\u00f6rrstadt stellt uns 5 Gutscheine im Wert von je 10 \u20ac zur Verf\u00fcgung.\u00a0<\/p>\n<p>\u2702\ufe0f Ob moderner Haarschnitt, klassische Frisur oder kreative Stylings \u2013 das Team vom Frisuren Atelier Weyl sorgt mit Erfahrung, Leidenschaft und individueller Beratung daf\u00fcr, dass ihr euch rundum wohlf\u00fchlt. Hier wird Handwerk mit Herz und pers\u00f6nlicher Note verbunden.\u00a0<\/p>\n<p>\ud83d\udc49\u00a0 Gewinnnummern 17.12.2025<br \/>\u27a1\ufe0f 1194<br \/>\u27a1\ufe0f 2004<br \/>\u27a1\ufe0f 1890<br \/>\u27a1\ufe0f 1252<br \/>\u27a1\ufe0f 1577<\/p>\n<p>Ein herzliches Dankesch\u00f6n an das Frisuren Atelier Weyl f\u00fcr die Unterst\u00fctzung unserer Adventsaktion und f\u00fcr die Leidenschaft, mit der sie seit Jahren f\u00fcr stilvolle Momente in W\u00f6rrstadt sorgen. \ud83d\udc99\u00a0<\/p>\n<p>#W\u00f6rrst\u00e4dterAdventskalender #WIGAdvent #FrisurenAtelierWeyl #GemeinschaftGewinnt<\/p>\n<p><!-- \/wp:paragraph --><!-- wp:video {\"id\":358} --><\/p>\n<figure class=\"wp-block-video\"><video src=\"https:\/\/www.wig-ev.de\/wp-content\/uploads\/2025\/12\/2024-12-17-175745773-1-concat-v-1a.mp4\" controls=\"controls\" width=\"300\" height=\"150\"><\/video>\n<p>\u00a0<\/p>\n<figcaption class=\"wp-element-caption\">Hier klicken und das virtuelle T\u00fcrchen \u00f6ffnen<\/figcaption>\n<\/figure>\n<p><!-- \/wp:video --><!-- wp:separator --><\/p>\n<hr class=\"wp-block-separator has-alpha-channel-opacity\" \/>\n<p><!-- \/wp:separator --><!-- wp:paragraph --><\/p>\n<p>\ud83c\udf84\u2728 Adventskalender-T\u00fcrchen 18 \u2728\ud83c\udf84<\/p>\n<p>Heute \u00f6ffnen wir das 18. T\u00fcrchen \u2013 und es wird sch\u00f6n und entspannt!\u00a0 <br \/>Die T\u00fclay Yalcin Hair &amp; Beauty Lounge in W\u00f6rrstadt stellt uns 15 Gutscheine im Wert von je 10 \u20ac zur Verf\u00fcgung.\u00a0<\/p>\n<p>\ud83d\udc87\u200d\u2640\ufe0f Die Lounge ist mehr als ein Friseursalon: Sie bietet euch ein umfassendes Beauty- und Wohlf\u00fchlerlebnis. Von modernen Damen- und Herrenfrisuren \u00fcber hochwertige Haarpflege bis hin zu Kosmetikbehandlungen wie Aquafacial, Microneedling, Wimpern- und Augenbrauenlifting oder Zahnaufhellung \u2013 hier findet ihr alles, was euer Selbstbewusstsein und Wohlbefinden st\u00e4rkt.\u00a0<\/p>\n<p>\u2728 Mit innovativen Styling-Techniken, regelm\u00e4\u00dfigen Weiterbildungen und hochwertigen Produkten sorgt das Team daf\u00fcr, dass ihr euch rundum wohlf\u00fchlt. Dank der zentralen Lage in der W\u00f6rrst\u00e4dter Innenstadt und kostenlosen Parkpl\u00e4tzen direkt vor der T\u00fcr ist euer Besuch zudem stressfrei und entspannt.\u00a0<\/p>\n<p>\ud83d\udc49\u00a0 Gewinnnummern 18.12.2025<br \/>\u27a1\ufe0f 1210<br \/>\u27a1\ufe0f 1999<br \/>\u27a1\ufe0f 1199<br \/>\u27a1\ufe0f 1996<br \/>\u27a1\ufe0f 1899<br \/>\u27a1\ufe0f 1172<br \/>\u27a1\ufe0f 1654<br \/>\u27a1\ufe0f 1492<br \/>\u27a1\ufe0f 1600<br \/>\u27a1\ufe0f 1805<br \/>\u27a1\ufe0f 1244<br \/>\u27a1\ufe0f 1154<br \/>\u27a1\ufe0f 1529<br \/>\u27a1\ufe0f 2013<br \/>\u27a1\ufe0f 1573<\/p>\n<p>Ein herzliches Dankesch\u00f6n an die T\u00fclay Yalcin Hair &amp; Beauty Lounge f\u00fcr die Unterst\u00fctzung unserer Adventsaktion und f\u00fcr die Leidenschaft, mit der sie Sch\u00f6nheit und Wohlbefinden in unsere Region bringen. \ud83d\udc99\u00a0<\/p>\n<p>#W\u00f6rrst\u00e4dterAdventskalender #WIGAdvent #TYHairBeauty #GemeinschaftGewinnt<\/p>\n<p><!-- \/wp:paragraph --><!-- wp:video {\"id\":360} --><\/p>\n<figure class=\"wp-block-video\"><video src=\"https:\/\/www.wig-ev.de\/wp-content\/uploads\/2025\/12\/lv_7576424020459916549_20251218181210.mp4\" controls=\"controls\" width=\"300\" height=\"150\"><\/video>\n<p>\u00a0<\/p>\n<figcaption class=\"wp-element-caption\">Hier klicken und das virtuelle T\u00fcrchen \u00f6ffnen<\/figcaption>\n<\/figure>\n<p><!-- \/wp:video --><!-- wp:separator --><\/p>\n<hr class=\"wp-block-separator has-alpha-channel-opacity\" \/>\n<p><!-- \/wp:separator --><!-- wp:paragraph --><\/p>\n<p>\ud83c\udf84\u2728 Adventskalender\u2011T\u00fcrchen 19 \u2728\ud83c\udf84<\/p>\n<p>Heute \u00f6ffnen wir das 19. T\u00fcrchen \u2013 und es wird richtig genussvoll!\u00a0 <br \/>Das Weingut Dorst in W\u00f6rrstadt stellt uns 6 Gutscheine im Wert von je 20 \u20ac zur Verf\u00fcgung.\u00a0<\/p>\n<p>\ud83c\udf47 Das familiengef\u00fchrte Weingut Dorst arbeitet mit den \u201evielen H\u00e4nden einer Gro\u00dffamilie\u201c und verbindet echte Naturverbundenheit mit einer vielf\u00e4ltigen, hochwertigen Weinauswahl.\u00a0 <br \/>Hier entstehen charaktervolle Weine, die von Erfahrung, Leidenschaft und regionaler Identit\u00e4t gepr\u00e4gt sind.\u00a0<\/p>\n<p>In der Vinothek k\u00f6nnt ihr die gesamte Wein- und Sektkollektion entdecken \u2013 von frischen Wei\u00dfweinen \u00fcber aromatische Rotweine bis hin zu eigenen Sekten.<\/p>\n<p>\ud83d\udc49\u00a0 Gewinnnummern 19.12.2025<br \/>\u27a1\ufe0f 1567<br \/>\u27a1\ufe0f 1955<br \/>\u27a1\ufe0f 1163<br \/>\u27a1\ufe0f 1820<br \/>\u27a1\ufe0f 1236<br \/>\u27a1\ufe0f 1559<\/p>\n<p>Ein herzliches Dankesch\u00f6n an das Weingut Dorst f\u00fcr die Unterst\u00fctzung unserer Adventsaktion und f\u00fcr die Leidenschaft, mit der sie seit Generationen Weinbau in W\u00f6rrstadt pr\u00e4gen. \ud83d\udc99\u00a0<\/p>\n<p>#W\u00f6rrst\u00e4dterAdventskalender #WIGAdvent #WeingutDorst #GemeinschaftGewinnt<\/p>\n<p><!-- \/wp:paragraph --><!-- wp:video {\"id\":362} --><\/p>\n<figure class=\"wp-block-video\"><video src=\"https:\/\/www.wig-ev.de\/wp-content\/uploads\/2025\/12\/2024-12-19-160342686-1-concat-v.mp4\" controls=\"controls\" width=\"300\" height=\"150\"><\/video>\n<p>\u00a0<\/p>\n<figcaption class=\"wp-element-caption\">Hier klicken und das virtuelle T\u00fcrchen \u00f6ffnen<\/figcaption>\n<\/figure>\n<p><!-- \/wp:video --><!-- wp:separator --><\/p>\n<hr class=\"wp-block-separator has-alpha-channel-opacity\" \/>\n<p><!-- \/wp:separator --><!-- wp:paragraph --><\/p>\n<p>\ud83c\udf84\u2728 Adventskalender\u2011T\u00fcrchen 20 \u2728\ud83c\udf84<\/p>\n<p>Heute ist es Zeit unser 20. T\u00fcrchen zu \u00f6ffnen mit dem ihr euch etwas Leckeres g\u00f6nnen d\u00fcrft!\u00a0 <br \/>Das Ali Baba Pizza- und Kebabhaus in W\u00f6rrstadt stellt uns 3 Gutscheine im Wert von je 10 \u20ac zur Verf\u00fcgung.\u00a0<\/p>\n<p>\ud83c\udf55\ud83e\udd59 Ob knusprige Pizza, frische D\u00f6nergerichte, saftige Grill-Spezialit\u00e4ten oder vegetarische Optionen \u2013 bei Ali Baba findet ihr schnelle, herzliche K\u00fcche, die immer gut ankommt. Perfekt f\u00fcr den gem\u00fctlichen Abend zuhause oder eine spontane Genuss-Pause zwischendurch.\u00a0<\/p>\n<p>\ud83d\udc49\u00a0 Gewinnnummern 20.12.2025<br \/>\u27a1\ufe0f 1213<br \/>\u27a1\ufe0f 1187<br \/>\u27a1\ufe0f 1515<\/p>\n<p>Ein herzliches Dankesch\u00f6n an das Team von Ali Baba Pizza- und Kebabhaus f\u00fcr die Unterst\u00fctzung unserer Adventsaktion und f\u00fcr die leckere Bereicherung unseres W\u00f6rrst\u00e4dter Alltags. \ud83d\udc99<\/p>\n<p>#W\u00f6rrst\u00e4dterAdventskalender #WIGAdvent #AliBabaPizzaundKebabhaus #GemeinschaftGewinnt<\/p>\n<p><!-- \/wp:paragraph --><!-- wp:video {\"id\":364} --><\/p>\n<figure class=\"wp-block-video\"><video src=\"https:\/\/www.wig-ev.de\/wp-content\/uploads\/2025\/12\/2024-12-20-162238761-1-concat-v.mp4\" controls=\"controls\" width=\"300\" height=\"150\"><\/video>\n<p>\u00a0<\/p>\n<figcaption class=\"wp-element-caption\">Hier klicken und das virtuelle T\u00fcrchen \u00f6ffnen<\/figcaption>\n<\/figure>\n<p><!-- \/wp:video --><!-- wp:separator --><\/p>\n<hr class=\"wp-block-separator has-alpha-channel-opacity\" \/>\n<p><!-- \/wp:separator --><!-- wp:paragraph --><\/p>\n<p>\ud83c\udf84\u2728 Adventskalender\u2011T\u00fcrchen 21 \u2728\ud83c\udf84<\/p>\n<p>Heute \u00f6ffnen wir das 21. T\u00fcrchen \u2013 und es geht um Fernweh, Urlaubstr\u00e4ume und echte Erholung!\u00a0 <br \/>Reisewelt Otto stellt uns 1 Gutschein im Wert von 100 \u20ac zur Verf\u00fcgung.\u00a0<\/p>\n<p>\u2708\ufe0f Bei Reisewelt Otto erwartet euch pers\u00f6nliche Beratung, individuelle Reiseplanung und echte Expertentipps \u2013 ganz egal, ob ihr euren Urlaub lieber vor Ort im Reiseb\u00fcro, telefonisch oder bequem online plant. Das Team begleitet euch vor, w\u00e4hrend und nach der Reise, damit ihr entspannt starten und unbeschwert genie\u00dfen k\u00f6nnt.\u00a0<\/p>\n<p>Ob Strandurlaub, St\u00e4dtetrip, Familienabenteuer oder Luxusreise \u2013 hier findet ihr garantiert das passende Angebot. Und wer Inspiration sucht, kann sich jederzeit durch die vielf\u00e4ltigen Reiseideen und Hoteltipps st\u00f6bern.\u00a0<\/p>\n<p>\ud83d\udc49 Gewinnnummern 21.12.2025<br \/>\u27a1\ufe0f 1917<\/p>\n<p>Ein herzliches Dankesch\u00f6n an Reisewelt Otto f\u00fcr die Unterst\u00fctzung unserer Adventsaktion und f\u00fcr die Leidenschaft, mit der sie Reisetr\u00e4ume wahr werden lassen. \ud83d\udc99\u00a0<\/p>\n<p>#W\u00f6rrst\u00e4dterAdventskalender #WIGAdvent #ReiseweltOtto #GemeinschaftGewinnt<\/p>\n<p><!-- \/wp:paragraph --><!-- wp:video {\"id\":366} --><\/p>\n<figure class=\"wp-block-video\"><video src=\"https:\/\/www.wig-ev.de\/wp-content\/uploads\/2025\/12\/2024-12-21-180139837-1-concat-v.mp4\" controls=\"controls\" width=\"300\" height=\"150\"><\/video>\n<p>\u00a0<\/p>\n<figcaption class=\"wp-element-caption\">Hier klicken und das virtuelle T\u00fcrchen \u00f6ffnen<\/figcaption>\n<\/figure>\n<p><!-- \/wp:video --><!-- wp:separator --><\/p>\n<hr class=\"wp-block-separator has-alpha-channel-opacity\" \/>\n<p><!-- \/wp:separator --><!-- wp:paragraph --><\/p>\n<p>\ud83c\udf84\u2728 Adventskalender\u2011T\u00fcrchen 22 \u2728\ud83c\udf84<\/p>\n<p><!-- \/wp:paragraph --><!-- wp:paragraph --><\/p>\n<p>Heute \u00f6ffnen wir das 22. T\u00fcrchen \u2013 und es wird frisch, stylisch und absolut m\u00e4nnlich!\u00a0<br \/>Der Herren Friseursalon Ercan in der Friedrich\u2011Ebert\u2011Stra\u00dfe 21 in W\u00f6rrstadt stellt uns 3 Gutscheine im Wert von je 10 \u20ac zur Verf\u00fcgung.\u00a0<\/p>\n<p><!-- \/wp:paragraph --><!-- wp:paragraph --><\/p>\n<p>\u2702\ufe0f Der Salon ist eine feste Gr\u00f6\u00dfe in W\u00f6rrstadt und bekannt f\u00fcr pr\u00e4zise Haarschnitte, schnelle Bedienung und professionelle Barber\u2011Services. Viele Kunden sch\u00e4tzen, dass man hier oft ohne Termin vorbeikommen kann und trotzdem einen sauberen, modernen Schnitt bekommt.\u00a0<\/p>\n<p><!-- \/wp:paragraph --><!-- wp:paragraph --><\/p>\n<p>Mit viel Erfahrung, handwerklichem K\u00f6nnen und einem eingespielten Team verbindet der Salon klassische Barber\u2011Tradition mit den Anspr\u00fcchen des modernen Mannes.\u00a0<\/p>\n<p><!-- \/wp:paragraph --><!-- wp:paragraph --><\/p>\n<p>\uf449\u00a0 Gewinnnummern 22.12.2025<br \/>\u27a1\ufe0f 1989<br \/>\u27a1\ufe0f 1288<br \/>\u27a1\ufe0f 1569<\/p>\n<p><!-- \/wp:paragraph --><!-- wp:paragraph --><\/p>\n<p>Ein herzliches Dankesch\u00f6n an den Herren Friseursalon Ercan f\u00fcr die Unterst\u00fctzung unserer Adventsaktion und f\u00fcr die zuverl\u00e4ssige, hochwertige Arbeit, die sie seit Jahren in W\u00f6rrstadt leisten.<\/p>\n<p><!-- \/wp:paragraph --><!-- wp:paragraph --><\/p>\n<p>W\u00f6rrst\u00e4dterAdventskalender #WIGAdvent #FriseursalonErcan #GemeinschaftGewinnt<\/p>\n<p><!-- \/wp:paragraph --><!-- wp:video {\"id\":368} --><\/p>\n<figure class=\"wp-block-video\"><video src=\"https:\/\/www.wig-ev.de\/wp-content\/uploads\/2025\/12\/lv_7577786891123117365_20251222143752.mp4\" controls=\"controls\" width=\"300\" height=\"150\"><\/video>\n<p>\u00a0<\/p>\n<figcaption class=\"wp-element-caption\">Hier klicken und das virtuelle T\u00fcrchen \u00f6ffnen<\/figcaption>\n<\/figure>\n<p><!-- \/wp:video --><!-- wp:separator --><\/p>\n<hr class=\"wp-block-separator has-alpha-channel-opacity\" \/>\n<p><!-- \/wp:separator --><!-- wp:paragraph --><\/p>\n<p>\ud83c\udf84\u2728 Adventskalender\u2011T\u00fcrchen 23 \u2728\ud83c\udf84<\/p>\n<p>Es geht in den Endspurt ihr Lieben,\u00a0 denn heute \u00f6ffnen wir das 23. T\u00fcrchen \u2013 und es duftet herrlich nach echter Handwerkskunst!\u00a0 <br \/>Die B\u00e4ckerei &amp; Conditorei Kindlmann in W\u00f6rrstadt stellt uns 3 Gutscheine im Wert von je 20 \u20ac zur Verf\u00fcgung.\u00a0<\/p>\n<p>\ud83e\udd50 Die traditionsreiche Familienb\u00e4ckerei besteht seit \u00fcber 100 Jahren und steht f\u00fcr echte Handwerksqualit\u00e4t, t\u00e4glich frisch gebackene Brote und Br\u00f6tchen sowie eine gro\u00dfe Auswahl an Kuchen, Torten und s\u00fc\u00dfen Leckereien.\u00a0 <br \/>Wer etwas Besonderes sucht, ist hier genau richtig: Die Konditorei fertigt auch individuelle Wunschtorten f\u00fcr jeden Anlass \u2013 mit viel Liebe, Erfahrung und Kreativit\u00e4t.\u00a0<\/p>\n<p>\ud83d\udc49\u00a0 Gewinnnummern 23.12.2025<br \/>\u27a1\ufe0f 1189<br \/>\u27a1\ufe0f 1084<br \/>\u27a1\ufe0f 1808<\/p>\n<p>Ein herzliches Dankesch\u00f6n an die B\u00e4ckerei &amp; Conditorei Kindlmann f\u00fcr die Unterst\u00fctzung unserer Adventsaktion und f\u00fcr die t\u00e4gliche Bereicherung unseres W\u00f6rrst\u00e4dter Alltags mit traditionellem Backhandwerk. \ud83d\udc99\u00a0<\/p>\n<p>#W\u00f6rrst\u00e4dterAdventskalender #WIGAdvent #B\u00e4ckereiKindlmann #GemeinschaftGewinnt<\/p>\n<p><!-- \/wp:paragraph --><!-- wp:video {\"id\":370} --><\/p>\n<figure class=\"wp-block-video\"><video src=\"https:\/\/www.wig-ev.de\/wp-content\/uploads\/2025\/12\/2025-12-23-172509697.mp4\" controls=\"controls\" width=\"300\" height=\"150\"><\/video>\n<p>\u00a0<\/p>\n<figcaption class=\"wp-element-caption\">Hier klicken und das virtuelle T\u00fcrchen \u00f6ffnen<\/figcaption>\n<\/figure>\n<p><!-- \/wp:video --><!-- wp:separator --><\/p>\n<hr class=\"wp-block-separator has-alpha-channel-opacity\" \/>\n<p><!-- \/wp:separator --><!-- wp:paragraph --><\/p>\n<p>\ud83c\udf84\u2728 Adventskalender\u2011T\u00fcrchen 24 \u2728\ud83c\udf84<\/p>\n<p>Heute \u00f6ffnen wir das letzte T\u00fcrchen \u2013 und das Christkind hat etwas ganz Besonderes dabei!\u00a0 <br \/>Beef &amp; Wine W\u00f6rrstadt stellt uns 2 Gutscheine im Wert von je 50 \u20ac zur Verf\u00fcgung.\u00a0<\/p>\n<p>\ud83e\udd69\ud83c\udf77 Das Beef &amp; Wine ist bekannt f\u00fcr seine warme Atmosph\u00e4re, herzliche Gastfreundschaft und eine k\u00f6stliche Auswahl internationaler Gerichte. Hier treffen hochwertige Steaks, kreative K\u00fcche und eine feine Weinauswahl aufeinander \u2013 perfekt f\u00fcr Genie\u00dferinnen und Genie\u00dfer, die sich etwas Gutes tun m\u00f6chten.\u00a0<\/p>\n<p>Das Restaurant bietet zudem Au\u00dfenservice, Parkpl\u00e4tze und einen Premium\u2011Service f\u00fcr Veranstaltungen. Ob gem\u00fctlicher Abend zu zweit, Familienessen oder ein besonderes Event: Im Beef &amp; Wine wird Genuss gro\u00dfgeschrieben.\u00a0<\/p>\n<p>\ud83d\udc49\u00a0 Gewinnnummern 24.12.2025<br \/>\u27a1\ufe0f 1950<br \/>\u27a1\ufe0f 1979<\/p>\n<p>Ein herzliches Dankesch\u00f6n an Beef &amp; Wine W\u00f6rrstadt f\u00fcr die Unterst\u00fctzung unserer Adventsaktion und f\u00fcr die kulinarische Bereicherung, die sie unserer Region schenken. \ud83d\udc99\u00a0<\/p>\n<p>#W\u00f6rrst\u00e4dterAdventskalender #WIGAdventskalender #BeefAndWine #GemeinschaftGewinnt<\/p>\n<p><!-- \/wp:paragraph --><!-- wp:video {\"id\":372} --><\/p>\n<figure class=\"wp-block-video\"><video src=\"https:\/\/www.wig-ev.de\/wp-content\/uploads\/2025\/12\/lv_7579681979373767941_20251224112110-1.mp4\" controls=\"controls\" width=\"300\" height=\"150\"><\/video>\n<p>\u00a0<\/p>\n<figcaption class=\"wp-element-caption\">Hier klicken und das virtuelle T\u00fcrchen \u00f6ffnen<\/figcaption>\n<\/figure>\n<p><!-- \/wp:video --><!-- wp:separator --><\/p>\n<hr class=\"wp-block-separator has-alpha-channel-opacity\" \/>\n<p><!-- \/wp:separator --><!-- wp:image {\"id\":373,\"sizeSlug\":\"large\"} --><\/p>\n<figure class=\"wp-block-image size-large\"><img decoding=\"async\" class=\"wp-image-373\" src=\"https:\/\/www.wig-ev.de\/wp-content\/uploads\/2025\/12\/frohe-weihnachten-guten-rutsch-13237693689592784322-300x200.jpg\" alt=\"\" \/><\/figure>\n<p><!-- \/wp:image --><\/p>\t\t\t\t\t\t\t\t<\/div>\n\t\t\t\t<\/div>\n\t\t\t\t\t\t\t<h2 \n\t\tdata-interaction-id=\"4f04a07\" \n\t\tclass=\"e-heading-base\" \n\t\t \n\t\tdata-e-type=\"widget\" data-id=\"4f04a07\"\n\t>\n\t\n\t\t\tDies ist ein Titel\n\t\t<\/h2>\n\t\t\t\t\t<\/div>\n\t\t\t\t<\/div>\n\t\t\t\t<\/div>\n\t\t","protected":false},"excerpt":{"rendered":"<p>&nbsp; &nbsp; &nbsp; &nbsp; &nbsp; &nbsp; &nbsp; &nbsp; &nbsp; &nbsp; &nbsp; Unsere n\u00e4chsten Termine &#8211; Save the Dates W\u00f6rrst\u00e4dter Modelbahn-Ausstellung 2026 \u2013 Die Ausstellung der Noppenbahner! Am 02. und 03. [&hellip;]<\/p>\n","protected":false},"author":2,"featured_media":0,"parent":0,"menu_order":0,"comment_status":"closed","ping_status":"closed","template":"","meta":{"footnotes":""},"class_list":["post-288","page","type-page","status-publish","hentry"],"yoast_head":"<!-- This site is optimized with the Yoast SEO plugin v26.1.1 - https:\/\/yoast.com\/wordpress\/plugins\/seo\/ -->\n<title>News - W\u00d6RRST\u00c4DTER INTERESSENGEMEINSCHAFT EV<\/title>\n<meta name=\"robots\" content=\"index, follow, max-snippet:-1, max-image-preview:large, max-video-preview:-1\" \/>\n<link rel=\"canonical\" href=\"https:\/\/www.wig-ev.de\/?page_id=288\" \/>\n<meta property=\"og:locale\" content=\"de_DE\" \/>\n<meta property=\"og:type\" content=\"article\" \/>\n<meta property=\"og:title\" content=\"News - W\u00d6RRST\u00c4DTER INTERESSENGEMEINSCHAFT EV\" \/>\n<meta property=\"og:description\" content=\"&nbsp; &nbsp; &nbsp; &nbsp; &nbsp; &nbsp; &nbsp; &nbsp; &nbsp; &nbsp; &nbsp; Unsere n\u00e4chsten Termine &#8211; Save the Dates W\u00f6rrst\u00e4dter Modelbahn-Ausstellung 2026 \u2013 Die Ausstellung der Noppenbahner! Am 02. und 03. [&hellip;]\" \/>\n<meta property=\"og:url\" content=\"https:\/\/www.wig-ev.de\/?page_id=288\" \/>\n<meta property=\"og:site_name\" content=\"W\u00d6RRST\u00c4DTER INTERESSENGEMEINSCHAFT EV\" \/>\n<meta property=\"article:publisher\" content=\"https:\/\/www.facebook.com\/profile.php?id=61557119310772\" \/>\n<meta property=\"article:modified_time\" content=\"2026-04-28T17:16:04+00:00\" \/>\n<meta property=\"og:image\" content=\"https:\/\/www.wig-ev.de\/wp-content\/uploads\/2026\/04\/Lego-Ausstellung-2026-169x300.png\" \/>\n<meta name=\"twitter:card\" content=\"summary_large_image\" \/>\n<meta name=\"twitter:label1\" content=\"Gesch\u00e4tzte Lesezeit\" \/>\n\t<meta name=\"twitter:data1\" content=\"19\u00a0Minuten\" \/>\n<script type=\"application\/ld+json\" class=\"yoast-schema-graph\">{\"@context\":\"https:\/\/schema.org\",\"@graph\":[{\"@type\":\"WebPage\",\"@id\":\"https:\/\/www.wig-ev.de\/?page_id=288\",\"url\":\"https:\/\/www.wig-ev.de\/?page_id=288\",\"name\":\"News - W\u00d6RRST\u00c4DTER INTERESSENGEMEINSCHAFT EV\",\"isPartOf\":{\"@id\":\"https:\/\/www.wig-ev.de\/#website\"},\"primaryImageOfPage\":{\"@id\":\"https:\/\/www.wig-ev.de\/?page_id=288#primaryimage\"},\"image\":{\"@id\":\"https:\/\/www.wig-ev.de\/?page_id=288#primaryimage\"},\"thumbnailUrl\":\"https:\/\/www.wig-ev.de\/wp-content\/uploads\/2026\/04\/Lego-Ausstellung-2026-169x300.png\",\"datePublished\":\"2025-10-12T16:22:10+00:00\",\"dateModified\":\"2026-04-28T17:16:04+00:00\",\"breadcrumb\":{\"@id\":\"https:\/\/www.wig-ev.de\/?page_id=288#breadcrumb\"},\"inLanguage\":\"de\",\"potentialAction\":[{\"@type\":\"ReadAction\",\"target\":[\"https:\/\/www.wig-ev.de\/?page_id=288\"]}]},{\"@type\":\"ImageObject\",\"inLanguage\":\"de\",\"@id\":\"https:\/\/www.wig-ev.de\/?page_id=288#primaryimage\",\"url\":\"https:\/\/www.wig-ev.de\/wp-content\/uploads\/2026\/04\/Lego-Ausstellung-2026.png\",\"contentUrl\":\"https:\/\/www.wig-ev.de\/wp-content\/uploads\/2026\/04\/Lego-Ausstellung-2026.png\",\"width\":1080,\"height\":1920},{\"@type\":\"BreadcrumbList\",\"@id\":\"https:\/\/www.wig-ev.de\/?page_id=288#breadcrumb\",\"itemListElement\":[{\"@type\":\"ListItem\",\"position\":1,\"name\":\"Startseite\",\"item\":\"https:\/\/www.wig-ev.de\/\"},{\"@type\":\"ListItem\",\"position\":2,\"name\":\"News\"}]},{\"@type\":\"WebSite\",\"@id\":\"https:\/\/www.wig-ev.de\/#website\",\"url\":\"https:\/\/www.wig-ev.de\/\",\"name\":\"W\u00d6RRST\u00c4DTER INTERESSENGEMEINSCHAFT EV\",\"description\":\"Willkommen bei der W\u00f6rrst\u00e4dter Interessengemeinschaft\",\"publisher\":{\"@id\":\"https:\/\/www.wig-ev.de\/#organization\"},\"potentialAction\":[{\"@type\":\"SearchAction\",\"target\":{\"@type\":\"EntryPoint\",\"urlTemplate\":\"https:\/\/www.wig-ev.de\/?s={search_term_string}\"},\"query-input\":{\"@type\":\"PropertyValueSpecification\",\"valueRequired\":true,\"valueName\":\"search_term_string\"}}],\"inLanguage\":\"de\"},{\"@type\":\"Organization\",\"@id\":\"https:\/\/www.wig-ev.de\/#organization\",\"name\":\"W\u00d6RRST\u00c4DTER INTERESSENGEMEINSCHAFT EV\",\"url\":\"https:\/\/www.wig-ev.de\/\",\"logo\":{\"@type\":\"ImageObject\",\"inLanguage\":\"de\",\"@id\":\"https:\/\/www.wig-ev.de\/#\/schema\/logo\/image\/\",\"url\":\"https:\/\/www.wig-ev.de\/wp-content\/uploads\/2025\/05\/WIGeV-Logo-Briefkopf-Links.webp\",\"contentUrl\":\"https:\/\/www.wig-ev.de\/wp-content\/uploads\/2025\/05\/WIGeV-Logo-Briefkopf-Links.webp\",\"width\":486,\"height\":154,\"caption\":\"W\u00d6RRST\u00c4DTER INTERESSENGEMEINSCHAFT EV\"},\"image\":{\"@id\":\"https:\/\/www.wig-ev.de\/#\/schema\/logo\/image\/\"},\"sameAs\":[\"https:\/\/www.facebook.com\/profile.php?id=61557119310772\"]}]}<\/script>\n<!-- \/ Yoast SEO plugin. -->","yoast_head_json":{"title":"News - W\u00d6RRST\u00c4DTER INTERESSENGEMEINSCHAFT EV","robots":{"index":"index","follow":"follow","max-snippet":"max-snippet:-1","max-image-preview":"max-image-preview:large","max-video-preview":"max-video-preview:-1"},"canonical":"https:\/\/www.wig-ev.de\/?page_id=288","og_locale":"de_DE","og_type":"article","og_title":"News - W\u00d6RRST\u00c4DTER INTERESSENGEMEINSCHAFT EV","og_description":"&nbsp; &nbsp; &nbsp; &nbsp; &nbsp; &nbsp; &nbsp; &nbsp; &nbsp; &nbsp; &nbsp; Unsere n\u00e4chsten Termine &#8211; Save the Dates W\u00f6rrst\u00e4dter Modelbahn-Ausstellung 2026 \u2013 Die Ausstellung der Noppenbahner! Am 02. und 03. [&hellip;]","og_url":"https:\/\/www.wig-ev.de\/?page_id=288","og_site_name":"W\u00d6RRST\u00c4DTER INTERESSENGEMEINSCHAFT EV","article_publisher":"https:\/\/www.facebook.com\/profile.php?id=61557119310772","article_modified_time":"2026-04-28T17:16:04+00:00","og_image":[{"url":"https:\/\/www.wig-ev.de\/wp-content\/uploads\/2026\/04\/Lego-Ausstellung-2026-169x300.png","type":"","width":"","height":""}],"twitter_card":"summary_large_image","twitter_misc":{"Gesch\u00e4tzte Lesezeit":"19\u00a0Minuten"},"schema":{"@context":"https:\/\/schema.org","@graph":[{"@type":"WebPage","@id":"https:\/\/www.wig-ev.de\/?page_id=288","url":"https:\/\/www.wig-ev.de\/?page_id=288","name":"News - W\u00d6RRST\u00c4DTER INTERESSENGEMEINSCHAFT EV","isPartOf":{"@id":"https:\/\/www.wig-ev.de\/#website"},"primaryImageOfPage":{"@id":"https:\/\/www.wig-ev.de\/?page_id=288#primaryimage"},"image":{"@id":"https:\/\/www.wig-ev.de\/?page_id=288#primaryimage"},"thumbnailUrl":"https:\/\/www.wig-ev.de\/wp-content\/uploads\/2026\/04\/Lego-Ausstellung-2026-169x300.png","datePublished":"2025-10-12T16:22:10+00:00","dateModified":"2026-04-28T17:16:04+00:00","breadcrumb":{"@id":"https:\/\/www.wig-ev.de\/?page_id=288#breadcrumb"},"inLanguage":"de","potentialAction":[{"@type":"ReadAction","target":["https:\/\/www.wig-ev.de\/?page_id=288"]}]},{"@type":"ImageObject","inLanguage":"de","@id":"https:\/\/www.wig-ev.de\/?page_id=288#primaryimage","url":"https:\/\/www.wig-ev.de\/wp-content\/uploads\/2026\/04\/Lego-Ausstellung-2026.png","contentUrl":"https:\/\/www.wig-ev.de\/wp-content\/uploads\/2026\/04\/Lego-Ausstellung-2026.png","width":1080,"height":1920},{"@type":"BreadcrumbList","@id":"https:\/\/www.wig-ev.de\/?page_id=288#breadcrumb","itemListElement":[{"@type":"ListItem","position":1,"name":"Startseite","item":"https:\/\/www.wig-ev.de\/"},{"@type":"ListItem","position":2,"name":"News"}]},{"@type":"WebSite","@id":"https:\/\/www.wig-ev.de\/#website","url":"https:\/\/www.wig-ev.de\/","name":"W\u00d6RRST\u00c4DTER INTERESSENGEMEINSCHAFT EV","description":"Willkommen bei der W\u00f6rrst\u00e4dter Interessengemeinschaft","publisher":{"@id":"https:\/\/www.wig-ev.de\/#organization"},"potentialAction":[{"@type":"SearchAction","target":{"@type":"EntryPoint","urlTemplate":"https:\/\/www.wig-ev.de\/?s={search_term_string}"},"query-input":{"@type":"PropertyValueSpecification","valueRequired":true,"valueName":"search_term_string"}}],"inLanguage":"de"},{"@type":"Organization","@id":"https:\/\/www.wig-ev.de\/#organization","name":"W\u00d6RRST\u00c4DTER INTERESSENGEMEINSCHAFT EV","url":"https:\/\/www.wig-ev.de\/","logo":{"@type":"ImageObject","inLanguage":"de","@id":"https:\/\/www.wig-ev.de\/#\/schema\/logo\/image\/","url":"https:\/\/www.wig-ev.de\/wp-content\/uploads\/2025\/05\/WIGeV-Logo-Briefkopf-Links.webp","contentUrl":"https:\/\/www.wig-ev.de\/wp-content\/uploads\/2025\/05\/WIGeV-Logo-Briefkopf-Links.webp","width":486,"height":154,"caption":"W\u00d6RRST\u00c4DTER INTERESSENGEMEINSCHAFT EV"},"image":{"@id":"https:\/\/www.wig-ev.de\/#\/schema\/logo\/image\/"},"sameAs":["https:\/\/www.facebook.com\/profile.php?id=61557119310772"]}]}},"_links":{"self":[{"href":"https:\/\/www.wig-ev.de\/index.php?rest_route=\/wp\/v2\/pages\/288","targetHints":{"allow":["GET"]}}],"collection":[{"href":"https:\/\/www.wig-ev.de\/index.php?rest_route=\/wp\/v2\/pages"}],"about":[{"href":"https:\/\/www.wig-ev.de\/index.php?rest_route=\/wp\/v2\/types\/page"}],"author":[{"embeddable":true,"href":"https:\/\/www.wig-ev.de\/index.php?rest_route=\/wp\/v2\/users\/2"}],"replies":[{"embeddable":true,"href":"https:\/\/www.wig-ev.de\/index.php?rest_route=%2Fwp%2Fv2%2Fcomments&post=288"}],"version-history":[{"count":101,"href":"https:\/\/www.wig-ev.de\/index.php?rest_route=\/wp\/v2\/pages\/288\/revisions"}],"predecessor-version":[{"id":551,"href":"https:\/\/www.wig-ev.de\/index.php?rest_route=\/wp\/v2\/pages\/288\/revisions\/551"}],"wp:attachment":[{"href":"https:\/\/www.wig-ev.de\/index.php?rest_route=%2Fwp%2Fv2%2Fmedia&parent=288"}],"curies":[{"name":"wp","href":"https:\/\/api.w.org\/{rel}","templated":true}]}}